{"id":1286,"date":"2026-03-09T12:20:02","date_gmt":"2026-03-09T11:20:02","guid":{"rendered":"https:\/\/pobledellibres.cat\/inicio\/"},"modified":"2026-04-14T09:27:13","modified_gmt":"2026-04-14T07:27:13","slug":"inicio","status":"publish","type":"page","link":"https:\/\/pobledellibres.cat\/es\/","title":{"rendered":"Inicio"},"content":{"rendered":"\t\t<div data-elementor-type=\"wp-page\" data-elementor-id=\"1286\" class=\"elementor elementor-1286 elementor-301\" data-elementor-post-type=\"page\">\n\t\t\t\t<div class=\"elementor-element elementor-element-f8f3adb e-con-full e-flex e-con e-parent\" data-id=\"f8f3adb\" data-element_type=\"container\" data-e-type=\"container\" data-settings=\"{&quot;background_background&quot;:&quot;classic&quot;}\">\n\t\t<div class=\"elementor-element elementor-element-fe83908 e-con-full e-flex e-con e-child\" data-id=\"fe83908\" data-element_type=\"container\" data-e-type=\"container\">\n\t\t\t\t<div class=\"elementor-element elementor-element-2ce500d elementor-widget elementor-widget-text-editor\" data-id=\"2ce500d\" data-element_type=\"widget\" data-e-type=\"widget\" data-widget_type=\"text-editor.default\">\n\t\t\t\t\t\t\t\t\t<p>Vive Calonge,<br \/>Poble de Llibres<\/p>\t\t\t\t\t\t\t\t<\/div>\n\t\t\t\t<\/div>\n\t\t\t\t<\/div>\n\t\t<div class=\"elementor-element elementor-element-5f49e68 elementor-hidden-tablet elementor-hidden-mobile e-flex e-con-boxed e-con e-parent\" data-id=\"5f49e68\" data-element_type=\"container\" data-e-type=\"container\" data-settings=\"{&quot;background_background&quot;:&quot;classic&quot;}\">\n\t\t\t\t\t<div class=\"e-con-inner\">\n\t\t<div class=\"elementor-element elementor-element-2fbdabd e-con-full e-flex e-con e-child\" data-id=\"2fbdabd\" data-element_type=\"container\" data-e-type=\"container\" data-settings=\"{&quot;background_background&quot;:&quot;classic&quot;}\">\n\t\t\t\t<div class=\"elementor-element elementor-element-0c09e7c elementor-widget elementor-widget-heading\" data-id=\"0c09e7c\" data-element_type=\"widget\" data-e-type=\"widget\" data-widget_type=\"heading.default\">\n\t\t\t\t\t<h1 class=\"elementor-heading-title elementor-size-default\">Poble de Llibres<\/h1>\t\t\t\t<\/div>\n\t\t\t\t<div class=\"elementor-element elementor-element-3771d7b elementor-widget elementor-widget-text-editor\" data-id=\"3771d7b\" data-element_type=\"widget\" data-e-type=\"widget\" data-widget_type=\"text-editor.default\">\n\t\t\t\t\t\t\t\t\t<p>Calonge, Poble de Llibres es la <strong>primera <em>booktown<\/em> estable de Catalu\u00f1a<\/strong>.<\/p><p>Un proyecto que nace en 2021 con el objetivo de revitalizar la vida cultural, social y econ\u00f3mica del municipio y que cuenta con seis librer\u00edas de caracter\u00edsticas diferenciadas. Hay dos generalistas: Rals Llibres y Espai Libelista, y otras m\u00e1s especializadas: La F\u00e0brica, Calonge C\u00f2mics, La Hist\u00f2rica y La Botiga dels Fils<em>.<\/em><\/p><p>Actualmente, <strong>Calonge, Poble de Llibres se ha consolidado como un referente cultural en las comarcas de Girona<\/strong>. Al mismo tiempo, se ha convertido en una villa viva que impulsa la creatividad, el conocimiento y la transformaci\u00f3n social, conectando la historia y la identidad del pueblo con los libros y la cultura.<\/p>\t\t\t\t\t\t\t\t<\/div>\n\t\t\t\t<div class=\"elementor-element elementor-element-1e62af6 elementor-align-left elementor-widget elementor-widget-button\" data-id=\"1e62af6\" data-element_type=\"widget\" data-e-type=\"widget\" data-widget_type=\"button.default\">\n\t\t\t\t\t\t\t\t\t\t<a class=\"elementor-button elementor-button-link elementor-size-sm\" href=\"https:\/\/pobledellibres.cat\/es\/librerias\/\">\n\t\t\t\t\t\t<span class=\"elementor-button-content-wrapper\">\n\t\t\t\t\t\t\t\t\t<span class=\"elementor-button-text\">Librer\u00edas<\/span>\n\t\t\t\t\t<\/span>\n\t\t\t\t\t<\/a>\n\t\t\t\t\t\t\t\t<\/div>\n\t\t\t\t<\/div>\n\t\t<div class=\"elementor-element elementor-element-c402aa7 e-con-full e-flex e-con e-child\" data-id=\"c402aa7\" data-element_type=\"container\" data-e-type=\"container\" data-settings=\"{&quot;background_background&quot;:&quot;classic&quot;}\">\n\t\t<div class=\"elementor-element elementor-element-27cd67b e-con-full e-flex e-con e-child\" data-id=\"27cd67b\" data-element_type=\"container\" data-e-type=\"container\">\n\t\t\t\t<div class=\"elementor-element elementor-element-0de8688 elementor-widget elementor-widget-text-editor\" data-id=\"0de8688\" data-element_type=\"widget\" data-e-type=\"widget\" data-widget_type=\"text-editor.default\">\n\t\t\t\t\t\t\t\t\t<p>A lo largo del a\u00f1o, Calonge, Poble de Llibres <strong>ofrece una programaci\u00f3n cultural diversa y abierta a todo el mundo<\/strong>, con presentaciones, recitales, conciertos, conferencias, ferias en la calle y muchas otras actividades que llenan sus calles y espacios de vida y cultura.<\/p>\t\t\t\t\t\t\t\t<\/div>\n\t\t\t\t<div class=\"elementor-element elementor-element-925b94b elementor-align-left elementor-widget elementor-widget-button\" data-id=\"925b94b\" data-element_type=\"widget\" data-e-type=\"widget\" data-widget_type=\"button.default\">\n\t\t\t\t\t\t\t\t\t\t<a class=\"elementor-button elementor-button-link elementor-size-sm\" href=\"https:\/\/pobledellibres.cat\/es\/agenda\/\">\n\t\t\t\t\t\t<span class=\"elementor-button-content-wrapper\">\n\t\t\t\t\t\t\t\t\t<span class=\"elementor-button-text\">\u00a1Descubre la programaci\u00f3n!<\/span>\n\t\t\t\t\t<\/span>\n\t\t\t\t\t<\/a>\n\t\t\t\t\t\t\t\t<\/div>\n\t\t\t\t<\/div>\n\t\t<div class=\"elementor-element elementor-element-4bc282a e-con-full e-flex e-con e-child\" data-id=\"4bc282a\" data-element_type=\"container\" data-e-type=\"container\" data-settings=\"{&quot;background_background&quot;:&quot;classic&quot;}\">\n\t\t\t\t<div class=\"elementor-element elementor-element-9f599c0 elementor-widget elementor-widget-heading\" data-id=\"9f599c0\" data-element_type=\"widget\" data-e-type=\"widget\" data-widget_type=\"heading.default\">\n\t\t\t\t\t<h2 class=\"elementor-heading-title elementor-size-default\">Recibe las novedades:<\/h2>\t\t\t\t<\/div>\n\t\t\t\t<div class=\"elementor-element elementor-element-22aa15d elementor-widget elementor-widget-shortcode\" data-id=\"22aa15d\" data-element_type=\"widget\" data-e-type=\"widget\" data-widget_type=\"shortcode.default\">\n\t\t\t\t\t\t\t<div class=\"elementor-shortcode\">\n<div class=\"wpcf7 no-js\" id=\"wpcf7-f1335-o1\" lang=\"es-ES\" dir=\"ltr\" data-wpcf7-id=\"1335\">\n<div class=\"screen-reader-response\"><p role=\"status\" aria-live=\"polite\" aria-atomic=\"true\"><\/p> <ul><\/ul><\/div>\n<form action=\"\/es\/wp-json\/wp\/v2\/pages\/1286#wpcf7-f1335-o1\" method=\"post\" class=\"wpcf7-form init\" aria-label=\"Formulario de contacto\" novalidate=\"novalidate\" data-status=\"init\">\n<fieldset class=\"hidden-fields-container\"><input type=\"hidden\" name=\"_wpcf7\" value=\"1335\" \/><input type=\"hidden\" name=\"_wpcf7_version\" value=\"6.1.7\" \/><input type=\"hidden\" name=\"_wpcf7_locale\" value=\"es_ES\" \/><input type=\"hidden\" name=\"_wpcf7_unit_tag\" value=\"wpcf7-f1335-o1\" \/><input type=\"hidden\" name=\"_wpcf7_container_post\" value=\"0\" \/><input type=\"hidden\" name=\"_wpcf7_posted_data_hash\" value=\"\" \/>\n<\/fieldset>\n<p><span class=\"wpcf7-form-control-wrap\" data-name=\"email\"><input size=\"40\" maxlength=\"400\" class=\"wpcf7-form-control wpcf7-email wpcf7-validates-as-required wpcf7-text wpcf7-validates-as-email\" aria-required=\"true\" aria-invalid=\"false\" placeholder=\"Email\" value=\"\" type=\"email\" name=\"email\" \/><\/span>\n<\/p>\n<div class=\"btn-send\">\n\t<p><input class=\"wpcf7-form-control wpcf7-submit has-spinner\" type=\"submit\" value=\"Suscr\u00edbete\" \/>\n\t<\/p>\n<\/div><div class=\"wpcf7-response-output\" aria-hidden=\"true\"><\/div>\n<\/form>\n<\/div>\n<\/div>\n\t\t\t\t\t\t<\/div>\n\t\t\t\t<\/div>\n\t\t\t\t<\/div>\n\t\t\t\t\t<\/div>\n\t\t\t\t<\/div>\n\t\t<div class=\"elementor-element elementor-element-ebe6bf0 elementor-hidden-desktop e-flex e-con-boxed e-con e-parent\" data-id=\"ebe6bf0\" data-element_type=\"container\" data-e-type=\"container\" data-settings=\"{&quot;background_background&quot;:&quot;classic&quot;}\">\n\t\t\t\t\t<div class=\"e-con-inner\">\n\t\t\t\t<div class=\"elementor-element elementor-element-1ff09ac elementor-widget elementor-widget-heading\" data-id=\"1ff09ac\" data-element_type=\"widget\" data-e-type=\"widget\" data-widget_type=\"heading.default\">\n\t\t\t\t\t<h1 class=\"elementor-heading-title elementor-size-default\">Poble de Llibres<\/h1>\t\t\t\t<\/div>\n\t\t\t\t<div class=\"elementor-element elementor-element-d6ac12a elementor-widget elementor-widget-text-editor\" data-id=\"d6ac12a\" data-element_type=\"widget\" data-e-type=\"widget\" data-widget_type=\"text-editor.default\">\n\t\t\t\t\t\t\t\t\t<p>Calonge, Poble de Llibres es la <strong>primera <em>booktown<\/em> estable de Catalu\u00f1a<\/strong>.<\/p><p>Un proyecto que nace en 2021 con el objetivo de revitalizar la vida cultural, social y econ\u00f3mica del municipio y que cuenta con seis librer\u00edas de caracter\u00edsticas diferenciadas. Hay dos generalistas: Rals Llibres y Espai Libelista, y otras m\u00e1s especializadas: La F\u00e0brica, Calonge C\u00f2mics, La Hist\u00f2rica y La Botiga dels Fils<em>.<\/em><\/p><p>Actualmente, <strong>Calonge, Poble de Llibres se ha consolidado como un referente cultural en las comarcas de Girona<\/strong>. Al mismo tiempo, se ha convertido en una villa viva que impulsa la creatividad, el conocimiento y la transformaci\u00f3n social, conectando la historia y la identidad del pueblo con los libros y la cultura.<\/p>\t\t\t\t\t\t\t\t<\/div>\n\t\t\t\t<div class=\"elementor-element elementor-element-4f2279b elementor-align-left elementor-widget elementor-widget-button\" data-id=\"4f2279b\" data-element_type=\"widget\" data-e-type=\"widget\" data-widget_type=\"button.default\">\n\t\t\t\t\t\t\t\t\t\t<a class=\"elementor-button elementor-button-link elementor-size-sm\" href=\"https:\/\/pobledellibres.cat\/es\/librerias\/\">\n\t\t\t\t\t\t<span class=\"elementor-button-content-wrapper\">\n\t\t\t\t\t\t\t\t\t<span class=\"elementor-button-text\">Librer\u00edas<\/span>\n\t\t\t\t\t<\/span>\n\t\t\t\t\t<\/a>\n\t\t\t\t\t\t\t\t<\/div>\n\t\t\t\t\t<\/div>\n\t\t\t\t<\/div>\n\t\t<div class=\"elementor-element elementor-element-f419443 elementor-hidden-desktop e-flex e-con-boxed e-con e-parent\" data-id=\"f419443\" data-element_type=\"container\" data-e-type=\"container\" data-settings=\"{&quot;background_background&quot;:&quot;classic&quot;}\">\n\t\t\t\t\t<div class=\"e-con-inner\">\n\t\t\t\t<div class=\"elementor-element elementor-element-5ccf9d4 elementor-widget elementor-widget-heading\" data-id=\"5ccf9d4\" data-element_type=\"widget\" data-e-type=\"widget\" data-widget_type=\"heading.default\">\n\t\t\t\t\t<h2 class=\"elementor-heading-title elementor-size-default\">Recibe las novedades:<\/h2>\t\t\t\t<\/div>\n\t\t\t\t<div class=\"elementor-element elementor-element-e7e591c elementor-widget elementor-widget-shortcode\" data-id=\"e7e591c\" data-element_type=\"widget\" data-e-type=\"widget\" id=\"formHome\" data-widget_type=\"shortcode.default\">\n\t\t\t\t\t\t\t<div class=\"elementor-shortcode\">\n<div class=\"wpcf7 no-js\" id=\"wpcf7-f1335-o2\" lang=\"es-ES\" dir=\"ltr\" data-wpcf7-id=\"1335\">\n<div class=\"screen-reader-response\"><p role=\"status\" aria-live=\"polite\" aria-atomic=\"true\"><\/p> <ul><\/ul><\/div>\n<form action=\"\/es\/wp-json\/wp\/v2\/pages\/1286#wpcf7-f1335-o2\" method=\"post\" class=\"wpcf7-form init\" aria-label=\"Formulario de contacto\" novalidate=\"novalidate\" data-status=\"init\">\n<fieldset class=\"hidden-fields-container\"><input type=\"hidden\" name=\"_wpcf7\" value=\"1335\" \/><input type=\"hidden\" name=\"_wpcf7_version\" value=\"6.1.7\" \/><input type=\"hidden\" name=\"_wpcf7_locale\" value=\"es_ES\" \/><input type=\"hidden\" name=\"_wpcf7_unit_tag\" value=\"wpcf7-f1335-o2\" \/><input type=\"hidden\" name=\"_wpcf7_container_post\" value=\"0\" \/><input type=\"hidden\" name=\"_wpcf7_posted_data_hash\" value=\"\" \/>\n<\/fieldset>\n<p><span class=\"wpcf7-form-control-wrap\" data-name=\"email\"><input size=\"40\" maxlength=\"400\" class=\"wpcf7-form-control wpcf7-email wpcf7-validates-as-required wpcf7-text wpcf7-validates-as-email\" aria-required=\"true\" aria-invalid=\"false\" placeholder=\"Email\" value=\"\" type=\"email\" name=\"email\" \/><\/span>\n<\/p>\n<div class=\"btn-send\">\n\t<p><input class=\"wpcf7-form-control wpcf7-submit has-spinner\" type=\"submit\" value=\"Suscr\u00edbete\" \/>\n\t<\/p>\n<\/div><div class=\"wpcf7-response-output\" aria-hidden=\"true\"><\/div>\n<\/form>\n<\/div>\n<\/div>\n\t\t\t\t\t\t<\/div>\n\t\t\t\t\t<\/div>\n\t\t\t\t<\/div>\n\t\t<div class=\"elementor-element elementor-element-042d598 e-flex e-con-boxed e-con e-parent\" data-id=\"042d598\" data-element_type=\"container\" data-e-type=\"container\" data-settings=\"{&quot;background_background&quot;:&quot;classic&quot;}\">\n\t\t\t\t\t<div class=\"e-con-inner\">\n\t\t\t\t<div class=\"elementor-element elementor-element-0e9ad11 elementor-widget elementor-widget-image\" data-id=\"0e9ad11\" data-element_type=\"widget\" data-e-type=\"widget\" data-widget_type=\"image.default\">\n\t\t\t\t\t\t\t\t\t\t\t\t\t\t\t<img fetchpriority=\"high\" decoding=\"async\" width=\"800\" height=\"211\" src=\"https:\/\/pobledellibres.cat\/wp-content\/uploads\/2026\/03\/galeria_home-1024x270.png\" class=\"attachment-large size-large wp-image-1273\" alt=\"\" srcset=\"https:\/\/pobledellibres.cat\/wp-content\/uploads\/2026\/03\/galeria_home-1024x270.png 1024w, https:\/\/pobledellibres.cat\/wp-content\/uploads\/2026\/03\/galeria_home-300x79.png 300w, https:\/\/pobledellibres.cat\/wp-content\/uploads\/2026\/03\/galeria_home-768x203.png 768w, https:\/\/pobledellibres.cat\/wp-content\/uploads\/2026\/03\/galeria_home.png 1440w\" sizes=\"(max-width: 800px) 100vw, 800px\" \/>\t\t\t\t\t\t\t\t\t\t\t\t\t\t\t<\/div>\n\t\t\t\t\t<\/div>\n\t\t\t\t<\/div>\n\t\t<div class=\"elementor-element elementor-element-7ca1da6 elementor-hidden-desktop e-flex e-con-boxed e-con e-parent\" data-id=\"7ca1da6\" data-element_type=\"container\" data-e-type=\"container\" data-settings=\"{&quot;background_background&quot;:&quot;classic&quot;}\">\n\t\t\t\t\t<div class=\"e-con-inner\">\n\t\t\t\t<div class=\"elementor-element elementor-element-73cc54f elementor-widget elementor-widget-text-editor\" data-id=\"73cc54f\" data-element_type=\"widget\" data-e-type=\"widget\" data-widget_type=\"text-editor.default\">\n\t\t\t\t\t\t\t\t\t<p>A lo largo del a\u00f1o, Calonge, Poble de Llibres <strong>ofrece una programaci\u00f3n cultural diversa y abierta a todo el mundo<\/strong>, con presentaciones, recitales, conciertos, conferencias, ferias en la calle y muchas otras actividades que llenan sus calles y espacios de vida y cultura.<\/p>\t\t\t\t\t\t\t\t<\/div>\n\t\t\t\t<div class=\"elementor-element elementor-element-7fcf1f2 elementor-align-left elementor-widget elementor-widget-button\" data-id=\"7fcf1f2\" data-element_type=\"widget\" data-e-type=\"widget\" data-widget_type=\"button.default\">\n\t\t\t\t\t\t\t\t\t\t<a class=\"elementor-button elementor-button-link elementor-size-sm\" href=\"https:\/\/pobledellibres.cat\/es\/agenda\/\">\n\t\t\t\t\t\t<span class=\"elementor-button-content-wrapper\">\n\t\t\t\t\t\t\t\t\t<span class=\"elementor-button-text\">\u00a1Descubre la programaci\u00f3n!<\/span>\n\t\t\t\t\t<\/span>\n\t\t\t\t\t<\/a>\n\t\t\t\t\t\t\t\t<\/div>\n\t\t\t\t\t<\/div>\n\t\t\t\t<\/div>\n\t\t<div class=\"elementor-element elementor-element-4cabc20 e-flex e-con-boxed e-con e-parent\" data-id=\"4cabc20\" data-element_type=\"container\" data-e-type=\"container\" data-settings=\"{&quot;background_background&quot;:&quot;classic&quot;}\">\n\t\t\t\t\t<div class=\"e-con-inner\">\n\t\t<div class=\"elementor-element elementor-element-ad0169c e-con-full e-flex e-con e-child\" data-id=\"ad0169c\" data-element_type=\"container\" data-e-type=\"container\" data-settings=\"{&quot;background_background&quot;:&quot;classic&quot;}\">\n\t\t\t\t<\/div>\n\t\t<div class=\"elementor-element elementor-element-fb7ff55 e-con-full e-flex e-con e-child\" data-id=\"fb7ff55\" data-element_type=\"container\" data-e-type=\"container\" data-settings=\"{&quot;background_background&quot;:&quot;classic&quot;}\">\n\t\t\t\t<div class=\"elementor-element elementor-element-510095f elementor-widget elementor-widget-heading\" data-id=\"510095f\" data-element_type=\"widget\" data-e-type=\"widget\" data-widget_type=\"heading.default\">\n\t\t\t\t\t<h2 class=\"elementor-heading-title elementor-size-default\">Book Town<\/h2>\t\t\t\t<\/div>\n\t\t\t\t<div class=\"elementor-element elementor-element-f1bbd8a elementor-widget elementor-widget-text-editor\" data-id=\"f1bbd8a\" data-element_type=\"widget\" data-e-type=\"widget\" data-widget_type=\"text-editor.default\">\n\t\t\t\t\t\t\t\t\t<p><strong>Calonge,\u00a0Poble de Llibres<\/strong> forma parte de la <a href=\"https:\/\/internationalbooktowns.org\/\" target=\"_blank\" rel=\"noopener\" data-fpl-component=\"primitive\"><em>International Association of Booktowns<\/em><\/a>,\u00a0la red internacional que agrupa a pueblos de todo el mundo que tienen los libros como eje central de su proyecto cultural. Esta adhesi\u00f3n reconoce a Calonge como <em>booktown<\/em> estable y refuerza su compromiso con la promoci\u00f3n de la lectura, la cultura y la cooperaci\u00f3n con otras villas del libro a escala internacional.<\/p>\t\t\t\t\t\t\t\t<\/div>\n\t\t\t\t<div class=\"elementor-element elementor-element-7fd4b72 elementor-widget elementor-widget-image\" data-id=\"7fd4b72\" data-element_type=\"widget\" data-e-type=\"widget\" data-widget_type=\"image.default\">\n\t\t\t\t\t\t\t\t\t\t\t\t\t\t\t\t<a href=\"https:\/\/internationalbooktowns.org\/\" target=\"_blank\">\n\t\t\t\t\t\t\t<img decoding=\"async\" width=\"343\" height=\"132\" src=\"https:\/\/pobledellibres.cat\/wp-content\/uploads\/2026\/03\/logo_book_town.png\" class=\"attachment-large size-large wp-image-1276\" alt=\"\" srcset=\"https:\/\/pobledellibres.cat\/wp-content\/uploads\/2026\/03\/logo_book_town.png 343w, https:\/\/pobledellibres.cat\/wp-content\/uploads\/2026\/03\/logo_book_town-300x115.png 300w\" sizes=\"(max-width: 343px) 100vw, 343px\" \/>\t\t\t\t\t\t\t\t<\/a>\n\t\t\t\t\t\t\t\t\t\t\t\t\t\t\t<\/div>\n\t\t\t\t<\/div>\n\t\t\t\t\t<\/div>\n\t\t\t\t<\/div>\n\t\t<div class=\"elementor-element elementor-element-414ac88 e-flex e-con-boxed e-con e-parent\" data-id=\"414ac88\" data-element_type=\"container\" data-e-type=\"container\" data-settings=\"{&quot;background_background&quot;:&quot;classic&quot;}\">\n\t\t\t\t\t<div class=\"e-con-inner\">\n\t\t<div class=\"elementor-element elementor-element-5b2fc43 e-con-full e-flex e-con e-child\" data-id=\"5b2fc43\" data-element_type=\"container\" data-e-type=\"container\" data-settings=\"{&quot;background_background&quot;:&quot;classic&quot;}\">\n\t\t\t\t<div class=\"elementor-element elementor-element-652a8f4 elementor-widget elementor-widget-heading\" data-id=\"652a8f4\" data-element_type=\"widget\" data-e-type=\"widget\" data-widget_type=\"heading.default\">\n\t\t\t\t\t<h2 class=\"elementor-heading-title elementor-size-default\">Escuela de escritura<\/h2>\t\t\t\t<\/div>\n\t\t\t\t<div class=\"elementor-element elementor-element-f9d136f elementor-widget elementor-widget-text-editor\" data-id=\"f9d136f\" data-element_type=\"widget\" data-e-type=\"widget\" data-widget_type=\"text-editor.default\">\n\t\t\t\t\t\t\t\t\t<p><strong>\u00bfTe gusta escribir y quieres aprender nuevas t\u00e9cnicas?<\/strong> <br \/>\u00a1Descubre nuestros cursos de escritura!<\/p><p>La Escuela de Escritura de Calonge, Poble de Llibres es una iniciativa que promueve la lectura y la escritura en el municipio a trav\u00e9s de talleres y actividades creativas. Su objetivo es fomentar el conocimiento, la creatividad y el v\u00ednculo entre educaci\u00f3n y cultura. El proyecto incluye talleres y p\u00edldoras literarias coordinadas por la escritora Alba Dalmau, que ofrecen herramientas pr\u00e1cticas para mejorar la escritura y desbloquear la creatividad, con una gran acogida y valoraci\u00f3n por parte del alumnado.<\/p>\t\t\t\t\t\t\t\t<\/div>\n\t\t\t\t<div class=\"elementor-element elementor-element-1faad0b elementor-align-left elementor-widget elementor-widget-button\" data-id=\"1faad0b\" data-element_type=\"widget\" data-e-type=\"widget\" data-widget_type=\"button.default\">\n\t\t\t\t\t\t\t\t\t\t<a class=\"elementor-button elementor-button-link elementor-size-sm\" href=\"https:\/\/pobledellibres.cat\/es\/formacion\/\">\n\t\t\t\t\t\t<span class=\"elementor-button-content-wrapper\">\n\t\t\t\t\t\t\t\t\t<span class=\"elementor-button-text\">Cursos<\/span>\n\t\t\t\t\t<\/span>\n\t\t\t\t\t<\/a>\n\t\t\t\t\t\t\t\t<\/div>\n\t\t\t\t<\/div>\n\t\t<div class=\"elementor-element elementor-element-5e29c1e e-con-full e-flex e-con e-child\" data-id=\"5e29c1e\" data-element_type=\"container\" data-e-type=\"container\" data-settings=\"{&quot;background_background&quot;:&quot;classic&quot;}\">\n\t\t\t\t<\/div>\n\t\t\t\t\t<\/div>\n\t\t\t\t<\/div>\n\t\t<div class=\"elementor-element elementor-element-b06cf5c elementor-hidden-tablet elementor-hidden-mobile e-flex e-con-boxed e-con e-parent\" data-id=\"b06cf5c\" data-element_type=\"container\" data-e-type=\"container\" data-settings=\"{&quot;background_background&quot;:&quot;classic&quot;}\">\n\t\t\t\t\t<div class=\"e-con-inner\">\n\t\t<div class=\"elementor-element elementor-element-51e30f9 e-con-full e-flex e-con e-child\" data-id=\"51e30f9\" data-element_type=\"container\" data-e-type=\"container\" data-settings=\"{&quot;background_background&quot;:&quot;classic&quot;}\">\n\t\t\t\t<\/div>\n\t\t<div class=\"elementor-element elementor-element-b28e6f2 e-con-full e-flex e-con e-child\" data-id=\"b28e6f2\" data-element_type=\"container\" data-e-type=\"container\" data-settings=\"{&quot;background_background&quot;:&quot;classic&quot;}\">\n\t\t\t\t<div class=\"elementor-element elementor-element-f68bd23 elementor-widget elementor-widget-heading\" data-id=\"f68bd23\" data-element_type=\"widget\" data-e-type=\"widget\" data-widget_type=\"heading.default\">\n\t\t\t\t\t<h2 class=\"elementor-heading-title elementor-size-default\">Proyecto pedag\u00f3gico<\/h2>\t\t\t\t<\/div>\n\t\t\t\t<div class=\"elementor-element elementor-element-92472ab elementor-widget elementor-widget-text-editor\" data-id=\"92472ab\" data-element_type=\"widget\" data-e-type=\"widget\" data-widget_type=\"text-editor.default\">\n\t\t\t\t\t\t\t\t\t<p>\u00a1Explora Calonge, Poble de Llibres!<\/p><p>El proyecto pedag\u00f3gico de Calonge, Poble de Llibres <strong>promueve la lectura y la escritura a trav\u00e9s de actividades educativas dirigidas a escuelas y familias<\/strong>. Asimismo, fomenta el aprendizaje, la creatividad y el v\u00ednculo con la cultura local.<\/p><p>Actualmente <strong>hay disponibles dos dosieres (primaria y secundaria)<\/strong> para conocer Calonge, Poble de Llibres y sus librer\u00edas a trav\u00e9s de actividades muy divertidas. Pueden realizarse en la escuela como actividad complementaria o en familia durante la visita.<\/p><p>El material se pone a disposici\u00f3n de todos los centros educativos y de la ciudadan\u00eda <strong>de forma gratuita<\/strong>. Puede solicitarse escribiendo a <a style=\"color: #000;\" href=\"mailto:pobledellibres@calonge.cat\" target=\"_blank\" rel=\"noopener\"><strong>pobledellibres@calonge.cat<\/strong><\/a>, donde tambi\u00e9n se proporcionar\u00e1 informaci\u00f3n o asesoramiento para complementar la visita a Calonge y Sant Antoni visitando otros puntos de inter\u00e9s.<\/p>\t\t\t\t\t\t\t\t<\/div>\n\t\t\t\t<div class=\"elementor-element elementor-element-bbf45ed elementor-align-left elementor-widget elementor-widget-button\" data-id=\"bbf45ed\" data-element_type=\"widget\" data-e-type=\"widget\" data-widget_type=\"button.default\">\n\t\t\t\t\t\t\t\t\t\t<a class=\"elementor-button elementor-button-link elementor-size-sm\" href=\"mailto:pobledellibres@calonge.cat\" target=\"_blank\">\n\t\t\t\t\t\t<span class=\"elementor-button-content-wrapper\">\n\t\t\t\t\t\t\t\t\t<span class=\"elementor-button-text\">\u00a1Solicita tu dosier!<\/span>\n\t\t\t\t\t<\/span>\n\t\t\t\t\t<\/a>\n\t\t\t\t\t\t\t\t<\/div>\n\t\t\t\t<\/div>\n\t\t\t\t\t<\/div>\n\t\t\t\t<\/div>\n\t\t<div class=\"elementor-element elementor-element-444e582 elementor-hidden-desktop e-flex e-con-boxed e-con e-parent\" data-id=\"444e582\" data-element_type=\"container\" data-e-type=\"container\" data-settings=\"{&quot;background_background&quot;:&quot;classic&quot;}\">\n\t\t\t\t\t<div class=\"e-con-inner\">\n\t\t<div class=\"elementor-element elementor-element-acd5c1f e-con-full e-flex e-con e-child\" data-id=\"acd5c1f\" data-element_type=\"container\" data-e-type=\"container\">\n\t\t\t\t<div class=\"elementor-element elementor-element-ec04c8a elementor-widget elementor-widget-heading\" data-id=\"ec04c8a\" data-element_type=\"widget\" data-e-type=\"widget\" data-widget_type=\"heading.default\">\n\t\t\t\t\t<h2 class=\"elementor-heading-title elementor-size-default\">Proyecto pedag\u00f3gico<\/h2>\t\t\t\t<\/div>\n\t\t\t\t<div class=\"elementor-element elementor-element-3d6d143 elementor-widget elementor-widget-text-editor\" data-id=\"3d6d143\" data-element_type=\"widget\" data-e-type=\"widget\" data-widget_type=\"text-editor.default\">\n\t\t\t\t\t\t\t\t\t<p>\u00a1Explora Calonge, Pueblo de Libros!<br \/>El proyecto pedag\u00f3gico de Calonge, Poble de Llibres <strong>promueve la lectura y la escritura a trav\u00e9s de actividades educativas dirigidas a escuelas y familias<\/strong>. Asimismo, fomenta el aprendizaje, la creatividad y el v\u00ednculo con la cultura local.<\/p>\t\t\t\t\t\t\t\t<\/div>\n\t\t\t\t<\/div>\n\t\t<div class=\"elementor-element elementor-element-ffd83c8 e-con-full e-flex e-con e-child\" data-id=\"ffd83c8\" data-element_type=\"container\" data-e-type=\"container\" data-settings=\"{&quot;background_background&quot;:&quot;classic&quot;}\">\n\t\t\t\t<\/div>\n\t\t<div class=\"elementor-element elementor-element-a8ecd3c e-con-full e-flex e-con e-child\" data-id=\"a8ecd3c\" data-element_type=\"container\" data-e-type=\"container\">\n\t\t\t\t<div class=\"elementor-element elementor-element-538beeb elementor-widget elementor-widget-text-editor\" data-id=\"538beeb\" data-element_type=\"widget\" data-e-type=\"widget\" data-widget_type=\"text-editor.default\">\n\t\t\t\t\t\t\t\t\t<p>Actualmente <strong>hay disponibles dos dosieres (primaria y secundaria)<\/strong> para conocer Calonge, Poble de Llibres y sus librer\u00edas a trav\u00e9s de actividades muy divertidas. Pueden realizarse en la escuela como actividad complementaria o en familia durante la visita.<\/p><p>El material se pone a disposici\u00f3n de todos los centros educativos y de la ciudadan\u00eda <strong>de forma gratuita<\/strong>. Puede solicitarse escribiendo a <a href=\"mailto:pobledellibres@calonge.cat\" target=\"_blank\" rel=\"noopener\"><strong>pobledellibres@calonge.cat<\/strong><\/a>, donde tambi\u00e9n se proporcionar\u00e1 informaci\u00f3n o asesoramiento para complementar la visita a Calonge y Sant Antoni visitando otros puntos de inter\u00e9s.<\/p>\t\t\t\t\t\t\t\t<\/div>\n\t\t\t\t<div class=\"elementor-element elementor-element-8c04fd8 elementor-align-left elementor-widget elementor-widget-button\" data-id=\"8c04fd8\" data-element_type=\"widget\" data-e-type=\"widget\" data-widget_type=\"button.default\">\n\t\t\t\t\t\t\t\t\t\t<a class=\"elementor-button elementor-button-link elementor-size-sm\" href=\"mailto:pobledellibres@calonge.cat\" target=\"_blank\">\n\t\t\t\t\t\t<span class=\"elementor-button-content-wrapper\">\n\t\t\t\t\t\t\t\t\t<span class=\"elementor-button-text\">\u00a1Solicita tu dosier!<\/span>\n\t\t\t\t\t<\/span>\n\t\t\t\t\t<\/a>\n\t\t\t\t\t\t\t\t<\/div>\n\t\t\t\t<\/div>\n\t\t\t\t\t<\/div>\n\t\t\t\t<\/div>\n\t\t<div class=\"elementor-element elementor-element-25fe680 e-flex e-con-boxed e-con e-parent\" data-id=\"25fe680\" data-element_type=\"container\" data-e-type=\"container\" data-settings=\"{&quot;background_background&quot;:&quot;classic&quot;}\">\n\t\t\t\t\t<div class=\"e-con-inner\">\n\t\t\t\t<div class=\"elementor-element elementor-element-45c3e2e elementor-widget elementor-widget-heading\" data-id=\"45c3e2e\" data-element_type=\"widget\" data-e-type=\"widget\" data-widget_type=\"heading.default\">\n\t\t\t\t\t<h2 class=\"elementor-heading-title elementor-size-default\">Nuestra comunidad<\/h2>\t\t\t\t<\/div>\n\t\t<div class=\"elementor-element elementor-element-9b5cf1f e-con-full e-flex e-con e-child\" data-id=\"9b5cf1f\" data-element_type=\"container\" data-e-type=\"container\">\n\t\t\t\t<div class=\"elementor-element elementor-element-5735789 elementor-widget elementor-widget-shortcode\" data-id=\"5735789\" data-element_type=\"widget\" data-e-type=\"widget\" data-widget_type=\"shortcode.default\">\n\t\t\t\t\t\t\t<div class=\"elementor-shortcode\">\n<div id=\"sb_instagram\"  class=\"sbi sbi_mob_col_3 sbi_tab_col_3 sbi_col_5 sbi_width_resp sbi-theme sbi-default_theme sbi-style-regular\" style=\"padding-bottom: 18px;\" data-post-style=\"regular\"\t role=\"region\" aria-label=\"Instagram feed\"\n\t data-feedid=\"*2\"  data-res=\"auto\" data-cols=\"5\" data-colsmobile=\"3\" data-colstablet=\"3\" data-num=\"10\" data-nummobile=\"4\" data-header-size=\"small\" data-item-padding=\"9\"\t data-shortcode-atts=\"{&quot;feed&quot;:&quot;2&quot;}\"  data-postid=\"1286\" data-locatornonce=\"842afe5e23\" data-options=\"{&quot;carousel&quot;:[true,false,false,false,true,1],&quot;avatars&quot;:{&quot;calongepobledellibres&quot;:&quot;https:\\\/\\\/scontent-mad1-1.cdninstagram.com\\\/v\\\/t51.2885-19\\\/359145968_1734825563698315_2145336362084773935_n.jpg?stp=dst-jpg_s206x206_tt6&amp;_nc_cat=106&amp;ccb=7-5&amp;_nc_sid=bf7eb4&amp;efg=eyJ2ZW5jb2RlX3RhZyI6InByb2ZpbGVfcGljLnd3dy4xMDgwLkMzIn0%3D&amp;_nc_ohc=FslqNb91nvgQ7kNvwHV6FuG&amp;_nc_oc=AdqyXZZg8GoylX8LiIn6KexusVy2y5RMRp6PADA9je4pxDM51tBo4NzJvPIBaUp7bNk&amp;_nc_zt=24&amp;_nc_ht=scontent-mad1-1.cdninstagram.com&amp;edm=AP4hL3IEAAAA&amp;_nc_tpa=Q5bMBQKO0018aCOxNGFXxcxC2eXknSXTXNodaMvV4GjFIHRiCe5aQu_xNb04UrMf59z18Wc___9DfAOM6g&amp;oh=00_AQIc9sfdeL6ZHj9sPSxoUcuQRC3S023RRxOIWBFBhRiFtw&amp;oe=6A9F38BD&quot;,&quot;LCLcalongepobledellibres&quot;:&quot;https:\\\/\\\/pobledellibres.cat\\\/wp-content\\\/uploads\\\/sb-instagram-feed-images\\\/calongepobledellibres.jpg&quot;},&quot;lightboxcomments&quot;:20,&quot;colsmobile&quot;:3,&quot;colstablet&quot;:&quot;3&quot;,&quot;captionsize&quot;:12,&quot;captionlength&quot;:50,&quot;hovercaptionlength&quot;:50,&quot;feedtheme&quot;:&quot;default_theme&quot;,&quot;imageaspectratio&quot;:&quot;1:1&quot;}\" data-sbi-flags=\"favorLocal\">\n\n\t\t<div class=\"sb_instagram_header sbi_feed_type_user sbi-theme sbi-default_theme\"  >\n\t\t<a class=\"sbi_header_link\" target=\"_blank\"\n\t\t   aria-label=\"calongepobledellibres on Instagram\"\n\t\t   rel=\"nofollow noopener\"  href=\"https:\/\/www.instagram.com\/calongepobledellibres\/\" title=\"@calongepobledellibres\">\n\t\t\t<div class=\"sbi_header_text sbi_no_info sbi_no_bio\">\n\t\t\t\t\t<div class=\"sbi_header_img\"   data-avatar-url=\"https:\/\/pobledellibres.cat\/wp-content\/uploads\/sb-instagram-feed-images\/calongepobledellibres.jpg\">\n\t\t\t\t\t<div class=\"sbi_header_img_hover\">\n\t\t\t\t<svg  class=\"sbi_new_logo fa-instagram fa-w-14\" aria-hidden=\"true\" data-fa-processed=\"\" data-prefix=\"fab\" data-icon=\"instagram\" role=\"img\" viewBox=\"0 0 448 512\"><path fill=\"currentColor\" d=\"M224.1 141c-63.6 0-114.9 51.3-114.9 114.9s51.3 114.9 114.9 114.9S339 319.5 339 255.9 287.7 141 224.1 141zm0 189.6c-41.1 0-74.7-33.5-74.7-74.7s33.5-74.7 74.7-74.7 74.7 33.5 74.7 74.7-33.6 74.7-74.7 74.7zm146.4-194.3c0 14.9-12 26.8-26.8 26.8-14.9 0-26.8-12-26.8-26.8s12-26.8 26.8-26.8 26.8 12 26.8 26.8zm76.1 27.2c-1.7-35.9-9.9-67.7-36.2-93.9-26.2-26.2-58-34.4-93.9-36.2-37-2.1-147.9-2.1-184.9 0-35.8 1.7-67.6 9.9-93.9 36.1s-34.4 58-36.2 93.9c-2.1 37-2.1 147.9 0 184.9 1.7 35.9 9.9 67.7 36.2 93.9s58 34.4 93.9 36.2c37 2.1 147.9 2.1 184.9 0 35.9-1.7 67.7-9.9 93.9-36.2 26.2-26.2 34.4-58 36.2-93.9 2.1-37 2.1-147.8 0-184.8zM398.8 388c-7.8 19.6-22.9 34.7-42.6 42.6-29.5 11.7-99.5 9-132.1 9s-102.7 2.6-132.1-9c-19.6-7.8-34.7-22.9-42.6-42.6-11.7-29.5-9-99.5-9-132.1s-2.6-102.7 9-132.1c7.8-19.6 22.9-34.7 42.6-42.6 29.5-11.7 99.5-9 132.1-9s102.7-2.6 132.1 9c19.6 7.8 34.7 22.9 42.6 42.6 11.7 29.5 9 99.5 9 132.1s2.7 102.7-9 132.1z\"><\/path><\/svg>\t\t\t<\/div>\n\t\t\t\t\t\t<img decoding=\"async\"   src=\"https:\/\/pobledellibres.cat\/wp-content\/uploads\/sb-instagram-feed-images\/calongepobledellibres.jpg\" alt=\"\" width=\"84\" height=\"84\">\n\t\t\t<\/div>\n\n\t\t\t\t<div class=\"sbi_feedtheme_header_text\">\n\t\t\t\t\t<div class=\"sbi_feedtheme_title_wrapper\">\n\t\t\t\t\t\t<h3 style=\"color: rgb(0,0,0);\">\n\t\t\t\t\t\t\tcalongepobledellibres\t\t\t\t\t\t<\/h3>\n\n\t\t\t\t\t\t\t\t\t\t\t\t\t<p class=\"sbi_bio_info\" style=\"color: rgb(0,0,0);\" >\n\t\t\t\t\t\t\t\t\t\t<span\n\t\t\tclass=\"sbi_posts_count\"  style=\"color: rgb(0,0,0);\"\t\t\taria-label=\"723 posts\"\n\t\t\t >\n\t\t\t<svg class=\"svg-inline--fa fa-image fa-w-16\" aria-hidden=\"true\" data-fa-processed=\"\" data-prefix=\"far\" data-icon=\"image\" role=\"presentation\" xmlns=\"http:\/\/www.w3.org\/2000\/svg\" viewBox=\"0 0 512 512\"><path fill=\"currentColor\" d=\"M464 448H48c-26.51 0-48-21.49-48-48V112c0-26.51 21.49-48 48-48h416c26.51 0 48 21.49 48 48v288c0 26.51-21.49 48-48 48zM112 120c-30.928 0-56 25.072-56 56s25.072 56 56 56 56-25.072 56-56-25.072-56-56-56zM64 384h384V272l-87.515-87.515c-4.686-4.686-12.284-4.686-16.971 0L208 320l-55.515-55.515c-4.686-4.686-12.284-4.686-16.971 0L64 336v48z\"><\/path><\/svg>723\t\t<\/span>\n\t\t\t\t\t\t\t\t<\/p>\n\t\t\t\t\t\t\n\t\t\t\t\t<\/div>\n\n\t\t\t\t\t\t\t\t\t<\/div>\n\n\t\t\t<\/div>\n\n\t\t<\/a>\n\n\t\t\t<\/div>\n\n\t<div id=\"sbi_images\" style=\"gap: 18px;\">\n\t\t<div class=\"sbi_item sbi_type_carousel sbi_new sbi_transition\"\t id=\"sbi_18109319956842678\" data-date=\"1788362888\"\n\t data-numcomments=\"0\" data-template=\"ft_default\">\n\t<div class=\"sbi_inner_wrap\" >\n\n\t\t\n\t\t\t<div class=\"sbi_photo_wrap\"  style=\"border-radius: inherit;\">\n\t\t\t\t<svg class=\"svg-inline--fa fa-clone fa-w-16 sbi_lightbox_carousel_icon\" aria-hidden=\"true\" aria-label=\"Clone\" data-fa-pro\u0192cessed=\"\" data-prefix=\"far\" data-icon=\"clone\" role=\"img\" xmlns=\"http:\/\/www.w3.org\/2000\/svg\" viewBox=\"0 0 512 512\">\n                    <path fill=\"currentColor\" d=\"M464 0H144c-26.51 0-48 21.49-48 48v48H48c-26.51 0-48 21.49-48 48v320c0 26.51 21.49 48 48 48h320c26.51 0 48-21.49 48-48v-48h48c26.51 0 48-21.49 48-48V48c0-26.51-21.49-48-48-48zM362 464H54a6 6 0 0 1-6-6V150a6 6 0 0 1 6-6h42v224c0 26.51 21.49 48 48 48h224v42a6 6 0 0 1-6 6zm96-96H150a6 6 0 0 1-6-6V54a6 6 0 0 1 6-6h308a6 6 0 0 1 6 6v308a6 6 0 0 1-6 6z\"><\/path>\n                <\/svg>\t\t\n\t\t<div  style=\"background: rgba(0,0,0,0.85)\"  class=\"sbi_link \" >\n\t\t\t<div class=\"sbi_hover_top\">\n\n\t\t\t\t\t<p class=\"sbi_hover_caption_wrap\"\n\t\t>\n\t\t<span\n\t\t\tclass=\"sbi_caption\">\u263a\ufe0f Les llibreries enceten el setembre amb diverses propostes per a tots els p\u00fablics!<br><br>Nou curs, per\u00f2 sempre amb la cultura ben a prop!<br><br>Us hi esperem\ud83d\udc4f\ud83c\udffb<\/span>\n\t<\/p>\n\n\t\t\t<\/div>\n\n\t\t\t\n\t\t\t<div class=\"sbi_hover_bottom \" >\n\n\t\t\t\t\n\t\t\t\t\t\t\t\t\t<div\n\t\t\t\t\t\tclass=\"sbi_meta\" >\n\n\t\t\t\t\t\t\t<span\n\t\tclass=\"sbi_likes\" style=\"font-size: 13px;\" >\n\t\t<svg  style=\"font-size: 13px;\" class=\"svg-inline--fa fa-heart fa-w-18\" aria-hidden=\"true\" data-fa-processed=\"\" data-prefix=\"fa\" data-icon=\"heart\" role=\"presentation\" xmlns=\"http:\/\/www.w3.org\/2000\/svg\" viewBox=\"0 0 576 512\"><path fill=\"currentColor\" d=\"M414.9 24C361.8 24 312 65.7 288 89.3 264 65.7 214.2 24 161.1 24 70.3 24 16 76.9 16 165.5c0 72.6 66.8 133.3 69.2 135.4l187 180.8c8.8 8.5 22.8 8.5 31.6 0l186.7-180.2c2.7-2.7 69.5-63.5 69.5-136C560 76.9 505.7 24 414.9 24z\"><\/path><\/svg>\t\t28\t<\/span>\n\t<span\n\t\tclass=\"sbi_comments\" style=\"font-size: 13px;\" >\n\t\t<svg  style=\"font-size: 13px;\" class=\"svg-inline--fa fa-comment fa-w-18\" aria-hidden=\"true\" data-fa-processed=\"\" data-prefix=\"fa\" data-icon=\"comment\" role=\"presentation\" xmlns=\"http:\/\/www.w3.org\/2000\/svg\" viewBox=\"0 0 576 512\"><path fill=\"currentColor\" d=\"M576 240c0 115-129 208-288 208-48.3 0-93.9-8.6-133.9-23.8-40.3 31.2-89.8 50.3-142.4 55.7-5.2.6-10.2-2.8-11.5-7.7-1.3-5 2.7-8.1 6.6-11.8 19.3-18.4 42.7-32.8 51.9-94.6C21.9 330.9 0 287.3 0 240 0 125.1 129 32 288 32s288 93.1 288 208z\"><\/path><\/svg>\t\t0\t<\/span>\n\t\t\t\t\t<\/div>\n\t\t\t\t\n\t\t\t<\/div>\n\n\t\t\t<a class=\"sbi_link_area nofancybox\" rel=\"nofollow noopener\" href=\"https:\/\/scontent-mad2-1.cdninstagram.com\/v\/t51.82787-15\/792324033_18087339902671493_8079349927119411987_n.jpg?stp=dst-jpg_e35_tt6&#038;_nc_cat=109&#038;ccb=7-5&#038;_nc_sid=18de74&#038;efg=eyJlZmdfdGFnIjoiQ0FST1VTRUxfSVRFTS5iZXN0X2ltYWdlX3VybGdlbi5DMyJ9&#038;_nc_ohc=xQ7lebbQD4oQ7kNvwFwwhys&#038;_nc_oc=AdpNAQrmyDW2ALX1nJaEtGDz97BV_4OxKi28-VWMWk4yeVa3Sg3WuMxV3RtNlzJ9HyA&#038;_nc_zt=23&#038;_nc_ht=scontent-mad2-1.cdninstagram.com&#038;edm=ANo9K5cEAAAA&#038;_nc_gid=WGPGNTB4sOa6iY8ggNoVPA&#038;_nc_tpa=Q5bMBQLddHWFONdgckUP-gGjD66wDRy8lZ0NCR5c--CrV5YzmxE0q9vRrylzlPCI7gNCQhVDYcSLaHRuig&#038;oh=00_AQLeT96RTR7bTi3ah21W7mI5y2QBbNVW_q76aixWKjsVdA&#038;oe=6A9F228C\"\n\t\t\t   data-lightbox-sbi=\"\"\n\t\t\t   data-title=\"\u263a\ufe0f Les llibreries enceten el setembre amb diverses propostes per a tots els p\u00fablics!&lt;br&gt;\n&lt;br&gt;\nNou curs, per\u00f2 sempre amb la cultura ben a prop!&lt;br&gt;\n&lt;br&gt;\nUs hi esperem\ud83d\udc4f\ud83c\udffb\"\n\t\t\t   data-video=\"\"\n\t\t\t   data-carousel=\"{&quot;data&quot;:[{&quot;type&quot;:&quot;image&quot;,&quot;media&quot;:&quot;https:\\\/\\\/scontent-mad2-1.cdninstagram.com\\\/v\\\/t51.82787-15\\\/792324033_18087339902671493_8079349927119411987_n.jpg?stp=dst-jpg_e35_tt6&amp;_nc_cat=109&amp;ccb=7-5&amp;_nc_sid=18de74&amp;efg=eyJlZmdfdGFnIjoiQ0FST1VTRUxfSVRFTS5iZXN0X2ltYWdlX3VybGdlbi5DMyJ9&amp;_nc_ohc=xQ7lebbQD4oQ7kNvwFwwhys&amp;_nc_oc=AdpNAQrmyDW2ALX1nJaEtGDz97BV_4OxKi28-VWMWk4yeVa3Sg3WuMxV3RtNlzJ9HyA&amp;_nc_zt=23&amp;_nc_ht=scontent-mad2-1.cdninstagram.com&amp;edm=ANo9K5cEAAAA&amp;_nc_gid=WGPGNTB4sOa6iY8ggNoVPA&amp;_nc_tpa=Q5bMBQKbnRg3qjjgTainfc8ojRkj2GpKveYEye5907vQgo4kcq1JZcraY5NFGgIEij941KmdJrJWnjxgsw&amp;oh=00_AQIzAZcYIFRlESozpir9T_7IeekXZ6MpOr586gmPUnp0nA&amp;oe=6A9F228C&quot;},{&quot;type&quot;:&quot;image&quot;,&quot;media&quot;:&quot;https:\\\/\\\/scontent-mad1-1.cdninstagram.com\\\/v\\\/t51.82787-15\\\/791889166_18087341762671493_4653244663280384831_n.jpg?stp=dst-jpg_e35_tt6&amp;_nc_cat=105&amp;ccb=7-5&amp;_nc_sid=18de74&amp;efg=eyJlZmdfdGFnIjoiQ0FST1VTRUxfSVRFTS5iZXN0X2ltYWdlX3VybGdlbi5DMyJ9&amp;_nc_ohc=FszRMqGffj4Q7kNvwHwDRGA&amp;_nc_oc=AdrsOYuJ3to93kSIGzKWgx-vCcJKt9bIPNTPKm9O5mhNq-SJSj8tGl_shACj919ywwk&amp;_nc_zt=23&amp;_nc_ht=scontent-mad1-1.cdninstagram.com&amp;edm=ANo9K5cEAAAA&amp;_nc_gid=WGPGNTB4sOa6iY8ggNoVPA&amp;_nc_tpa=Q5bMBQJAO9aopWpJ3nUJi-xic6w8Ld93w9HKdkjHUAlEL17lFAWOSJSH4jR6ROnmVj1BBGSTujJntgrZkQ&amp;oh=00_AQKsZOr2wlYkeUP-Q8BY4coHFbPHOnpnqHMupSOrVNxvEg&amp;oe=6A9F4725&quot;},{&quot;type&quot;:&quot;image&quot;,&quot;media&quot;:&quot;https:\\\/\\\/scontent-mad1-1.cdninstagram.com\\\/v\\\/t51.82787-15\\\/793244868_18087341795671493_905322050133409137_n.jpg?stp=dst-jpg_e35_tt6&amp;_nc_cat=100&amp;ccb=7-5&amp;_nc_sid=18de74&amp;efg=eyJlZmdfdGFnIjoiQ0FST1VTRUxfSVRFTS5iZXN0X2ltYWdlX3VybGdlbi5DMyJ9&amp;_nc_ohc=yglggBbtoGQQ7kNvwHUhBId&amp;_nc_oc=AdppENpy4sXe-WEcF9QQEajlMrcSpoF3aeRdzd-5cwPBp3-NNhwt8akDOt26Z2W52SU&amp;_nc_zt=23&amp;_nc_ht=scontent-mad1-1.cdninstagram.com&amp;edm=ANo9K5cEAAAA&amp;_nc_gid=WGPGNTB4sOa6iY8ggNoVPA&amp;_nc_tpa=Q5bMBQKgi8DeKLXfbE_1wuzzgePRm3KvCPytmsUSnEf-pb3jtbrUOjkLMAIbD80djjpkQ5gAll1WES3uWg&amp;oh=00_AQLEx36KOdoBvhsrjxd32g6nYj6uTyE3JparGfmT3BwT2A&amp;oe=6A9F3325&quot;},{&quot;type&quot;:&quot;image&quot;,&quot;media&quot;:&quot;https:\\\/\\\/scontent-mad1-1.cdninstagram.com\\\/v\\\/t51.82787-15\\\/791062097_18087341735671493_1350031541924201496_n.jpg?stp=dst-jpg_e35_tt6&amp;_nc_cat=100&amp;ccb=7-5&amp;_nc_sid=18de74&amp;efg=eyJlZmdfdGFnIjoiQ0FST1VTRUxfSVRFTS5iZXN0X2ltYWdlX3VybGdlbi5DMyJ9&amp;_nc_ohc=xXdTH8Vig78Q7kNvwEnVc07&amp;_nc_oc=Adr4qfUsZCc7cPbObh7_2EBbNHQLewUXHG__FhU5qXc01Kw1KaQvWlfqInEdE7_y6pU&amp;_nc_zt=23&amp;_nc_ht=scontent-mad1-1.cdninstagram.com&amp;edm=ANo9K5cEAAAA&amp;_nc_gid=WGPGNTB4sOa6iY8ggNoVPA&amp;_nc_tpa=Q5bMBQIxmatsqNvRmWqffT5zKRxQ846xGCMHe_bAOL0d9ENAA8KUJLZ01vwv9hXdBxbmQMeiuoN2tasKxA&amp;oh=00_AQLrML07qyCZl4othY4zKyTSvfwdlqzkDOAXQnNvLqdB8A&amp;oe=6A9F23B6&quot;},{&quot;type&quot;:&quot;image&quot;,&quot;media&quot;:&quot;https:\\\/\\\/scontent-mad1-1.cdninstagram.com\\\/v\\\/t51.82787-15\\\/791959640_18087339926671493_5192404340066393135_n.jpg?stp=dst-jpg_e35_tt6&amp;_nc_cat=101&amp;ccb=7-5&amp;_nc_sid=18de74&amp;efg=eyJlZmdfdGFnIjoiQ0FST1VTRUxfSVRFTS5iZXN0X2ltYWdlX3VybGdlbi5DMyJ9&amp;_nc_ohc=GMCOsC96trEQ7kNvwEg3zEC&amp;_nc_oc=Adq2Xgs4F1kfwo6ukoW4_bQnwvA-xCZJl4JFyD-hrNomYIYKEwAmVaK3oxhoFAN7WXY&amp;_nc_zt=23&amp;_nc_ht=scontent-mad1-1.cdninstagram.com&amp;edm=ANo9K5cEAAAA&amp;_nc_gid=WGPGNTB4sOa6iY8ggNoVPA&amp;_nc_tpa=Q5bMBQJiFvdMOHoEXWfyJ4ou5OnPRTQG_JiP3VnAMVg9MXXMigc99CclhBTYzDBF-TpDB9yxnMt4bic2ew&amp;oh=00_AQJZH5RPDn4UakQ3fBn86qsbFr5yn4WS0l7EgG5mwjzWNA&amp;oe=6A9F254F&quot;},{&quot;type&quot;:&quot;image&quot;,&quot;media&quot;:&quot;https:\\\/\\\/scontent-mad1-1.cdninstagram.com\\\/v\\\/t51.82787-15\\\/791906512_18087341786671493_6178449003291678902_n.jpg?stp=dst-jpg_e35_tt6&amp;_nc_cat=105&amp;ccb=7-5&amp;_nc_sid=18de74&amp;efg=eyJlZmdfdGFnIjoiQ0FST1VTRUxfSVRFTS5iZXN0X2ltYWdlX3VybGdlbi5DMyJ9&amp;_nc_ohc=HpXcT6Z8uyIQ7kNvwEDhRwS&amp;_nc_oc=AdreOr8s9JPSw8JNVoR7fEEXBsMo48odfBgyAbK8jCi8LhXkY3An6lDx0ZvDPtznS7E&amp;_nc_zt=23&amp;_nc_ht=scontent-mad1-1.cdninstagram.com&amp;edm=ANo9K5cEAAAA&amp;_nc_gid=WGPGNTB4sOa6iY8ggNoVPA&amp;_nc_tpa=Q5bMBQI8SZMdHic1NBa4RHwFK4Iwf6iZKechVNF4IFtlqPrMsZH-NNI7m8_guNv3sex-JLW2GgOp-EUYFQ&amp;oh=00_AQIh15by9aO3SxMNwmOaar7yh-3MTe0g3kx0gqWON3CLYg&amp;oe=6A9F46C9&quot;},{&quot;type&quot;:&quot;image&quot;,&quot;media&quot;:&quot;https:\\\/\\\/scontent-mad2-1.cdninstagram.com\\\/v\\\/t51.82787-15\\\/791778416_18087341750671493_8461267273388257956_n.jpg?stp=dst-jpg_e35_tt6&amp;_nc_cat=111&amp;ccb=7-5&amp;_nc_sid=18de74&amp;efg=eyJlZmdfdGFnIjoiQ0FST1VTRUxfSVRFTS5iZXN0X2ltYWdlX3VybGdlbi5DMyJ9&amp;_nc_ohc=Fy6LT4JFhkoQ7kNvwE87cRE&amp;_nc_oc=Adqx_uqBIJmUao2Op2mnf5kWwC_0MNie2IUrkYTyeGUDahoO-rXGTpgGXoZ7OnjXcEM&amp;_nc_zt=23&amp;_nc_ht=scontent-mad2-1.cdninstagram.com&amp;edm=ANo9K5cEAAAA&amp;_nc_gid=WGPGNTB4sOa6iY8ggNoVPA&amp;_nc_tpa=Q5bMBQJiaP6EbKvN8fM3udjLmnCN90yZPpd_RPjEqksl5FmKNvvf6wg2niPTPqm_bwem05k8z9cy_K41eA&amp;oh=00_AQJ0Ascup92ASHlEzllpf3km_9FfqNQL2j7Xx0zrDhEjGA&amp;oe=6A9F4489&quot;}],&quot;vid_first&quot;:false}\"\n\t\t\t   data-id=\"sbi_18109319956842678\" data-user=\"calongepobledellibres\"\n\t\t\t   data-url=\"https:\/\/www.instagram.com\/p\/Dcyjv7AiF4-\/\" data-avatar=\"https:\/\/scontent-mad1-1.cdninstagram.com\/v\/t51.2885-19\/359145968_1734825563698315_2145336362084773935_n.jpg?stp=dst-jpg_s206x206_tt6&amp;_nc_cat=106&amp;ccb=7-5&amp;_nc_sid=bf7eb4&amp;efg=eyJ2ZW5jb2RlX3RhZyI6InByb2ZpbGVfcGljLnd3dy4xMDgwLkMzIn0%3D&amp;_nc_ohc=FslqNb91nvgQ7kNvwHV6FuG&amp;_nc_oc=AdqyXZZg8GoylX8LiIn6KexusVy2y5RMRp6PADA9je4pxDM51tBo4NzJvPIBaUp7bNk&amp;_nc_zt=24&amp;_nc_ht=scontent-mad1-1.cdninstagram.com&amp;edm=AP4hL3IEAAAA&amp;_nc_tpa=Q5bMBQKO0018aCOxNGFXxcxC2eXknSXTXNodaMvV4GjFIHRiCe5aQu_xNb04UrMf59z18Wc___9DfAOM6g&amp;oh=00_AQIc9sfdeL6ZHj9sPSxoUcuQRC3S023RRxOIWBFBhRiFtw&amp;oe=6A9F38BD\"\n\t\t\t   data-account-type=\"business\"\n\t\t\t   data-iframe=''\n\t\t\t   data-media-type=\"feed\"\n\t\t\t   data-posted-on=\"\"\n\t\t\t   data-custom-avatar=\"\">\n\t\t\t\t<span class=\"sbi-screenreader\">\n\t\t\t\t\tOpen post by calongepobledellibres with ID 18109319956842678\t\t\t\t<\/span>\n\t\t\t\t\t\t\t<\/a>\n\t\t<\/div>\n\n\t\t<a class=\"sbi_photo\" target=\"_blank\" rel=\"nofollow noopener\" href=\"https:\/\/www.instagram.com\/p\/Dcyjv7AiF4-\/\"\n\t\t   data-full-res=\"https:\/\/scontent-mad2-1.cdninstagram.com\/v\/t51.82787-15\/792324033_18087339902671493_8079349927119411987_n.jpg?stp=dst-jpg_e35_tt6&#038;_nc_cat=109&#038;ccb=7-5&#038;_nc_sid=18de74&#038;efg=eyJlZmdfdGFnIjoiQ0FST1VTRUxfSVRFTS5iZXN0X2ltYWdlX3VybGdlbi5DMyJ9&#038;_nc_ohc=xQ7lebbQD4oQ7kNvwFwwhys&#038;_nc_oc=AdpNAQrmyDW2ALX1nJaEtGDz97BV_4OxKi28-VWMWk4yeVa3Sg3WuMxV3RtNlzJ9HyA&#038;_nc_zt=23&#038;_nc_ht=scontent-mad2-1.cdninstagram.com&#038;edm=ANo9K5cEAAAA&#038;_nc_gid=WGPGNTB4sOa6iY8ggNoVPA&#038;_nc_tpa=Q5bMBQLddHWFONdgckUP-gGjD66wDRy8lZ0NCR5c--CrV5YzmxE0q9vRrylzlPCI7gNCQhVDYcSLaHRuig&#038;oh=00_AQLeT96RTR7bTi3ah21W7mI5y2QBbNVW_q76aixWKjsVdA&#038;oe=6A9F228C\"\n\t\t   data-img-src-set=\"{&quot;d&quot;:&quot;https:\\\/\\\/scontent-mad2-1.cdninstagram.com\\\/v\\\/t51.82787-15\\\/792324033_18087339902671493_8079349927119411987_n.jpg?stp=dst-jpg_e35_tt6&amp;_nc_cat=109&amp;ccb=7-5&amp;_nc_sid=18de74&amp;efg=eyJlZmdfdGFnIjoiQ0FST1VTRUxfSVRFTS5iZXN0X2ltYWdlX3VybGdlbi5DMyJ9&amp;_nc_ohc=xQ7lebbQD4oQ7kNvwFwwhys&amp;_nc_oc=AdpNAQrmyDW2ALX1nJaEtGDz97BV_4OxKi28-VWMWk4yeVa3Sg3WuMxV3RtNlzJ9HyA&amp;_nc_zt=23&amp;_nc_ht=scontent-mad2-1.cdninstagram.com&amp;edm=ANo9K5cEAAAA&amp;_nc_gid=WGPGNTB4sOa6iY8ggNoVPA&amp;_nc_tpa=Q5bMBQLddHWFONdgckUP-gGjD66wDRy8lZ0NCR5c--CrV5YzmxE0q9vRrylzlPCI7gNCQhVDYcSLaHRuig&amp;oh=00_AQLeT96RTR7bTi3ah21W7mI5y2QBbNVW_q76aixWKjsVdA&amp;oe=6A9F228C&quot;,&quot;150&quot;:&quot;https:\\\/\\\/scontent-mad2-1.cdninstagram.com\\\/v\\\/t51.82787-15\\\/792324033_18087339902671493_8079349927119411987_n.jpg?stp=dst-jpg_e35_tt6&amp;_nc_cat=109&amp;ccb=7-5&amp;_nc_sid=18de74&amp;efg=eyJlZmdfdGFnIjoiQ0FST1VTRUxfSVRFTS5iZXN0X2ltYWdlX3VybGdlbi5DMyJ9&amp;_nc_ohc=xQ7lebbQD4oQ7kNvwFwwhys&amp;_nc_oc=AdpNAQrmyDW2ALX1nJaEtGDz97BV_4OxKi28-VWMWk4yeVa3Sg3WuMxV3RtNlzJ9HyA&amp;_nc_zt=23&amp;_nc_ht=scontent-mad2-1.cdninstagram.com&amp;edm=ANo9K5cEAAAA&amp;_nc_gid=WGPGNTB4sOa6iY8ggNoVPA&amp;_nc_tpa=Q5bMBQLddHWFONdgckUP-gGjD66wDRy8lZ0NCR5c--CrV5YzmxE0q9vRrylzlPCI7gNCQhVDYcSLaHRuig&amp;oh=00_AQLeT96RTR7bTi3ah21W7mI5y2QBbNVW_q76aixWKjsVdA&amp;oe=6A9F228C&quot;,&quot;320&quot;:&quot;https:\\\/\\\/scontent-mad2-1.cdninstagram.com\\\/v\\\/t51.82787-15\\\/792324033_18087339902671493_8079349927119411987_n.jpg?stp=dst-jpg_e35_tt6&amp;_nc_cat=109&amp;ccb=7-5&amp;_nc_sid=18de74&amp;efg=eyJlZmdfdGFnIjoiQ0FST1VTRUxfSVRFTS5iZXN0X2ltYWdlX3VybGdlbi5DMyJ9&amp;_nc_ohc=xQ7lebbQD4oQ7kNvwFwwhys&amp;_nc_oc=AdpNAQrmyDW2ALX1nJaEtGDz97BV_4OxKi28-VWMWk4yeVa3Sg3WuMxV3RtNlzJ9HyA&amp;_nc_zt=23&amp;_nc_ht=scontent-mad2-1.cdninstagram.com&amp;edm=ANo9K5cEAAAA&amp;_nc_gid=WGPGNTB4sOa6iY8ggNoVPA&amp;_nc_tpa=Q5bMBQLddHWFONdgckUP-gGjD66wDRy8lZ0NCR5c--CrV5YzmxE0q9vRrylzlPCI7gNCQhVDYcSLaHRuig&amp;oh=00_AQLeT96RTR7bTi3ah21W7mI5y2QBbNVW_q76aixWKjsVdA&amp;oe=6A9F228C&quot;,&quot;640&quot;:&quot;https:\\\/\\\/scontent-mad2-1.cdninstagram.com\\\/v\\\/t51.82787-15\\\/792324033_18087339902671493_8079349927119411987_n.jpg?stp=dst-jpg_e35_tt6&amp;_nc_cat=109&amp;ccb=7-5&amp;_nc_sid=18de74&amp;efg=eyJlZmdfdGFnIjoiQ0FST1VTRUxfSVRFTS5iZXN0X2ltYWdlX3VybGdlbi5DMyJ9&amp;_nc_ohc=xQ7lebbQD4oQ7kNvwFwwhys&amp;_nc_oc=AdpNAQrmyDW2ALX1nJaEtGDz97BV_4OxKi28-VWMWk4yeVa3Sg3WuMxV3RtNlzJ9HyA&amp;_nc_zt=23&amp;_nc_ht=scontent-mad2-1.cdninstagram.com&amp;edm=ANo9K5cEAAAA&amp;_nc_gid=WGPGNTB4sOa6iY8ggNoVPA&amp;_nc_tpa=Q5bMBQLddHWFONdgckUP-gGjD66wDRy8lZ0NCR5c--CrV5YzmxE0q9vRrylzlPCI7gNCQhVDYcSLaHRuig&amp;oh=00_AQLeT96RTR7bTi3ah21W7mI5y2QBbNVW_q76aixWKjsVdA&amp;oe=6A9F228C&quot;}\"\n\t\t   tabindex=\"-1\">\n\t\t\t<img decoding=\"async\" src=\"https:\/\/pobledellibres.cat\/wp-content\/plugins\/instagram-feed-pro\/img\/placeholder.png\" alt=\"\u263a\ufe0f Les llibreries enceten el setembre amb diverses propostes per a tots els p\u00fablics!\n\nNou curs, per\u00f2 sempre amb la cultura ben a prop!\n\nUs hi esperem\ud83d\udc4f\ud83c\udffb\">\n\t\t<\/a>\n\t<\/div>\n\n\n\t\t\n\t\t<div class=\"sbi_info_wrapper\">\n\t\t\t<div class=\"sbi_info \">\n\n\t\t\t\t\n\t\t\t\t<div class=\"sbi_meta_wrap\">\n\t\t\t\t\t\n\t\t\t\t\t\t\t\t\t<\/div>\n\t\t\t<\/div>\n\t\t<\/div>\n\t<\/div>\n\n\t<div class=\"sbi-divider\"><\/div>\n<\/div>\n<div class=\"sbi_item sbi_type_carousel sbi_new sbi_transition\"\t id=\"sbi_18004343876972196\" data-date=\"1788165460\"\n\t data-numcomments=\"0\" data-template=\"ft_default\">\n\t<div class=\"sbi_inner_wrap\" >\n\n\t\t\n\t\t\t<div class=\"sbi_photo_wrap\"  style=\"border-radius: inherit;\">\n\t\t\t\t<svg class=\"svg-inline--fa fa-clone fa-w-16 sbi_lightbox_carousel_icon\" aria-hidden=\"true\" aria-label=\"Clone\" data-fa-pro\u0192cessed=\"\" data-prefix=\"far\" data-icon=\"clone\" role=\"img\" xmlns=\"http:\/\/www.w3.org\/2000\/svg\" viewBox=\"0 0 512 512\">\n                    <path fill=\"currentColor\" d=\"M464 0H144c-26.51 0-48 21.49-48 48v48H48c-26.51 0-48 21.49-48 48v320c0 26.51 21.49 48 48 48h320c26.51 0 48-21.49 48-48v-48h48c26.51 0 48-21.49 48-48V48c0-26.51-21.49-48-48-48zM362 464H54a6 6 0 0 1-6-6V150a6 6 0 0 1 6-6h42v224c0 26.51 21.49 48 48 48h224v42a6 6 0 0 1-6 6zm96-96H150a6 6 0 0 1-6-6V54a6 6 0 0 1 6-6h308a6 6 0 0 1 6 6v308a6 6 0 0 1-6 6z\"><\/path>\n                <\/svg>\t\t\n\t\t<div  style=\"background: rgba(0,0,0,0.85)\"  class=\"sbi_link \" >\n\t\t\t<div class=\"sbi_hover_top\">\n\n\t\t\t\t\t<p class=\"sbi_hover_caption_wrap\"\n\t\t>\n\t\t<span\n\t\t\tclass=\"sbi_caption\">\u2764\ufe0f\u200d\ud83d\udd25 Aquest setembre\u2026 Marina Garc\u00e9s \u00e9s la nostra llibretera VIP!<br><br>\ud83d\udc49\ud83c\udffb Fil\u00f2sofa, escriptora i professora, Garc\u00e9s \u00e9s una de les veus m\u00e9s estimulants del pensament contemporani catal\u00e0. El seu treball gira al voltant del pensament cr\u00edtic, la pol\u00edtica, l\u2019educaci\u00f3 i les maneres de construir un m\u00f3n com\u00fa. <br><br>\u270d\ud83c\udffc Professora de la UOC, tamb\u00e9 impulsa projectes de pensament com Espai en Blanc i \u00e9s autora de llibres com Nova il\u00b7lustraci\u00f3 radical, Ciutat Princesa, Escola d\u2019aprenents, El temps de la promesa o el seu llibre m\u00e9s recent, La passi\u00f3 dels estranys.<br><br>Per\u00f2, sobretot, Marina Garc\u00e9s defensa una idea que ens encanta: pensar no \u00e9s cosa d\u2019uns quants. Pensar \u00e9s una pr\u00e0ctica compartida.<br><br>\ud83d\udc4f\ud83c\udffb\ud83d\udc4f\ud83c\udffb\ud83d\udc4f\ud83c\udffb Us convidem a venir!<br><br>\ud83d\uddd3\ufe0f Diumenge 6 de setembre a les 12 h<br>\ud83d\udccd Pla\u00e7a Major<br><br>Cicle coordinat per @carmefenoll<\/span>\n\t<\/p>\n\n\t\t\t<\/div>\n\n\t\t\t\n\t\t\t<div class=\"sbi_hover_bottom \" >\n\n\t\t\t\t\n\t\t\t\t\t\t\t\t\t<div\n\t\t\t\t\t\tclass=\"sbi_meta\" >\n\n\t\t\t\t\t\t\t<span\n\t\tclass=\"sbi_likes\" style=\"font-size: 13px;\" >\n\t\t<svg  style=\"font-size: 13px;\" class=\"svg-inline--fa fa-heart fa-w-18\" aria-hidden=\"true\" data-fa-processed=\"\" data-prefix=\"fa\" data-icon=\"heart\" role=\"presentation\" xmlns=\"http:\/\/www.w3.org\/2000\/svg\" viewBox=\"0 0 576 512\"><path fill=\"currentColor\" d=\"M414.9 24C361.8 24 312 65.7 288 89.3 264 65.7 214.2 24 161.1 24 70.3 24 16 76.9 16 165.5c0 72.6 66.8 133.3 69.2 135.4l187 180.8c8.8 8.5 22.8 8.5 31.6 0l186.7-180.2c2.7-2.7 69.5-63.5 69.5-136C560 76.9 505.7 24 414.9 24z\"><\/path><\/svg>\t\t59\t<\/span>\n\t<span\n\t\tclass=\"sbi_comments\" style=\"font-size: 13px;\" >\n\t\t<svg  style=\"font-size: 13px;\" class=\"svg-inline--fa fa-comment fa-w-18\" aria-hidden=\"true\" data-fa-processed=\"\" data-prefix=\"fa\" data-icon=\"comment\" role=\"presentation\" xmlns=\"http:\/\/www.w3.org\/2000\/svg\" viewBox=\"0 0 576 512\"><path fill=\"currentColor\" d=\"M576 240c0 115-129 208-288 208-48.3 0-93.9-8.6-133.9-23.8-40.3 31.2-89.8 50.3-142.4 55.7-5.2.6-10.2-2.8-11.5-7.7-1.3-5 2.7-8.1 6.6-11.8 19.3-18.4 42.7-32.8 51.9-94.6C21.9 330.9 0 287.3 0 240 0 125.1 129 32 288 32s288 93.1 288 208z\"><\/path><\/svg>\t\t0\t<\/span>\n\t\t\t\t\t<\/div>\n\t\t\t\t\n\t\t\t<\/div>\n\n\t\t\t<a class=\"sbi_link_area nofancybox\" rel=\"nofollow noopener\" href=\"https:\/\/scontent-mad1-1.cdninstagram.com\/v\/t51.82787-15\/791653651_18087008207671493_3882098513223573143_n.jpg?stp=dst-jpg_e35_tt6&#038;_nc_cat=106&#038;ccb=7-5&#038;_nc_sid=18de74&#038;efg=eyJlZmdfdGFnIjoiQ0FST1VTRUxfSVRFTS5iZXN0X2ltYWdlX3VybGdlbi5DMyJ9&#038;_nc_ohc=p1fnESz32YIQ7kNvwEC7skQ&#038;_nc_oc=Ado1Q7lvbik2Yn_Bi5jEuGSxoU7PrA4Z9J3FmofPNK9I8MrG0aJUi2P_bbWpdwbja28&#038;_nc_zt=23&#038;_nc_ht=scontent-mad1-1.cdninstagram.com&#038;edm=ANo9K5cEAAAA&#038;_nc_gid=WGPGNTB4sOa6iY8ggNoVPA&#038;_nc_tpa=Q5bMBQJGo2IYVIA6_8hYtmD3qD0V2LDzGnuuwljg0OLsNNO4wy4d3W69i5g6l7SeqPiKSjdFjM615XFjvA&#038;oh=00_AQLO74GTxqh74DpM3T65cb5HJ-eVDIJk10d48zHxoK8Lrg&#038;oe=6A9F4127\"\n\t\t\t   data-lightbox-sbi=\"\"\n\t\t\t   data-title=\"\u2764\ufe0f\u200d\ud83d\udd25 Aquest setembre\u2026 Marina Garc\u00e9s \u00e9s la nostra llibretera VIP!&lt;br&gt;\n&lt;br&gt;\n\ud83d\udc49\ud83c\udffb Fil\u00f2sofa, escriptora i professora, Garc\u00e9s \u00e9s una de les veus m\u00e9s estimulants del pensament contemporani catal\u00e0. El seu treball gira al voltant del pensament cr\u00edtic, la pol\u00edtica, l\u2019educaci\u00f3 i les maneres de construir un m\u00f3n com\u00fa. &lt;br&gt;\n&lt;br&gt;\n\u270d\ud83c\udffc Professora de la UOC, tamb\u00e9 impulsa projectes de pensament com Espai en Blanc i \u00e9s autora de llibres com Nova il\u00b7lustraci\u00f3 radical, Ciutat Princesa, Escola d\u2019aprenents, El temps de la promesa o el seu llibre m\u00e9s recent, La passi\u00f3 dels estranys.&lt;br&gt;\n&lt;br&gt;\nPer\u00f2, sobretot, Marina Garc\u00e9s defensa una idea que ens encanta: pensar no \u00e9s cosa d\u2019uns quants. Pensar \u00e9s una pr\u00e0ctica compartida.&lt;br&gt;\n&lt;br&gt;\n\ud83d\udc4f\ud83c\udffb\ud83d\udc4f\ud83c\udffb\ud83d\udc4f\ud83c\udffb Us convidem a venir!&lt;br&gt;\n&lt;br&gt;\n\ud83d\uddd3\ufe0f Diumenge 6 de setembre a les 12 h&lt;br&gt;\n\ud83d\udccd Pla\u00e7a Major&lt;br&gt;\n&lt;br&gt;\nCicle coordinat per @carmefenoll\"\n\t\t\t   data-video=\"\"\n\t\t\t   data-carousel=\"{&quot;data&quot;:[{&quot;type&quot;:&quot;image&quot;,&quot;media&quot;:&quot;https:\\\/\\\/scontent-mad1-1.cdninstagram.com\\\/v\\\/t51.82787-15\\\/791653651_18087008207671493_3882098513223573143_n.jpg?stp=dst-jpg_e35_tt6&amp;_nc_cat=106&amp;ccb=7-5&amp;_nc_sid=18de74&amp;efg=eyJlZmdfdGFnIjoiQ0FST1VTRUxfSVRFTS5iZXN0X2ltYWdlX3VybGdlbi5DMyJ9&amp;_nc_ohc=p1fnESz32YIQ7kNvwEC7skQ&amp;_nc_oc=Ado1Q7lvbik2Yn_Bi5jEuGSxoU7PrA4Z9J3FmofPNK9I8MrG0aJUi2P_bbWpdwbja28&amp;_nc_zt=23&amp;_nc_ht=scontent-mad1-1.cdninstagram.com&amp;edm=ANo9K5cEAAAA&amp;_nc_gid=WGPGNTB4sOa6iY8ggNoVPA&amp;_nc_tpa=Q5bMBQLjRFBceMuXtQ-xWwWpiRHpq0cwb-wNZbhwz_2yOkONkfJBmSEJHCVVUJaCGcRw2VkmudCKm3rslA&amp;oh=00_AQI-NUsIymlWuWCNcgFr7nmlqGbZX-XDNNpYvq7HuOrtvQ&amp;oe=6A9F4127&quot;},{&quot;type&quot;:&quot;image&quot;,&quot;media&quot;:&quot;https:\\\/\\\/scontent-mad2-1.cdninstagram.com\\\/v\\\/t51.82787-15\\\/790945125_18087008213671493_6685323116624599165_n.jpg?stp=dst-jpg_e35_tt6&amp;_nc_cat=111&amp;ccb=7-5&amp;_nc_sid=18de74&amp;efg=eyJlZmdfdGFnIjoiQ0FST1VTRUxfSVRFTS5iZXN0X2ltYWdlX3VybGdlbi5DMyJ9&amp;_nc_ohc=LE7dSKm6VJsQ7kNvwHX7ZMP&amp;_nc_oc=AdqzdmWALHMJZoPO9wCS_qIXkC9gaDBYIQT7wPaH8peZK2nfGngv8QcUbecILpk2zkA&amp;_nc_zt=23&amp;_nc_ht=scontent-mad2-1.cdninstagram.com&amp;edm=ANo9K5cEAAAA&amp;_nc_gid=WGPGNTB4sOa6iY8ggNoVPA&amp;_nc_tpa=Q5bMBQJu6ZB2MQzLDCBLlND0nN_qkvNkpOeganGfyv8Xru5YU5V5hSjMqJTUeDELU1ATeSO9XFluYrf7tQ&amp;oh=00_AQJyCirIJfQ4pi7Q2SxqIZxeUUOxxZjBTLVYGQ3kRcFkhg&amp;oe=6A9F2272&quot;}],&quot;vid_first&quot;:false}\"\n\t\t\t   data-id=\"sbi_18004343876972196\" data-user=\"calongepobledellibres\"\n\t\t\t   data-url=\"https:\/\/www.instagram.com\/p\/DcsrL3JFqyd\/\" data-avatar=\"https:\/\/scontent-mad1-1.cdninstagram.com\/v\/t51.2885-19\/359145968_1734825563698315_2145336362084773935_n.jpg?stp=dst-jpg_s206x206_tt6&amp;_nc_cat=106&amp;ccb=7-5&amp;_nc_sid=bf7eb4&amp;efg=eyJ2ZW5jb2RlX3RhZyI6InByb2ZpbGVfcGljLnd3dy4xMDgwLkMzIn0%3D&amp;_nc_ohc=FslqNb91nvgQ7kNvwHV6FuG&amp;_nc_oc=AdqyXZZg8GoylX8LiIn6KexusVy2y5RMRp6PADA9je4pxDM51tBo4NzJvPIBaUp7bNk&amp;_nc_zt=24&amp;_nc_ht=scontent-mad1-1.cdninstagram.com&amp;edm=AP4hL3IEAAAA&amp;_nc_tpa=Q5bMBQKO0018aCOxNGFXxcxC2eXknSXTXNodaMvV4GjFIHRiCe5aQu_xNb04UrMf59z18Wc___9DfAOM6g&amp;oh=00_AQIc9sfdeL6ZHj9sPSxoUcuQRC3S023RRxOIWBFBhRiFtw&amp;oe=6A9F38BD\"\n\t\t\t   data-account-type=\"business\"\n\t\t\t   data-iframe=''\n\t\t\t   data-media-type=\"feed\"\n\t\t\t   data-posted-on=\"\"\n\t\t\t   data-custom-avatar=\"\">\n\t\t\t\t<span class=\"sbi-screenreader\">\n\t\t\t\t\tOpen post by calongepobledellibres with ID 18004343876972196\t\t\t\t<\/span>\n\t\t\t\t\t\t\t<\/a>\n\t\t<\/div>\n\n\t\t<a class=\"sbi_photo\" target=\"_blank\" rel=\"nofollow noopener\" href=\"https:\/\/www.instagram.com\/p\/DcsrL3JFqyd\/\"\n\t\t   data-full-res=\"https:\/\/scontent-mad1-1.cdninstagram.com\/v\/t51.82787-15\/791653651_18087008207671493_3882098513223573143_n.jpg?stp=dst-jpg_e35_tt6&#038;_nc_cat=106&#038;ccb=7-5&#038;_nc_sid=18de74&#038;efg=eyJlZmdfdGFnIjoiQ0FST1VTRUxfSVRFTS5iZXN0X2ltYWdlX3VybGdlbi5DMyJ9&#038;_nc_ohc=p1fnESz32YIQ7kNvwEC7skQ&#038;_nc_oc=Ado1Q7lvbik2Yn_Bi5jEuGSxoU7PrA4Z9J3FmofPNK9I8MrG0aJUi2P_bbWpdwbja28&#038;_nc_zt=23&#038;_nc_ht=scontent-mad1-1.cdninstagram.com&#038;edm=ANo9K5cEAAAA&#038;_nc_gid=WGPGNTB4sOa6iY8ggNoVPA&#038;_nc_tpa=Q5bMBQJGo2IYVIA6_8hYtmD3qD0V2LDzGnuuwljg0OLsNNO4wy4d3W69i5g6l7SeqPiKSjdFjM615XFjvA&#038;oh=00_AQLO74GTxqh74DpM3T65cb5HJ-eVDIJk10d48zHxoK8Lrg&#038;oe=6A9F4127\"\n\t\t   data-img-src-set=\"{&quot;d&quot;:&quot;https:\\\/\\\/scontent-mad1-1.cdninstagram.com\\\/v\\\/t51.82787-15\\\/791653651_18087008207671493_3882098513223573143_n.jpg?stp=dst-jpg_e35_tt6&amp;_nc_cat=106&amp;ccb=7-5&amp;_nc_sid=18de74&amp;efg=eyJlZmdfdGFnIjoiQ0FST1VTRUxfSVRFTS5iZXN0X2ltYWdlX3VybGdlbi5DMyJ9&amp;_nc_ohc=p1fnESz32YIQ7kNvwEC7skQ&amp;_nc_oc=Ado1Q7lvbik2Yn_Bi5jEuGSxoU7PrA4Z9J3FmofPNK9I8MrG0aJUi2P_bbWpdwbja28&amp;_nc_zt=23&amp;_nc_ht=scontent-mad1-1.cdninstagram.com&amp;edm=ANo9K5cEAAAA&amp;_nc_gid=WGPGNTB4sOa6iY8ggNoVPA&amp;_nc_tpa=Q5bMBQJGo2IYVIA6_8hYtmD3qD0V2LDzGnuuwljg0OLsNNO4wy4d3W69i5g6l7SeqPiKSjdFjM615XFjvA&amp;oh=00_AQLO74GTxqh74DpM3T65cb5HJ-eVDIJk10d48zHxoK8Lrg&amp;oe=6A9F4127&quot;,&quot;150&quot;:&quot;https:\\\/\\\/scontent-mad1-1.cdninstagram.com\\\/v\\\/t51.82787-15\\\/791653651_18087008207671493_3882098513223573143_n.jpg?stp=dst-jpg_e35_tt6&amp;_nc_cat=106&amp;ccb=7-5&amp;_nc_sid=18de74&amp;efg=eyJlZmdfdGFnIjoiQ0FST1VTRUxfSVRFTS5iZXN0X2ltYWdlX3VybGdlbi5DMyJ9&amp;_nc_ohc=p1fnESz32YIQ7kNvwEC7skQ&amp;_nc_oc=Ado1Q7lvbik2Yn_Bi5jEuGSxoU7PrA4Z9J3FmofPNK9I8MrG0aJUi2P_bbWpdwbja28&amp;_nc_zt=23&amp;_nc_ht=scontent-mad1-1.cdninstagram.com&amp;edm=ANo9K5cEAAAA&amp;_nc_gid=WGPGNTB4sOa6iY8ggNoVPA&amp;_nc_tpa=Q5bMBQJGo2IYVIA6_8hYtmD3qD0V2LDzGnuuwljg0OLsNNO4wy4d3W69i5g6l7SeqPiKSjdFjM615XFjvA&amp;oh=00_AQLO74GTxqh74DpM3T65cb5HJ-eVDIJk10d48zHxoK8Lrg&amp;oe=6A9F4127&quot;,&quot;320&quot;:&quot;https:\\\/\\\/scontent-mad1-1.cdninstagram.com\\\/v\\\/t51.82787-15\\\/791653651_18087008207671493_3882098513223573143_n.jpg?stp=dst-jpg_e35_tt6&amp;_nc_cat=106&amp;ccb=7-5&amp;_nc_sid=18de74&amp;efg=eyJlZmdfdGFnIjoiQ0FST1VTRUxfSVRFTS5iZXN0X2ltYWdlX3VybGdlbi5DMyJ9&amp;_nc_ohc=p1fnESz32YIQ7kNvwEC7skQ&amp;_nc_oc=Ado1Q7lvbik2Yn_Bi5jEuGSxoU7PrA4Z9J3FmofPNK9I8MrG0aJUi2P_bbWpdwbja28&amp;_nc_zt=23&amp;_nc_ht=scontent-mad1-1.cdninstagram.com&amp;edm=ANo9K5cEAAAA&amp;_nc_gid=WGPGNTB4sOa6iY8ggNoVPA&amp;_nc_tpa=Q5bMBQJGo2IYVIA6_8hYtmD3qD0V2LDzGnuuwljg0OLsNNO4wy4d3W69i5g6l7SeqPiKSjdFjM615XFjvA&amp;oh=00_AQLO74GTxqh74DpM3T65cb5HJ-eVDIJk10d48zHxoK8Lrg&amp;oe=6A9F4127&quot;,&quot;640&quot;:&quot;https:\\\/\\\/scontent-mad1-1.cdninstagram.com\\\/v\\\/t51.82787-15\\\/791653651_18087008207671493_3882098513223573143_n.jpg?stp=dst-jpg_e35_tt6&amp;_nc_cat=106&amp;ccb=7-5&amp;_nc_sid=18de74&amp;efg=eyJlZmdfdGFnIjoiQ0FST1VTRUxfSVRFTS5iZXN0X2ltYWdlX3VybGdlbi5DMyJ9&amp;_nc_ohc=p1fnESz32YIQ7kNvwEC7skQ&amp;_nc_oc=Ado1Q7lvbik2Yn_Bi5jEuGSxoU7PrA4Z9J3FmofPNK9I8MrG0aJUi2P_bbWpdwbja28&amp;_nc_zt=23&amp;_nc_ht=scontent-mad1-1.cdninstagram.com&amp;edm=ANo9K5cEAAAA&amp;_nc_gid=WGPGNTB4sOa6iY8ggNoVPA&amp;_nc_tpa=Q5bMBQJGo2IYVIA6_8hYtmD3qD0V2LDzGnuuwljg0OLsNNO4wy4d3W69i5g6l7SeqPiKSjdFjM615XFjvA&amp;oh=00_AQLO74GTxqh74DpM3T65cb5HJ-eVDIJk10d48zHxoK8Lrg&amp;oe=6A9F4127&quot;}\"\n\t\t   tabindex=\"-1\">\n\t\t\t<img decoding=\"async\" src=\"https:\/\/pobledellibres.cat\/wp-content\/plugins\/instagram-feed-pro\/img\/placeholder.png\" alt=\"\u2764\ufe0f\u200d\ud83d\udd25 Aquest setembre\u2026 Marina Garc\u00e9s \u00e9s la nostra llibretera VIP!\n\n\ud83d\udc49\ud83c\udffb Fil\u00f2sofa, escriptora i professora, Garc\u00e9s \u00e9s una de les veus m\u00e9s estimulants del pensament contemporani catal\u00e0. El seu treball gira al voltant del pensament cr\u00edtic, la pol\u00edtica, l\u2019educaci\u00f3 i les maneres de construir un m\u00f3n com\u00fa. \n\n\u270d\ud83c\udffc Professora de la UOC, tamb\u00e9 impulsa projectes de pensament com Espai en Blanc i \u00e9s autora de llibres com Nova il\u00b7lustraci\u00f3 radical, Ciutat Princesa, Escola d\u2019aprenents, El temps de la promesa o el seu llibre m\u00e9s recent, La passi\u00f3 dels estranys.\n\nPer\u00f2, sobretot, Marina Garc\u00e9s defensa una idea que ens encanta: pensar no \u00e9s cosa d\u2019uns quants. Pensar \u00e9s una pr\u00e0ctica compartida.\n\n\ud83d\udc4f\ud83c\udffb\ud83d\udc4f\ud83c\udffb\ud83d\udc4f\ud83c\udffb Us convidem a venir!\n\n\ud83d\uddd3\ufe0f Diumenge 6 de setembre a les 12 h\n\ud83d\udccd Pla\u00e7a Major\n\nCicle coordinat per @carmefenoll\">\n\t\t<\/a>\n\t<\/div>\n\n\n\t\t\n\t\t<div class=\"sbi_info_wrapper\">\n\t\t\t<div class=\"sbi_info \">\n\n\t\t\t\t\n\t\t\t\t<div class=\"sbi_meta_wrap\">\n\t\t\t\t\t\n\t\t\t\t\t\t\t\t\t<\/div>\n\t\t\t<\/div>\n\t\t<\/div>\n\t<\/div>\n\n\t<div class=\"sbi-divider\"><\/div>\n<\/div>\n<div class=\"sbi_item sbi_type_carousel sbi_new sbi_transition\"\t id=\"sbi_17904421191537224\" data-date=\"1788165031\"\n\t data-numcomments=\"0\" data-template=\"ft_default\">\n\t<div class=\"sbi_inner_wrap\" >\n\n\t\t\n\t\t\t<div class=\"sbi_photo_wrap\"  style=\"border-radius: inherit;\">\n\t\t\t\t<svg class=\"svg-inline--fa fa-clone fa-w-16 sbi_lightbox_carousel_icon\" aria-hidden=\"true\" aria-label=\"Clone\" data-fa-pro\u0192cessed=\"\" data-prefix=\"far\" data-icon=\"clone\" role=\"img\" xmlns=\"http:\/\/www.w3.org\/2000\/svg\" viewBox=\"0 0 512 512\">\n                    <path fill=\"currentColor\" d=\"M464 0H144c-26.51 0-48 21.49-48 48v48H48c-26.51 0-48 21.49-48 48v320c0 26.51 21.49 48 48 48h320c26.51 0 48-21.49 48-48v-48h48c26.51 0 48-21.49 48-48V48c0-26.51-21.49-48-48-48zM362 464H54a6 6 0 0 1-6-6V150a6 6 0 0 1 6-6h42v224c0 26.51 21.49 48 48 48h224v42a6 6 0 0 1-6 6zm96-96H150a6 6 0 0 1-6-6V54a6 6 0 0 1 6-6h308a6 6 0 0 1 6 6v308a6 6 0 0 1-6 6z\"><\/path>\n                <\/svg>\t\t\n\t\t<div  style=\"background: rgba(0,0,0,0.85)\"  class=\"sbi_link \" >\n\t\t\t<div class=\"sbi_hover_top\">\n\n\t\t\t\t\t<p class=\"sbi_hover_caption_wrap\"\n\t\t>\n\t\t<span\n\t\t\tclass=\"sbi_caption\">\ud83c\udf78\ud83e\uded2\ud83d\udcd6 Comencem el setembre amb les piles ben carregades!<br><br>\u27a1\ufe0f Un espai per parlar de literatura, idees i actualitat, en un ambient tranquil, obert a tothom, i amb un vermut gratu\u00eft! <br><br>\ud83d\udde3\ufe0f En aquesta ocasi\u00f3, la periodista cultural Cl\u00e0udia Rius (@claudiariwz) conversar\u00e0 amb el professor i fil\u00f2sof Francesc Torralba, conegut per la seva extensa carrera.<br><br>\u2795 Sobre Francesc Torralba: Nascut a Barcelona el 1967. \u00c9s catedr\u00e0tic de la Universitat Ramon Llull i dirigeix la C\u00e0tedra Ethos d\u2019\u00e8tica aplicada. La seva obra tracta sobretot l\u2019\u00e8tica, la filosofia, la religi\u00f3 i el sentit de la vida, intentant apropar la reflexi\u00f3 filos\u00f2fica al p\u00fablic general. Ha publicat m\u00e9s de 100 llibres i nombrosos articles.<br><br>Tamb\u00e9 ha estat membre de diversos organismes d\u2019\u00e8tica i, actualment, forma part del Dicasteri per a la Cultura i l\u2019Educaci\u00f3 de la Santa Seu, nomenat pel papa Francesc.<br><br>\ud83d\uddd3\ufe0f Dissabte 5 de setembre a les 18:45 h<br>\ud83d\udccd Pla\u00e7a Major<br>\ud83e\uded2 Amb vermut gratu\u00eft incl\u00f2s!<br><br>Us hi esperem!<\/span>\n\t<\/p>\n\n\t\t\t<\/div>\n\n\t\t\t\n\t\t\t<div class=\"sbi_hover_bottom \" >\n\n\t\t\t\t\n\t\t\t\t\t\t\t\t\t<div\n\t\t\t\t\t\tclass=\"sbi_meta\" >\n\n\t\t\t\t\t\t\t<span\n\t\tclass=\"sbi_likes\" style=\"font-size: 13px;\" >\n\t\t<svg  style=\"font-size: 13px;\" class=\"svg-inline--fa fa-heart fa-w-18\" aria-hidden=\"true\" data-fa-processed=\"\" data-prefix=\"fa\" data-icon=\"heart\" role=\"presentation\" xmlns=\"http:\/\/www.w3.org\/2000\/svg\" viewBox=\"0 0 576 512\"><path fill=\"currentColor\" d=\"M414.9 24C361.8 24 312 65.7 288 89.3 264 65.7 214.2 24 161.1 24 70.3 24 16 76.9 16 165.5c0 72.6 66.8 133.3 69.2 135.4l187 180.8c8.8 8.5 22.8 8.5 31.6 0l186.7-180.2c2.7-2.7 69.5-63.5 69.5-136C560 76.9 505.7 24 414.9 24z\"><\/path><\/svg>\t\t86\t<\/span>\n\t<span\n\t\tclass=\"sbi_comments\" style=\"font-size: 13px;\" >\n\t\t<svg  style=\"font-size: 13px;\" class=\"svg-inline--fa fa-comment fa-w-18\" aria-hidden=\"true\" data-fa-processed=\"\" data-prefix=\"fa\" data-icon=\"comment\" role=\"presentation\" xmlns=\"http:\/\/www.w3.org\/2000\/svg\" viewBox=\"0 0 576 512\"><path fill=\"currentColor\" d=\"M576 240c0 115-129 208-288 208-48.3 0-93.9-8.6-133.9-23.8-40.3 31.2-89.8 50.3-142.4 55.7-5.2.6-10.2-2.8-11.5-7.7-1.3-5 2.7-8.1 6.6-11.8 19.3-18.4 42.7-32.8 51.9-94.6C21.9 330.9 0 287.3 0 240 0 125.1 129 32 288 32s288 93.1 288 208z\"><\/path><\/svg>\t\t0\t<\/span>\n\t\t\t\t\t<\/div>\n\t\t\t\t\n\t\t\t<\/div>\n\n\t\t\t<a class=\"sbi_link_area nofancybox\" rel=\"nofollow noopener\" href=\"https:\/\/scontent-mad1-1.cdninstagram.com\/v\/t51.82787-15\/790993301_18087006725671493_7438609660351467289_n.jpg?stp=dst-jpg_e35_tt6&#038;_nc_cat=100&#038;ccb=7-5&#038;_nc_sid=18de74&#038;efg=eyJlZmdfdGFnIjoiQ0FST1VTRUxfSVRFTS5iZXN0X2ltYWdlX3VybGdlbi5DMyJ9&#038;_nc_ohc=ewdKuEk_NGEQ7kNvwGS83oj&#038;_nc_oc=AdqrvcLual31L1mbz3M_6QYzZtMw7JxYJjdLUAfeFi0wqw70s2t_xF2ao4OYz_wLIYM&#038;_nc_zt=23&#038;_nc_ht=scontent-mad1-1.cdninstagram.com&#038;edm=ANo9K5cEAAAA&#038;_nc_gid=WGPGNTB4sOa6iY8ggNoVPA&#038;_nc_tpa=Q5bMBQJJz7aYJ1f1XjpdHOVYJXMR-wbN4PyJGZIoAeyNTdqOZMiWS6dworwZfrpfrC7R6WBj46tGgM86KQ&#038;oh=00_AQLK9ADdyOfCzowjDwY45KNaY6UAlx1ob-89d9ZW6j4yVQ&#038;oe=6A9F4E22\"\n\t\t\t   data-lightbox-sbi=\"\"\n\t\t\t   data-title=\"\ud83c\udf78\ud83e\uded2\ud83d\udcd6 Comencem el setembre amb les piles ben carregades!&lt;br&gt;\n&lt;br&gt;\n\u27a1\ufe0f Un espai per parlar de literatura, idees i actualitat, en un ambient tranquil, obert a tothom, i amb un vermut gratu\u00eft! &lt;br&gt;\n&lt;br&gt;\n\ud83d\udde3\ufe0f En aquesta ocasi\u00f3, la periodista cultural Cl\u00e0udia Rius (@claudiariwz) conversar\u00e0 amb el professor i fil\u00f2sof Francesc Torralba, conegut per la seva extensa carrera.&lt;br&gt;\n&lt;br&gt;\n\u2795 Sobre Francesc Torralba: Nascut a Barcelona el 1967. \u00c9s catedr\u00e0tic de la Universitat Ramon Llull i dirigeix la C\u00e0tedra Ethos d\u2019\u00e8tica aplicada. La seva obra tracta sobretot l\u2019\u00e8tica, la filosofia, la religi\u00f3 i el sentit de la vida, intentant apropar la reflexi\u00f3 filos\u00f2fica al p\u00fablic general. Ha publicat m\u00e9s de 100 llibres i nombrosos articles.&lt;br&gt;\n&lt;br&gt;\nTamb\u00e9 ha estat membre de diversos organismes d\u2019\u00e8tica i, actualment, forma part del Dicasteri per a la Cultura i l\u2019Educaci\u00f3 de la Santa Seu, nomenat pel papa Francesc.&lt;br&gt;\n&lt;br&gt;\n\ud83d\uddd3\ufe0f Dissabte 5 de setembre a les 18:45 h&lt;br&gt;\n\ud83d\udccd Pla\u00e7a Major&lt;br&gt;\n\ud83e\uded2 Amb vermut gratu\u00eft incl\u00f2s!&lt;br&gt;\n&lt;br&gt;\nUs hi esperem!\"\n\t\t\t   data-video=\"\"\n\t\t\t   data-carousel=\"{&quot;data&quot;:[{&quot;type&quot;:&quot;image&quot;,&quot;media&quot;:&quot;https:\\\/\\\/scontent-mad1-1.cdninstagram.com\\\/v\\\/t51.82787-15\\\/790993301_18087006725671493_7438609660351467289_n.jpg?stp=dst-jpg_e35_tt6&amp;_nc_cat=100&amp;ccb=7-5&amp;_nc_sid=18de74&amp;efg=eyJlZmdfdGFnIjoiQ0FST1VTRUxfSVRFTS5iZXN0X2ltYWdlX3VybGdlbi5DMyJ9&amp;_nc_ohc=ewdKuEk_NGEQ7kNvwGS83oj&amp;_nc_oc=AdqrvcLual31L1mbz3M_6QYzZtMw7JxYJjdLUAfeFi0wqw70s2t_xF2ao4OYz_wLIYM&amp;_nc_zt=23&amp;_nc_ht=scontent-mad1-1.cdninstagram.com&amp;edm=ANo9K5cEAAAA&amp;_nc_gid=WGPGNTB4sOa6iY8ggNoVPA&amp;_nc_tpa=Q5bMBQK90ug66f3klbD5ky1ckCxvG7oQCh4C-nA_6x9KagUZ8Ownx_XL_DPGx9RKyHr_ZBSkwPwpVECU9A&amp;oh=00_AQIbOWg9IKBKNK3Zbpqh7mv7XhPfSyEgaa5mWzVfKNkc8w&amp;oe=6A9F4E22&quot;},{&quot;type&quot;:&quot;image&quot;,&quot;media&quot;:&quot;https:\\\/\\\/scontent-mad2-1.cdninstagram.com\\\/v\\\/t51.82787-15\\\/791096341_18087006716671493_6104152108947268299_n.jpg?stp=dst-jpg_e35_tt6&amp;_nc_cat=109&amp;ccb=7-5&amp;_nc_sid=18de74&amp;efg=eyJlZmdfdGFnIjoiQ0FST1VTRUxfSVRFTS5iZXN0X2ltYWdlX3VybGdlbi5DMyJ9&amp;_nc_ohc=P6FVWt8E1a4Q7kNvwHJvOYV&amp;_nc_oc=Adp5cak0MlyekEtUO8RcuyATOlHZjwxtAmrP0qDfpLQFqe-zoKci8FkHyF1jiuCd_VI&amp;_nc_zt=23&amp;_nc_ht=scontent-mad2-1.cdninstagram.com&amp;edm=ANo9K5cEAAAA&amp;_nc_gid=WGPGNTB4sOa6iY8ggNoVPA&amp;_nc_tpa=Q5bMBQIWYfuDl-OmVPXdAS2aKN7_5J0cSjOo-cXZA0mYxpSh1E0eoi27FYEUly_vukJptGl-2rBvgpYULg&amp;oh=00_AQKkwfux_kgIKIy2VksUpATsGq5ZjWjFnLucsDKsNAIxgA&amp;oe=6A9F2BEF&quot;}],&quot;vid_first&quot;:false}\"\n\t\t\t   data-id=\"sbi_17904421191537224\" data-user=\"calongepobledellibres\"\n\t\t\t   data-url=\"https:\/\/www.instagram.com\/p\/DcsqXgGllaV\/\" data-avatar=\"https:\/\/scontent-mad1-1.cdninstagram.com\/v\/t51.2885-19\/359145968_1734825563698315_2145336362084773935_n.jpg?stp=dst-jpg_s206x206_tt6&amp;_nc_cat=106&amp;ccb=7-5&amp;_nc_sid=bf7eb4&amp;efg=eyJ2ZW5jb2RlX3RhZyI6InByb2ZpbGVfcGljLnd3dy4xMDgwLkMzIn0%3D&amp;_nc_ohc=FslqNb91nvgQ7kNvwHV6FuG&amp;_nc_oc=AdqyXZZg8GoylX8LiIn6KexusVy2y5RMRp6PADA9je4pxDM51tBo4NzJvPIBaUp7bNk&amp;_nc_zt=24&amp;_nc_ht=scontent-mad1-1.cdninstagram.com&amp;edm=AP4hL3IEAAAA&amp;_nc_tpa=Q5bMBQKO0018aCOxNGFXxcxC2eXknSXTXNodaMvV4GjFIHRiCe5aQu_xNb04UrMf59z18Wc___9DfAOM6g&amp;oh=00_AQIc9sfdeL6ZHj9sPSxoUcuQRC3S023RRxOIWBFBhRiFtw&amp;oe=6A9F38BD\"\n\t\t\t   data-account-type=\"business\"\n\t\t\t   data-iframe=''\n\t\t\t   data-media-type=\"feed\"\n\t\t\t   data-posted-on=\"\"\n\t\t\t   data-custom-avatar=\"\">\n\t\t\t\t<span class=\"sbi-screenreader\">\n\t\t\t\t\tOpen post by calongepobledellibres with ID 17904421191537224\t\t\t\t<\/span>\n\t\t\t\t\t\t\t<\/a>\n\t\t<\/div>\n\n\t\t<a class=\"sbi_photo\" target=\"_blank\" rel=\"nofollow noopener\" href=\"https:\/\/www.instagram.com\/p\/DcsqXgGllaV\/\"\n\t\t   data-full-res=\"https:\/\/scontent-mad1-1.cdninstagram.com\/v\/t51.82787-15\/790993301_18087006725671493_7438609660351467289_n.jpg?stp=dst-jpg_e35_tt6&#038;_nc_cat=100&#038;ccb=7-5&#038;_nc_sid=18de74&#038;efg=eyJlZmdfdGFnIjoiQ0FST1VTRUxfSVRFTS5iZXN0X2ltYWdlX3VybGdlbi5DMyJ9&#038;_nc_ohc=ewdKuEk_NGEQ7kNvwGS83oj&#038;_nc_oc=AdqrvcLual31L1mbz3M_6QYzZtMw7JxYJjdLUAfeFi0wqw70s2t_xF2ao4OYz_wLIYM&#038;_nc_zt=23&#038;_nc_ht=scontent-mad1-1.cdninstagram.com&#038;edm=ANo9K5cEAAAA&#038;_nc_gid=WGPGNTB4sOa6iY8ggNoVPA&#038;_nc_tpa=Q5bMBQJJz7aYJ1f1XjpdHOVYJXMR-wbN4PyJGZIoAeyNTdqOZMiWS6dworwZfrpfrC7R6WBj46tGgM86KQ&#038;oh=00_AQLK9ADdyOfCzowjDwY45KNaY6UAlx1ob-89d9ZW6j4yVQ&#038;oe=6A9F4E22\"\n\t\t   data-img-src-set=\"{&quot;d&quot;:&quot;https:\\\/\\\/scontent-mad1-1.cdninstagram.com\\\/v\\\/t51.82787-15\\\/790993301_18087006725671493_7438609660351467289_n.jpg?stp=dst-jpg_e35_tt6&amp;_nc_cat=100&amp;ccb=7-5&amp;_nc_sid=18de74&amp;efg=eyJlZmdfdGFnIjoiQ0FST1VTRUxfSVRFTS5iZXN0X2ltYWdlX3VybGdlbi5DMyJ9&amp;_nc_ohc=ewdKuEk_NGEQ7kNvwGS83oj&amp;_nc_oc=AdqrvcLual31L1mbz3M_6QYzZtMw7JxYJjdLUAfeFi0wqw70s2t_xF2ao4OYz_wLIYM&amp;_nc_zt=23&amp;_nc_ht=scontent-mad1-1.cdninstagram.com&amp;edm=ANo9K5cEAAAA&amp;_nc_gid=WGPGNTB4sOa6iY8ggNoVPA&amp;_nc_tpa=Q5bMBQJJz7aYJ1f1XjpdHOVYJXMR-wbN4PyJGZIoAeyNTdqOZMiWS6dworwZfrpfrC7R6WBj46tGgM86KQ&amp;oh=00_AQLK9ADdyOfCzowjDwY45KNaY6UAlx1ob-89d9ZW6j4yVQ&amp;oe=6A9F4E22&quot;,&quot;150&quot;:&quot;https:\\\/\\\/scontent-mad1-1.cdninstagram.com\\\/v\\\/t51.82787-15\\\/790993301_18087006725671493_7438609660351467289_n.jpg?stp=dst-jpg_e35_tt6&amp;_nc_cat=100&amp;ccb=7-5&amp;_nc_sid=18de74&amp;efg=eyJlZmdfdGFnIjoiQ0FST1VTRUxfSVRFTS5iZXN0X2ltYWdlX3VybGdlbi5DMyJ9&amp;_nc_ohc=ewdKuEk_NGEQ7kNvwGS83oj&amp;_nc_oc=AdqrvcLual31L1mbz3M_6QYzZtMw7JxYJjdLUAfeFi0wqw70s2t_xF2ao4OYz_wLIYM&amp;_nc_zt=23&amp;_nc_ht=scontent-mad1-1.cdninstagram.com&amp;edm=ANo9K5cEAAAA&amp;_nc_gid=WGPGNTB4sOa6iY8ggNoVPA&amp;_nc_tpa=Q5bMBQJJz7aYJ1f1XjpdHOVYJXMR-wbN4PyJGZIoAeyNTdqOZMiWS6dworwZfrpfrC7R6WBj46tGgM86KQ&amp;oh=00_AQLK9ADdyOfCzowjDwY45KNaY6UAlx1ob-89d9ZW6j4yVQ&amp;oe=6A9F4E22&quot;,&quot;320&quot;:&quot;https:\\\/\\\/scontent-mad1-1.cdninstagram.com\\\/v\\\/t51.82787-15\\\/790993301_18087006725671493_7438609660351467289_n.jpg?stp=dst-jpg_e35_tt6&amp;_nc_cat=100&amp;ccb=7-5&amp;_nc_sid=18de74&amp;efg=eyJlZmdfdGFnIjoiQ0FST1VTRUxfSVRFTS5iZXN0X2ltYWdlX3VybGdlbi5DMyJ9&amp;_nc_ohc=ewdKuEk_NGEQ7kNvwGS83oj&amp;_nc_oc=AdqrvcLual31L1mbz3M_6QYzZtMw7JxYJjdLUAfeFi0wqw70s2t_xF2ao4OYz_wLIYM&amp;_nc_zt=23&amp;_nc_ht=scontent-mad1-1.cdninstagram.com&amp;edm=ANo9K5cEAAAA&amp;_nc_gid=WGPGNTB4sOa6iY8ggNoVPA&amp;_nc_tpa=Q5bMBQJJz7aYJ1f1XjpdHOVYJXMR-wbN4PyJGZIoAeyNTdqOZMiWS6dworwZfrpfrC7R6WBj46tGgM86KQ&amp;oh=00_AQLK9ADdyOfCzowjDwY45KNaY6UAlx1ob-89d9ZW6j4yVQ&amp;oe=6A9F4E22&quot;,&quot;640&quot;:&quot;https:\\\/\\\/scontent-mad1-1.cdninstagram.com\\\/v\\\/t51.82787-15\\\/790993301_18087006725671493_7438609660351467289_n.jpg?stp=dst-jpg_e35_tt6&amp;_nc_cat=100&amp;ccb=7-5&amp;_nc_sid=18de74&amp;efg=eyJlZmdfdGFnIjoiQ0FST1VTRUxfSVRFTS5iZXN0X2ltYWdlX3VybGdlbi5DMyJ9&amp;_nc_ohc=ewdKuEk_NGEQ7kNvwGS83oj&amp;_nc_oc=AdqrvcLual31L1mbz3M_6QYzZtMw7JxYJjdLUAfeFi0wqw70s2t_xF2ao4OYz_wLIYM&amp;_nc_zt=23&amp;_nc_ht=scontent-mad1-1.cdninstagram.com&amp;edm=ANo9K5cEAAAA&amp;_nc_gid=WGPGNTB4sOa6iY8ggNoVPA&amp;_nc_tpa=Q5bMBQJJz7aYJ1f1XjpdHOVYJXMR-wbN4PyJGZIoAeyNTdqOZMiWS6dworwZfrpfrC7R6WBj46tGgM86KQ&amp;oh=00_AQLK9ADdyOfCzowjDwY45KNaY6UAlx1ob-89d9ZW6j4yVQ&amp;oe=6A9F4E22&quot;}\"\n\t\t   tabindex=\"-1\">\n\t\t\t<img decoding=\"async\" src=\"https:\/\/pobledellibres.cat\/wp-content\/plugins\/instagram-feed-pro\/img\/placeholder.png\" alt=\"\ud83c\udf78\ud83e\uded2\ud83d\udcd6 Comencem el setembre amb les piles ben carregades!\n\n\u27a1\ufe0f Un espai per parlar de literatura, idees i actualitat, en un ambient tranquil, obert a tothom, i amb un vermut gratu\u00eft! \n\n\ud83d\udde3\ufe0f En aquesta ocasi\u00f3, la periodista cultural Cl\u00e0udia Rius (@claudiariwz) conversar\u00e0 amb el professor i fil\u00f2sof Francesc Torralba, conegut per la seva extensa carrera.\n\n\u2795 Sobre Francesc Torralba: Nascut a Barcelona el 1967. \u00c9s catedr\u00e0tic de la Universitat Ramon Llull i dirigeix la C\u00e0tedra Ethos d\u2019\u00e8tica aplicada. La seva obra tracta sobretot l\u2019\u00e8tica, la filosofia, la religi\u00f3 i el sentit de la vida, intentant apropar la reflexi\u00f3 filos\u00f2fica al p\u00fablic general. Ha publicat m\u00e9s de 100 llibres i nombrosos articles.\n\nTamb\u00e9 ha estat membre de diversos organismes d\u2019\u00e8tica i, actualment, forma part del Dicasteri per a la Cultura i l\u2019Educaci\u00f3 de la Santa Seu, nomenat pel papa Francesc.\n\n\ud83d\uddd3\ufe0f Dissabte 5 de setembre a les 18:45 h\n\ud83d\udccd Pla\u00e7a Major\n\ud83e\uded2 Amb vermut gratu\u00eft incl\u00f2s!\n\nUs hi esperem!\">\n\t\t<\/a>\n\t<\/div>\n\n\n\t\t\n\t\t<div class=\"sbi_info_wrapper\">\n\t\t\t<div class=\"sbi_info \">\n\n\t\t\t\t\n\t\t\t\t<div class=\"sbi_meta_wrap\">\n\t\t\t\t\t\n\t\t\t\t\t\t\t\t\t<\/div>\n\t\t\t<\/div>\n\t\t<\/div>\n\t<\/div>\n\n\t<div class=\"sbi-divider\"><\/div>\n<\/div>\n<div class=\"sbi_item sbi_type_carousel sbi_new sbi_transition\"\t id=\"sbi_18203691049369161\" data-date=\"1787645037\"\n\t data-numcomments=\"0\" data-template=\"ft_default\">\n\t<div class=\"sbi_inner_wrap\" >\n\n\t\t\n\t\t\t<div class=\"sbi_photo_wrap\"  style=\"border-radius: inherit;\">\n\t\t\t\t<svg class=\"svg-inline--fa fa-clone fa-w-16 sbi_lightbox_carousel_icon\" aria-hidden=\"true\" aria-label=\"Clone\" data-fa-pro\u0192cessed=\"\" data-prefix=\"far\" data-icon=\"clone\" role=\"img\" xmlns=\"http:\/\/www.w3.org\/2000\/svg\" viewBox=\"0 0 512 512\">\n                    <path fill=\"currentColor\" d=\"M464 0H144c-26.51 0-48 21.49-48 48v48H48c-26.51 0-48 21.49-48 48v320c0 26.51 21.49 48 48 48h320c26.51 0 48-21.49 48-48v-48h48c26.51 0 48-21.49 48-48V48c0-26.51-21.49-48-48-48zM362 464H54a6 6 0 0 1-6-6V150a6 6 0 0 1 6-6h42v224c0 26.51 21.49 48 48 48h224v42a6 6 0 0 1-6 6zm96-96H150a6 6 0 0 1-6-6V54a6 6 0 0 1 6-6h308a6 6 0 0 1 6 6v308a6 6 0 0 1-6 6z\"><\/path>\n                <\/svg>\t\t\n\t\t<div  style=\"background: rgba(0,0,0,0.85)\"  class=\"sbi_link \" >\n\t\t\t<div class=\"sbi_hover_top\">\n\n\t\t\t\t\t<p class=\"sbi_hover_caption_wrap\"\n\t\t>\n\t\t<span\n\t\t\tclass=\"sbi_caption\">\ud83d\udcda Hi ha hist\u00f2ries que passen de generaci\u00f3 en generaci\u00f3 i que sempre troben nous lectors.<br><br>Aquest estiu, recuperem sis cl\u00e0ssics per llegir en fam\u00edlia, compartir una estona plegats i descobrir tot el que s\u2019amaga darrere de cada conte.<br><br>\ud83d\udc66 En Patufet (@estrellapolaredicions)<br>\ud83d\udc3a La Caputxeta Vermella (@flamboyanteditorial)<br>\ud83c\udf1f El Petit Pr\u00edncep (@salamandraed)<br>\ud83c\udf4e Blancaneu (@bromeraed)<br>\ud83d\udc37 Els tres porquets (@combeleditorial)<br>\ud83e\ude96 El soldadet de plom (@baula_editorial)<br><br>Llegir-los junts \u00e9s tamb\u00e9 una oportunitat per conversar, fer preguntes, imaginar finals diferents i escoltar com els m\u00e9s petits interpreten el m\u00f3n.<br><br>Quin d\u2019aquests cl\u00e0ssics no pot faltar a casa vostra? \ud83d\udc68\u200d\ud83d\udc69\u200d\ud83d\udc67\u200d\ud83d\udc66\ud83d\udcd6<\/span>\n\t<\/p>\n\n\t\t\t<\/div>\n\n\t\t\t\n\t\t\t<div class=\"sbi_hover_bottom \" >\n\n\t\t\t\t\n\t\t\t\t\t\t\t\t\t<div\n\t\t\t\t\t\tclass=\"sbi_meta\" >\n\n\t\t\t\t\t\t\t<span\n\t\tclass=\"sbi_likes\" style=\"font-size: 13px;\" >\n\t\t<svg  style=\"font-size: 13px;\" class=\"svg-inline--fa fa-heart fa-w-18\" aria-hidden=\"true\" data-fa-processed=\"\" data-prefix=\"fa\" data-icon=\"heart\" role=\"presentation\" xmlns=\"http:\/\/www.w3.org\/2000\/svg\" viewBox=\"0 0 576 512\"><path fill=\"currentColor\" d=\"M414.9 24C361.8 24 312 65.7 288 89.3 264 65.7 214.2 24 161.1 24 70.3 24 16 76.9 16 165.5c0 72.6 66.8 133.3 69.2 135.4l187 180.8c8.8 8.5 22.8 8.5 31.6 0l186.7-180.2c2.7-2.7 69.5-63.5 69.5-136C560 76.9 505.7 24 414.9 24z\"><\/path><\/svg>\t\t43\t<\/span>\n\t<span\n\t\tclass=\"sbi_comments\" style=\"font-size: 13px;\" >\n\t\t<svg  style=\"font-size: 13px;\" class=\"svg-inline--fa fa-comment fa-w-18\" aria-hidden=\"true\" data-fa-processed=\"\" data-prefix=\"fa\" data-icon=\"comment\" role=\"presentation\" xmlns=\"http:\/\/www.w3.org\/2000\/svg\" viewBox=\"0 0 576 512\"><path fill=\"currentColor\" d=\"M576 240c0 115-129 208-288 208-48.3 0-93.9-8.6-133.9-23.8-40.3 31.2-89.8 50.3-142.4 55.7-5.2.6-10.2-2.8-11.5-7.7-1.3-5 2.7-8.1 6.6-11.8 19.3-18.4 42.7-32.8 51.9-94.6C21.9 330.9 0 287.3 0 240 0 125.1 129 32 288 32s288 93.1 288 208z\"><\/path><\/svg>\t\t0\t<\/span>\n\t\t\t\t\t<\/div>\n\t\t\t\t\n\t\t\t<\/div>\n\n\t\t\t<a class=\"sbi_link_area nofancybox\" rel=\"nofollow noopener\" href=\"https:\/\/scontent-mad1-1.cdninstagram.com\/v\/t51.82787-15\/786313689_18086117663671493_3888540345060344814_n.jpg?stp=dst-jpg_e35_tt6&#038;_nc_cat=103&#038;ccb=7-5&#038;_nc_sid=18de74&#038;efg=eyJlZmdfdGFnIjoiQ0FST1VTRUxfSVRFTS5iZXN0X2ltYWdlX3VybGdlbi5DMyJ9&#038;_nc_ohc=5EWVXpbVFJQQ7kNvwFzHpNA&#038;_nc_oc=AdoGH8BFikeDuvi0ojC5JzXlJTXXmz7wJohyh8WXy1V4jATbcvkLnHhRe0NaQ_gkuLc&#038;_nc_zt=23&#038;_nc_ht=scontent-mad1-1.cdninstagram.com&#038;edm=ANo9K5cEAAAA&#038;_nc_gid=WGPGNTB4sOa6iY8ggNoVPA&#038;_nc_tpa=Q5bMBQKheGFgqdSbHuwZ8aN1zWZN6oNLUFXF_NLmrN81AGodk05NV08co0GB8L0kZbbMoa9bOshI8qE8zA&#038;oh=00_AQLfgBjFNvRZNIYY-LG5EksVoPJkmslRP6k4h1ysbwBbrA&#038;oe=6A9F4A90\"\n\t\t\t   data-lightbox-sbi=\"\"\n\t\t\t   data-title=\"\ud83d\udcda Hi ha hist\u00f2ries que passen de generaci\u00f3 en generaci\u00f3 i que sempre troben nous lectors.&lt;br&gt;\n&lt;br&gt;\nAquest estiu, recuperem sis cl\u00e0ssics per llegir en fam\u00edlia, compartir una estona plegats i descobrir tot el que s\u2019amaga darrere de cada conte.&lt;br&gt;\n&lt;br&gt;\n\ud83d\udc66 En Patufet (@estrellapolaredicions)&lt;br&gt;\n\ud83d\udc3a La Caputxeta Vermella (@flamboyanteditorial)&lt;br&gt;\n\ud83c\udf1f El Petit Pr\u00edncep (@salamandraed)&lt;br&gt;\n\ud83c\udf4e Blancaneu (@bromeraed)&lt;br&gt;\n\ud83d\udc37 Els tres porquets (@combeleditorial)&lt;br&gt;\n\ud83e\ude96 El soldadet de plom (@baula_editorial)&lt;br&gt;\n&lt;br&gt;\nLlegir-los junts \u00e9s tamb\u00e9 una oportunitat per conversar, fer preguntes, imaginar finals diferents i escoltar com els m\u00e9s petits interpreten el m\u00f3n.&lt;br&gt;\n&lt;br&gt;\nQuin d\u2019aquests cl\u00e0ssics no pot faltar a casa vostra? \ud83d\udc68\u200d\ud83d\udc69\u200d\ud83d\udc67\u200d\ud83d\udc66\ud83d\udcd6\"\n\t\t\t   data-video=\"\"\n\t\t\t   data-carousel=\"{&quot;data&quot;:[{&quot;type&quot;:&quot;image&quot;,&quot;media&quot;:&quot;https:\\\/\\\/scontent-mad1-1.cdninstagram.com\\\/v\\\/t51.82787-15\\\/786313689_18086117663671493_3888540345060344814_n.jpg?stp=dst-jpg_e35_tt6&amp;_nc_cat=103&amp;ccb=7-5&amp;_nc_sid=18de74&amp;efg=eyJlZmdfdGFnIjoiQ0FST1VTRUxfSVRFTS5iZXN0X2ltYWdlX3VybGdlbi5DMyJ9&amp;_nc_ohc=5EWVXpbVFJQQ7kNvwFzHpNA&amp;_nc_oc=AdoGH8BFikeDuvi0ojC5JzXlJTXXmz7wJohyh8WXy1V4jATbcvkLnHhRe0NaQ_gkuLc&amp;_nc_zt=23&amp;_nc_ht=scontent-mad1-1.cdninstagram.com&amp;edm=ANo9K5cEAAAA&amp;_nc_gid=WGPGNTB4sOa6iY8ggNoVPA&amp;_nc_tpa=Q5bMBQJjZPklTWu5-hBY49wp76YtPlxPKN6NlzFzaT8snq2jBRNK54wYJu2ys-n1FlcFRTEmftguO-aJGQ&amp;oh=00_AQKS9ycKFQULsA-9jgGPi9_nvUaKTgfgkSne-XI8iEIMTg&amp;oe=6A9F4A90&quot;},{&quot;type&quot;:&quot;image&quot;,&quot;media&quot;:&quot;https:\\\/\\\/scontent-mad1-1.cdninstagram.com\\\/v\\\/t51.82787-15\\\/786801183_18086117684671493_6466514339933307456_n.jpg?stp=dst-jpg_e35_tt6&amp;_nc_cat=103&amp;ccb=7-5&amp;_nc_sid=18de74&amp;efg=eyJlZmdfdGFnIjoiQ0FST1VTRUxfSVRFTS5iZXN0X2ltYWdlX3VybGdlbi5DMyJ9&amp;_nc_ohc=sBM_VVPFjMoQ7kNvwHfGV0f&amp;_nc_oc=AdqRKtMiQt_2EDzJFNpEy-EvCXG_VMPiLn4fgYJxzI94Vy2mchS2QZkex0_IpC7RQPs&amp;_nc_zt=23&amp;_nc_ht=scontent-mad1-1.cdninstagram.com&amp;edm=ANo9K5cEAAAA&amp;_nc_gid=WGPGNTB4sOa6iY8ggNoVPA&amp;_nc_tpa=Q5bMBQJG_2Fal7QxPqdal7x6mnBrcngVG-CSIKY4w6TFf-A6Oxa4iFbDz6TNm8ZDJxfKJSaLhSlTfPeEGA&amp;oh=00_AQKX40CzFbF-qihex2IwOnVwp_r_MiNW90Cq_Tt6ODoBTw&amp;oe=6A9F499D&quot;},{&quot;type&quot;:&quot;image&quot;,&quot;media&quot;:&quot;https:\\\/\\\/scontent-mad1-1.cdninstagram.com\\\/v\\\/t51.82787-15\\\/785993010_18086117711671493_3237522865926644985_n.jpg?stp=dst-jpg_e35_tt6&amp;_nc_cat=105&amp;ccb=7-5&amp;_nc_sid=18de74&amp;efg=eyJlZmdfdGFnIjoiQ0FST1VTRUxfSVRFTS5iZXN0X2ltYWdlX3VybGdlbi5DMyJ9&amp;_nc_ohc=LS6ylXBuuikQ7kNvwETI5dj&amp;_nc_oc=Adqio_1U5wHjuQ2gGKJhf6dBbww7vHWOjgwHnYkZ0HGgRU-UkMYXgC6TL5QNlpnrSyE&amp;_nc_zt=23&amp;_nc_ht=scontent-mad1-1.cdninstagram.com&amp;edm=ANo9K5cEAAAA&amp;_nc_gid=WGPGNTB4sOa6iY8ggNoVPA&amp;_nc_tpa=Q5bMBQKZ72Zi1CUQdbhYaoS5m9qagkMu_llnH6-6vBEB6px4kE0a7xqNKsCj_Ae7oME4ytyl_7REsi7CWQ&amp;oh=00_AQKydvdIVdlr6KTduY6Bm4bhWJ1K164DH4mE8C1R8QlGKQ&amp;oe=6A9F491C&quot;},{&quot;type&quot;:&quot;image&quot;,&quot;media&quot;:&quot;https:\\\/\\\/scontent-mad2-1.cdninstagram.com\\\/v\\\/t51.82787-15\\\/786452979_18086117768671493_6179223605863724242_n.jpg?stp=dst-jpg_e35_tt6&amp;_nc_cat=104&amp;ccb=7-5&amp;_nc_sid=18de74&amp;efg=eyJlZmdfdGFnIjoiQ0FST1VTRUxfSVRFTS5iZXN0X2ltYWdlX3VybGdlbi5DMyJ9&amp;_nc_ohc=zluWwV1M8SUQ7kNvwHUoYMI&amp;_nc_oc=Adq8Xg4AbnpGuz3h6KYxvHfjKcenFINid-EuU0V8uqQOTGbaXENEZdiw8D2I_bbwWuQ&amp;_nc_zt=23&amp;_nc_ht=scontent-mad2-1.cdninstagram.com&amp;edm=ANo9K5cEAAAA&amp;_nc_gid=WGPGNTB4sOa6iY8ggNoVPA&amp;_nc_tpa=Q5bMBQLVjsjzMTLTFlt-vnQdBuFwJaqugtGlM1btsBhQrXIjSekUtz5OeR-QUdFLbKb3BJYLjqiKvAmj_Q&amp;oh=00_AQISUoz6cAXc9RAoWtbooyO1kAPN95ikXbswbDPeWaDDbA&amp;oe=6A9F4023&quot;}],&quot;vid_first&quot;:false}\"\n\t\t\t   data-id=\"sbi_18203691049369161\" data-user=\"calongepobledellibres\"\n\t\t\t   data-url=\"https:\/\/www.instagram.com\/p\/DcdKa9wirxc\/\" data-avatar=\"https:\/\/scontent-mad1-1.cdninstagram.com\/v\/t51.2885-19\/359145968_1734825563698315_2145336362084773935_n.jpg?stp=dst-jpg_s206x206_tt6&amp;_nc_cat=106&amp;ccb=7-5&amp;_nc_sid=bf7eb4&amp;efg=eyJ2ZW5jb2RlX3RhZyI6InByb2ZpbGVfcGljLnd3dy4xMDgwLkMzIn0%3D&amp;_nc_ohc=FslqNb91nvgQ7kNvwHV6FuG&amp;_nc_oc=AdqyXZZg8GoylX8LiIn6KexusVy2y5RMRp6PADA9je4pxDM51tBo4NzJvPIBaUp7bNk&amp;_nc_zt=24&amp;_nc_ht=scontent-mad1-1.cdninstagram.com&amp;edm=AP4hL3IEAAAA&amp;_nc_tpa=Q5bMBQKO0018aCOxNGFXxcxC2eXknSXTXNodaMvV4GjFIHRiCe5aQu_xNb04UrMf59z18Wc___9DfAOM6g&amp;oh=00_AQIc9sfdeL6ZHj9sPSxoUcuQRC3S023RRxOIWBFBhRiFtw&amp;oe=6A9F38BD\"\n\t\t\t   data-account-type=\"business\"\n\t\t\t   data-iframe=''\n\t\t\t   data-media-type=\"feed\"\n\t\t\t   data-posted-on=\"\"\n\t\t\t   data-custom-avatar=\"\">\n\t\t\t\t<span class=\"sbi-screenreader\">\n\t\t\t\t\tOpen post by calongepobledellibres with ID 18203691049369161\t\t\t\t<\/span>\n\t\t\t\t\t\t\t<\/a>\n\t\t<\/div>\n\n\t\t<a class=\"sbi_photo\" target=\"_blank\" rel=\"nofollow noopener\" href=\"https:\/\/www.instagram.com\/p\/DcdKa9wirxc\/\"\n\t\t   data-full-res=\"https:\/\/scontent-mad1-1.cdninstagram.com\/v\/t51.82787-15\/786313689_18086117663671493_3888540345060344814_n.jpg?stp=dst-jpg_e35_tt6&#038;_nc_cat=103&#038;ccb=7-5&#038;_nc_sid=18de74&#038;efg=eyJlZmdfdGFnIjoiQ0FST1VTRUxfSVRFTS5iZXN0X2ltYWdlX3VybGdlbi5DMyJ9&#038;_nc_ohc=5EWVXpbVFJQQ7kNvwFzHpNA&#038;_nc_oc=AdoGH8BFikeDuvi0ojC5JzXlJTXXmz7wJohyh8WXy1V4jATbcvkLnHhRe0NaQ_gkuLc&#038;_nc_zt=23&#038;_nc_ht=scontent-mad1-1.cdninstagram.com&#038;edm=ANo9K5cEAAAA&#038;_nc_gid=WGPGNTB4sOa6iY8ggNoVPA&#038;_nc_tpa=Q5bMBQKheGFgqdSbHuwZ8aN1zWZN6oNLUFXF_NLmrN81AGodk05NV08co0GB8L0kZbbMoa9bOshI8qE8zA&#038;oh=00_AQLfgBjFNvRZNIYY-LG5EksVoPJkmslRP6k4h1ysbwBbrA&#038;oe=6A9F4A90\"\n\t\t   data-img-src-set=\"{&quot;d&quot;:&quot;https:\\\/\\\/scontent-mad1-1.cdninstagram.com\\\/v\\\/t51.82787-15\\\/786313689_18086117663671493_3888540345060344814_n.jpg?stp=dst-jpg_e35_tt6&amp;_nc_cat=103&amp;ccb=7-5&amp;_nc_sid=18de74&amp;efg=eyJlZmdfdGFnIjoiQ0FST1VTRUxfSVRFTS5iZXN0X2ltYWdlX3VybGdlbi5DMyJ9&amp;_nc_ohc=5EWVXpbVFJQQ7kNvwFzHpNA&amp;_nc_oc=AdoGH8BFikeDuvi0ojC5JzXlJTXXmz7wJohyh8WXy1V4jATbcvkLnHhRe0NaQ_gkuLc&amp;_nc_zt=23&amp;_nc_ht=scontent-mad1-1.cdninstagram.com&amp;edm=ANo9K5cEAAAA&amp;_nc_gid=WGPGNTB4sOa6iY8ggNoVPA&amp;_nc_tpa=Q5bMBQKheGFgqdSbHuwZ8aN1zWZN6oNLUFXF_NLmrN81AGodk05NV08co0GB8L0kZbbMoa9bOshI8qE8zA&amp;oh=00_AQLfgBjFNvRZNIYY-LG5EksVoPJkmslRP6k4h1ysbwBbrA&amp;oe=6A9F4A90&quot;,&quot;150&quot;:&quot;https:\\\/\\\/scontent-mad1-1.cdninstagram.com\\\/v\\\/t51.82787-15\\\/786313689_18086117663671493_3888540345060344814_n.jpg?stp=dst-jpg_e35_tt6&amp;_nc_cat=103&amp;ccb=7-5&amp;_nc_sid=18de74&amp;efg=eyJlZmdfdGFnIjoiQ0FST1VTRUxfSVRFTS5iZXN0X2ltYWdlX3VybGdlbi5DMyJ9&amp;_nc_ohc=5EWVXpbVFJQQ7kNvwFzHpNA&amp;_nc_oc=AdoGH8BFikeDuvi0ojC5JzXlJTXXmz7wJohyh8WXy1V4jATbcvkLnHhRe0NaQ_gkuLc&amp;_nc_zt=23&amp;_nc_ht=scontent-mad1-1.cdninstagram.com&amp;edm=ANo9K5cEAAAA&amp;_nc_gid=WGPGNTB4sOa6iY8ggNoVPA&amp;_nc_tpa=Q5bMBQKheGFgqdSbHuwZ8aN1zWZN6oNLUFXF_NLmrN81AGodk05NV08co0GB8L0kZbbMoa9bOshI8qE8zA&amp;oh=00_AQLfgBjFNvRZNIYY-LG5EksVoPJkmslRP6k4h1ysbwBbrA&amp;oe=6A9F4A90&quot;,&quot;320&quot;:&quot;https:\\\/\\\/scontent-mad1-1.cdninstagram.com\\\/v\\\/t51.82787-15\\\/786313689_18086117663671493_3888540345060344814_n.jpg?stp=dst-jpg_e35_tt6&amp;_nc_cat=103&amp;ccb=7-5&amp;_nc_sid=18de74&amp;efg=eyJlZmdfdGFnIjoiQ0FST1VTRUxfSVRFTS5iZXN0X2ltYWdlX3VybGdlbi5DMyJ9&amp;_nc_ohc=5EWVXpbVFJQQ7kNvwFzHpNA&amp;_nc_oc=AdoGH8BFikeDuvi0ojC5JzXlJTXXmz7wJohyh8WXy1V4jATbcvkLnHhRe0NaQ_gkuLc&amp;_nc_zt=23&amp;_nc_ht=scontent-mad1-1.cdninstagram.com&amp;edm=ANo9K5cEAAAA&amp;_nc_gid=WGPGNTB4sOa6iY8ggNoVPA&amp;_nc_tpa=Q5bMBQKheGFgqdSbHuwZ8aN1zWZN6oNLUFXF_NLmrN81AGodk05NV08co0GB8L0kZbbMoa9bOshI8qE8zA&amp;oh=00_AQLfgBjFNvRZNIYY-LG5EksVoPJkmslRP6k4h1ysbwBbrA&amp;oe=6A9F4A90&quot;,&quot;640&quot;:&quot;https:\\\/\\\/scontent-mad1-1.cdninstagram.com\\\/v\\\/t51.82787-15\\\/786313689_18086117663671493_3888540345060344814_n.jpg?stp=dst-jpg_e35_tt6&amp;_nc_cat=103&amp;ccb=7-5&amp;_nc_sid=18de74&amp;efg=eyJlZmdfdGFnIjoiQ0FST1VTRUxfSVRFTS5iZXN0X2ltYWdlX3VybGdlbi5DMyJ9&amp;_nc_ohc=5EWVXpbVFJQQ7kNvwFzHpNA&amp;_nc_oc=AdoGH8BFikeDuvi0ojC5JzXlJTXXmz7wJohyh8WXy1V4jATbcvkLnHhRe0NaQ_gkuLc&amp;_nc_zt=23&amp;_nc_ht=scontent-mad1-1.cdninstagram.com&amp;edm=ANo9K5cEAAAA&amp;_nc_gid=WGPGNTB4sOa6iY8ggNoVPA&amp;_nc_tpa=Q5bMBQKheGFgqdSbHuwZ8aN1zWZN6oNLUFXF_NLmrN81AGodk05NV08co0GB8L0kZbbMoa9bOshI8qE8zA&amp;oh=00_AQLfgBjFNvRZNIYY-LG5EksVoPJkmslRP6k4h1ysbwBbrA&amp;oe=6A9F4A90&quot;}\"\n\t\t   tabindex=\"-1\">\n\t\t\t<img decoding=\"async\" src=\"https:\/\/pobledellibres.cat\/wp-content\/plugins\/instagram-feed-pro\/img\/placeholder.png\" alt=\"\ud83d\udcda Hi ha hist\u00f2ries que passen de generaci\u00f3 en generaci\u00f3 i que sempre troben nous lectors.\n\nAquest estiu, recuperem sis cl\u00e0ssics per llegir en fam\u00edlia, compartir una estona plegats i descobrir tot el que s\u2019amaga darrere de cada conte.\n\n\ud83d\udc66 En Patufet (@estrellapolaredicions)\n\ud83d\udc3a La Caputxeta Vermella (@flamboyanteditorial)\n\ud83c\udf1f El Petit Pr\u00edncep (@salamandraed)\n\ud83c\udf4e Blancaneu (@bromeraed)\n\ud83d\udc37 Els tres porquets (@combeleditorial)\n\ud83e\ude96 El soldadet de plom (@baula_editorial)\n\nLlegir-los junts \u00e9s tamb\u00e9 una oportunitat per conversar, fer preguntes, imaginar finals diferents i escoltar com els m\u00e9s petits interpreten el m\u00f3n.\n\nQuin d\u2019aquests cl\u00e0ssics no pot faltar a casa vostra? \ud83d\udc68\u200d\ud83d\udc69\u200d\ud83d\udc67\u200d\ud83d\udc66\ud83d\udcd6\">\n\t\t<\/a>\n\t<\/div>\n\n\n\t\t\n\t\t<div class=\"sbi_info_wrapper\">\n\t\t\t<div class=\"sbi_info \">\n\n\t\t\t\t\n\t\t\t\t<div class=\"sbi_meta_wrap\">\n\t\t\t\t\t\n\t\t\t\t\t\t\t\t\t<\/div>\n\t\t\t<\/div>\n\t\t<\/div>\n\t<\/div>\n\n\t<div class=\"sbi-divider\"><\/div>\n<\/div>\n<div class=\"sbi_item sbi_type_carousel sbi_new sbi_transition\"\t id=\"sbi_18378657604230117\" data-date=\"1787040307\"\n\t data-numcomments=\"0\" data-template=\"ft_default\">\n\t<div class=\"sbi_inner_wrap\" >\n\n\t\t\n\t\t\t<div class=\"sbi_photo_wrap\"  style=\"border-radius: inherit;\">\n\t\t\t\t<svg class=\"svg-inline--fa fa-clone fa-w-16 sbi_lightbox_carousel_icon\" aria-hidden=\"true\" aria-label=\"Clone\" data-fa-pro\u0192cessed=\"\" data-prefix=\"far\" data-icon=\"clone\" role=\"img\" xmlns=\"http:\/\/www.w3.org\/2000\/svg\" viewBox=\"0 0 512 512\">\n                    <path fill=\"currentColor\" d=\"M464 0H144c-26.51 0-48 21.49-48 48v48H48c-26.51 0-48 21.49-48 48v320c0 26.51 21.49 48 48 48h320c26.51 0 48-21.49 48-48v-48h48c26.51 0 48-21.49 48-48V48c0-26.51-21.49-48-48-48zM362 464H54a6 6 0 0 1-6-6V150a6 6 0 0 1 6-6h42v224c0 26.51 21.49 48 48 48h224v42a6 6 0 0 1-6 6zm96-96H150a6 6 0 0 1-6-6V54a6 6 0 0 1 6-6h308a6 6 0 0 1 6 6v308a6 6 0 0 1-6 6z\"><\/path>\n                <\/svg>\t\t\n\t\t<div  style=\"background: rgba(0,0,0,0.85)\"  class=\"sbi_link \" >\n\t\t\t<div class=\"sbi_hover_top\">\n\n\t\t\t\t\t<p class=\"sbi_hover_caption_wrap\"\n\t\t>\n\t\t<span\n\t\t\tclass=\"sbi_caption\">\u2600\ufe0f Salutacions des de l\u2019estiu!<br><br>Des de la platja, sota l\u2019ombra d\u2019un arbre o en aquell rac\u00f3 on sembla que el temps s\u2019aturi: les vacances s\u00f3n un bon moment per obrir un llibre i deixar-se portar.<br><br>\ud83d\udcda Aprofita els dies de vacances per avan\u00e7ar amb la pila de llibres que al gener et vas proposar llegir. \ud83d\ude0e<br><br>Bon estiu i bones lectures! \ud83c\udf0a\ud83c\udf3f<\/span>\n\t<\/p>\n\n\t\t\t<\/div>\n\n\t\t\t\n\t\t\t<div class=\"sbi_hover_bottom \" >\n\n\t\t\t\t\n\t\t\t\t\t\t\t\t\t<div\n\t\t\t\t\t\tclass=\"sbi_meta\" >\n\n\t\t\t\t\t\t\t<span\n\t\tclass=\"sbi_likes\" style=\"font-size: 13px;\" >\n\t\t<svg  style=\"font-size: 13px;\" class=\"svg-inline--fa fa-heart fa-w-18\" aria-hidden=\"true\" data-fa-processed=\"\" data-prefix=\"fa\" data-icon=\"heart\" role=\"presentation\" xmlns=\"http:\/\/www.w3.org\/2000\/svg\" viewBox=\"0 0 576 512\"><path fill=\"currentColor\" d=\"M414.9 24C361.8 24 312 65.7 288 89.3 264 65.7 214.2 24 161.1 24 70.3 24 16 76.9 16 165.5c0 72.6 66.8 133.3 69.2 135.4l187 180.8c8.8 8.5 22.8 8.5 31.6 0l186.7-180.2c2.7-2.7 69.5-63.5 69.5-136C560 76.9 505.7 24 414.9 24z\"><\/path><\/svg>\t\t98\t<\/span>\n\t<span\n\t\tclass=\"sbi_comments\" style=\"font-size: 13px;\" >\n\t\t<svg  style=\"font-size: 13px;\" class=\"svg-inline--fa fa-comment fa-w-18\" aria-hidden=\"true\" data-fa-processed=\"\" data-prefix=\"fa\" data-icon=\"comment\" role=\"presentation\" xmlns=\"http:\/\/www.w3.org\/2000\/svg\" viewBox=\"0 0 576 512\"><path fill=\"currentColor\" d=\"M576 240c0 115-129 208-288 208-48.3 0-93.9-8.6-133.9-23.8-40.3 31.2-89.8 50.3-142.4 55.7-5.2.6-10.2-2.8-11.5-7.7-1.3-5 2.7-8.1 6.6-11.8 19.3-18.4 42.7-32.8 51.9-94.6C21.9 330.9 0 287.3 0 240 0 125.1 129 32 288 32s288 93.1 288 208z\"><\/path><\/svg>\t\t0\t<\/span>\n\t\t\t\t\t<\/div>\n\t\t\t\t\n\t\t\t<\/div>\n\n\t\t\t<a class=\"sbi_link_area nofancybox\" rel=\"nofollow noopener\" href=\"https:\/\/scontent-mad2-1.cdninstagram.com\/v\/t51.82787-15\/775567309_18085036826671493_666190785758511415_n.jpg?stp=dst-jpg_e35_tt6&#038;_nc_cat=111&#038;ccb=7-5&#038;_nc_sid=18de74&#038;efg=eyJlZmdfdGFnIjoiQ0FST1VTRUxfSVRFTS5iZXN0X2ltYWdlX3VybGdlbi5DMyJ9&#038;_nc_ohc=asshPyV2p64Q7kNvwEAMlhP&#038;_nc_oc=AdqVvohk4cXXNPEcmDUhQS11WvHiF_UfJAC1xFjYySgwsxQPRy2OiqqO21dmm6bfjAo&#038;_nc_zt=23&#038;_nc_ht=scontent-mad2-1.cdninstagram.com&#038;edm=ANo9K5cEAAAA&#038;_nc_gid=WGPGNTB4sOa6iY8ggNoVPA&#038;_nc_tpa=Q5bMBQLTO77gx78tH98C8HkGCO7zCsxWtQcGpozaBfqlroybizkpJt0w5MVKEbEN02aMrV1nJavbpIw1XQ&#038;oh=00_AQLMeUquBOzjic7rbNmbEqWeesLMbkHW8X3jZ-Pi2cdfDg&#038;oe=6A9F3889\"\n\t\t\t   data-lightbox-sbi=\"\"\n\t\t\t   data-title=\"\u2600\ufe0f Salutacions des de l\u2019estiu!&lt;br&gt;\n&lt;br&gt;\nDes de la platja, sota l\u2019ombra d\u2019un arbre o en aquell rac\u00f3 on sembla que el temps s\u2019aturi: les vacances s\u00f3n un bon moment per obrir un llibre i deixar-se portar.&lt;br&gt;\n&lt;br&gt;\n\ud83d\udcda Aprofita els dies de vacances per avan\u00e7ar amb la pila de llibres que al gener et vas proposar llegir. \ud83d\ude0e&lt;br&gt;\n&lt;br&gt;\nBon estiu i bones lectures! \ud83c\udf0a\ud83c\udf3f\"\n\t\t\t   data-video=\"\"\n\t\t\t   data-carousel=\"{&quot;data&quot;:[{&quot;type&quot;:&quot;image&quot;,&quot;media&quot;:&quot;https:\\\/\\\/scontent-mad2-1.cdninstagram.com\\\/v\\\/t51.82787-15\\\/775567309_18085036826671493_666190785758511415_n.jpg?stp=dst-jpg_e35_tt6&amp;_nc_cat=111&amp;ccb=7-5&amp;_nc_sid=18de74&amp;efg=eyJlZmdfdGFnIjoiQ0FST1VTRUxfSVRFTS5iZXN0X2ltYWdlX3VybGdlbi5DMyJ9&amp;_nc_ohc=asshPyV2p64Q7kNvwEAMlhP&amp;_nc_oc=AdqVvohk4cXXNPEcmDUhQS11WvHiF_UfJAC1xFjYySgwsxQPRy2OiqqO21dmm6bfjAo&amp;_nc_zt=23&amp;_nc_ht=scontent-mad2-1.cdninstagram.com&amp;edm=ANo9K5cEAAAA&amp;_nc_gid=WGPGNTB4sOa6iY8ggNoVPA&amp;_nc_tpa=Q5bMBQJYvBLU5oRoDXatUqQMoDo3lUNJiRuDS6AAikTbTo0iKoQRnF1kIrpjQjDjBYZRat3EI0c8ROSLYw&amp;oh=00_AQKc3vtLlBpb2u2HuH6ztNLtvqB3qSIlsRc-n1NFZyDYTg&amp;oe=6A9F3889&quot;},{&quot;type&quot;:&quot;image&quot;,&quot;media&quot;:&quot;https:\\\/\\\/scontent-mad1-1.cdninstagram.com\\\/v\\\/t51.82787-15\\\/774803311_18085036853671493_8351053947525762154_n.jpg?stp=dst-jpg_e35_tt6&amp;_nc_cat=101&amp;ccb=7-5&amp;_nc_sid=18de74&amp;efg=eyJlZmdfdGFnIjoiQ0FST1VTRUxfSVRFTS5iZXN0X2ltYWdlX3VybGdlbi5DMyJ9&amp;_nc_ohc=HrBQHcEsO84Q7kNvwF3gt3k&amp;_nc_oc=AdqpgTilZjK2KB5ciQaSmMzuOLcCK4jO5ixCroX81ta2lEL_qU1HjJ9axi5Q-2BnWlw&amp;_nc_zt=23&amp;_nc_ht=scontent-mad1-1.cdninstagram.com&amp;edm=ANo9K5cEAAAA&amp;_nc_gid=WGPGNTB4sOa6iY8ggNoVPA&amp;_nc_tpa=Q5bMBQKITdgP_c2zHCjqkEq8XV-SihDBiuqFfqRCY4cuXwgnj9UcibiVA3G7UFcw_KIrOYBxb_PrEWOBjg&amp;oh=00_AQJuAFYSAVq7ehlUuq5HrOIynk9bO7E30jzJe7PS8ui4Ng&amp;oe=6A9F1F01&quot;}],&quot;vid_first&quot;:false}\"\n\t\t\t   data-id=\"sbi_18378657604230117\" data-user=\"calongepobledellibres\"\n\t\t\t   data-url=\"https:\/\/www.instagram.com\/p\/DcLI4jgCH0B\/\" data-avatar=\"https:\/\/scontent-mad1-1.cdninstagram.com\/v\/t51.2885-19\/359145968_1734825563698315_2145336362084773935_n.jpg?stp=dst-jpg_s206x206_tt6&amp;_nc_cat=106&amp;ccb=7-5&amp;_nc_sid=bf7eb4&amp;efg=eyJ2ZW5jb2RlX3RhZyI6InByb2ZpbGVfcGljLnd3dy4xMDgwLkMzIn0%3D&amp;_nc_ohc=FslqNb91nvgQ7kNvwHV6FuG&amp;_nc_oc=AdqyXZZg8GoylX8LiIn6KexusVy2y5RMRp6PADA9je4pxDM51tBo4NzJvPIBaUp7bNk&amp;_nc_zt=24&amp;_nc_ht=scontent-mad1-1.cdninstagram.com&amp;edm=AP4hL3IEAAAA&amp;_nc_tpa=Q5bMBQKO0018aCOxNGFXxcxC2eXknSXTXNodaMvV4GjFIHRiCe5aQu_xNb04UrMf59z18Wc___9DfAOM6g&amp;oh=00_AQIc9sfdeL6ZHj9sPSxoUcuQRC3S023RRxOIWBFBhRiFtw&amp;oe=6A9F38BD\"\n\t\t\t   data-account-type=\"business\"\n\t\t\t   data-iframe=''\n\t\t\t   data-media-type=\"feed\"\n\t\t\t   data-posted-on=\"\"\n\t\t\t   data-custom-avatar=\"\">\n\t\t\t\t<span class=\"sbi-screenreader\">\n\t\t\t\t\tOpen post by calongepobledellibres with ID 18378657604230117\t\t\t\t<\/span>\n\t\t\t\t\t\t\t<\/a>\n\t\t<\/div>\n\n\t\t<a class=\"sbi_photo\" target=\"_blank\" rel=\"nofollow noopener\" href=\"https:\/\/www.instagram.com\/p\/DcLI4jgCH0B\/\"\n\t\t   data-full-res=\"https:\/\/scontent-mad2-1.cdninstagram.com\/v\/t51.82787-15\/775567309_18085036826671493_666190785758511415_n.jpg?stp=dst-jpg_e35_tt6&#038;_nc_cat=111&#038;ccb=7-5&#038;_nc_sid=18de74&#038;efg=eyJlZmdfdGFnIjoiQ0FST1VTRUxfSVRFTS5iZXN0X2ltYWdlX3VybGdlbi5DMyJ9&#038;_nc_ohc=asshPyV2p64Q7kNvwEAMlhP&#038;_nc_oc=AdqVvohk4cXXNPEcmDUhQS11WvHiF_UfJAC1xFjYySgwsxQPRy2OiqqO21dmm6bfjAo&#038;_nc_zt=23&#038;_nc_ht=scontent-mad2-1.cdninstagram.com&#038;edm=ANo9K5cEAAAA&#038;_nc_gid=WGPGNTB4sOa6iY8ggNoVPA&#038;_nc_tpa=Q5bMBQLTO77gx78tH98C8HkGCO7zCsxWtQcGpozaBfqlroybizkpJt0w5MVKEbEN02aMrV1nJavbpIw1XQ&#038;oh=00_AQLMeUquBOzjic7rbNmbEqWeesLMbkHW8X3jZ-Pi2cdfDg&#038;oe=6A9F3889\"\n\t\t   data-img-src-set=\"{&quot;d&quot;:&quot;https:\\\/\\\/scontent-mad2-1.cdninstagram.com\\\/v\\\/t51.82787-15\\\/775567309_18085036826671493_666190785758511415_n.jpg?stp=dst-jpg_e35_tt6&amp;_nc_cat=111&amp;ccb=7-5&amp;_nc_sid=18de74&amp;efg=eyJlZmdfdGFnIjoiQ0FST1VTRUxfSVRFTS5iZXN0X2ltYWdlX3VybGdlbi5DMyJ9&amp;_nc_ohc=asshPyV2p64Q7kNvwEAMlhP&amp;_nc_oc=AdqVvohk4cXXNPEcmDUhQS11WvHiF_UfJAC1xFjYySgwsxQPRy2OiqqO21dmm6bfjAo&amp;_nc_zt=23&amp;_nc_ht=scontent-mad2-1.cdninstagram.com&amp;edm=ANo9K5cEAAAA&amp;_nc_gid=WGPGNTB4sOa6iY8ggNoVPA&amp;_nc_tpa=Q5bMBQLTO77gx78tH98C8HkGCO7zCsxWtQcGpozaBfqlroybizkpJt0w5MVKEbEN02aMrV1nJavbpIw1XQ&amp;oh=00_AQLMeUquBOzjic7rbNmbEqWeesLMbkHW8X3jZ-Pi2cdfDg&amp;oe=6A9F3889&quot;,&quot;150&quot;:&quot;https:\\\/\\\/scontent-mad2-1.cdninstagram.com\\\/v\\\/t51.82787-15\\\/775567309_18085036826671493_666190785758511415_n.jpg?stp=dst-jpg_e35_tt6&amp;_nc_cat=111&amp;ccb=7-5&amp;_nc_sid=18de74&amp;efg=eyJlZmdfdGFnIjoiQ0FST1VTRUxfSVRFTS5iZXN0X2ltYWdlX3VybGdlbi5DMyJ9&amp;_nc_ohc=asshPyV2p64Q7kNvwEAMlhP&amp;_nc_oc=AdqVvohk4cXXNPEcmDUhQS11WvHiF_UfJAC1xFjYySgwsxQPRy2OiqqO21dmm6bfjAo&amp;_nc_zt=23&amp;_nc_ht=scontent-mad2-1.cdninstagram.com&amp;edm=ANo9K5cEAAAA&amp;_nc_gid=WGPGNTB4sOa6iY8ggNoVPA&amp;_nc_tpa=Q5bMBQLTO77gx78tH98C8HkGCO7zCsxWtQcGpozaBfqlroybizkpJt0w5MVKEbEN02aMrV1nJavbpIw1XQ&amp;oh=00_AQLMeUquBOzjic7rbNmbEqWeesLMbkHW8X3jZ-Pi2cdfDg&amp;oe=6A9F3889&quot;,&quot;320&quot;:&quot;https:\\\/\\\/scontent-mad2-1.cdninstagram.com\\\/v\\\/t51.82787-15\\\/775567309_18085036826671493_666190785758511415_n.jpg?stp=dst-jpg_e35_tt6&amp;_nc_cat=111&amp;ccb=7-5&amp;_nc_sid=18de74&amp;efg=eyJlZmdfdGFnIjoiQ0FST1VTRUxfSVRFTS5iZXN0X2ltYWdlX3VybGdlbi5DMyJ9&amp;_nc_ohc=asshPyV2p64Q7kNvwEAMlhP&amp;_nc_oc=AdqVvohk4cXXNPEcmDUhQS11WvHiF_UfJAC1xFjYySgwsxQPRy2OiqqO21dmm6bfjAo&amp;_nc_zt=23&amp;_nc_ht=scontent-mad2-1.cdninstagram.com&amp;edm=ANo9K5cEAAAA&amp;_nc_gid=WGPGNTB4sOa6iY8ggNoVPA&amp;_nc_tpa=Q5bMBQLTO77gx78tH98C8HkGCO7zCsxWtQcGpozaBfqlroybizkpJt0w5MVKEbEN02aMrV1nJavbpIw1XQ&amp;oh=00_AQLMeUquBOzjic7rbNmbEqWeesLMbkHW8X3jZ-Pi2cdfDg&amp;oe=6A9F3889&quot;,&quot;640&quot;:&quot;https:\\\/\\\/scontent-mad2-1.cdninstagram.com\\\/v\\\/t51.82787-15\\\/775567309_18085036826671493_666190785758511415_n.jpg?stp=dst-jpg_e35_tt6&amp;_nc_cat=111&amp;ccb=7-5&amp;_nc_sid=18de74&amp;efg=eyJlZmdfdGFnIjoiQ0FST1VTRUxfSVRFTS5iZXN0X2ltYWdlX3VybGdlbi5DMyJ9&amp;_nc_ohc=asshPyV2p64Q7kNvwEAMlhP&amp;_nc_oc=AdqVvohk4cXXNPEcmDUhQS11WvHiF_UfJAC1xFjYySgwsxQPRy2OiqqO21dmm6bfjAo&amp;_nc_zt=23&amp;_nc_ht=scontent-mad2-1.cdninstagram.com&amp;edm=ANo9K5cEAAAA&amp;_nc_gid=WGPGNTB4sOa6iY8ggNoVPA&amp;_nc_tpa=Q5bMBQLTO77gx78tH98C8HkGCO7zCsxWtQcGpozaBfqlroybizkpJt0w5MVKEbEN02aMrV1nJavbpIw1XQ&amp;oh=00_AQLMeUquBOzjic7rbNmbEqWeesLMbkHW8X3jZ-Pi2cdfDg&amp;oe=6A9F3889&quot;}\"\n\t\t   tabindex=\"-1\">\n\t\t\t<img decoding=\"async\" src=\"https:\/\/pobledellibres.cat\/wp-content\/plugins\/instagram-feed-pro\/img\/placeholder.png\" alt=\"\u2600\ufe0f Salutacions des de l\u2019estiu!\n\nDes de la platja, sota l\u2019ombra d\u2019un arbre o en aquell rac\u00f3 on sembla que el temps s\u2019aturi: les vacances s\u00f3n un bon moment per obrir un llibre i deixar-se portar.\n\n\ud83d\udcda Aprofita els dies de vacances per avan\u00e7ar amb la pila de llibres que al gener et vas proposar llegir. \ud83d\ude0e\n\nBon estiu i bones lectures! \ud83c\udf0a\ud83c\udf3f\">\n\t\t<\/a>\n\t<\/div>\n\n\n\t\t\n\t\t<div class=\"sbi_info_wrapper\">\n\t\t\t<div class=\"sbi_info \">\n\n\t\t\t\t\n\t\t\t\t<div class=\"sbi_meta_wrap\">\n\t\t\t\t\t\n\t\t\t\t\t\t\t\t\t<\/div>\n\t\t\t<\/div>\n\t\t<\/div>\n\t<\/div>\n\n\t<div class=\"sbi-divider\"><\/div>\n<\/div>\n<div class=\"sbi_item sbi_type_carousel sbi_new sbi_transition\"\t id=\"sbi_18034458581671252\" data-date=\"1786437113\"\n\t data-numcomments=\"0\" data-template=\"ft_default\">\n\t<div class=\"sbi_inner_wrap\" >\n\n\t\t\n\t\t\t<div class=\"sbi_photo_wrap\"  style=\"border-radius: inherit;\">\n\t\t\t\t<svg class=\"svg-inline--fa fa-clone fa-w-16 sbi_lightbox_carousel_icon\" aria-hidden=\"true\" aria-label=\"Clone\" data-fa-pro\u0192cessed=\"\" data-prefix=\"far\" data-icon=\"clone\" role=\"img\" xmlns=\"http:\/\/www.w3.org\/2000\/svg\" viewBox=\"0 0 512 512\">\n                    <path fill=\"currentColor\" d=\"M464 0H144c-26.51 0-48 21.49-48 48v48H48c-26.51 0-48 21.49-48 48v320c0 26.51 21.49 48 48 48h320c26.51 0 48-21.49 48-48v-48h48c26.51 0 48-21.49 48-48V48c0-26.51-21.49-48-48-48zM362 464H54a6 6 0 0 1-6-6V150a6 6 0 0 1 6-6h42v224c0 26.51 21.49 48 48 48h224v42a6 6 0 0 1-6 6zm96-96H150a6 6 0 0 1-6-6V54a6 6 0 0 1 6-6h308a6 6 0 0 1 6 6v308a6 6 0 0 1-6 6z\"><\/path>\n                <\/svg>\t\t\n\t\t<div  style=\"background: rgba(0,0,0,0.85)\"  class=\"sbi_link \" >\n\t\t\t<div class=\"sbi_hover_top\">\n\n\t\t\t\t\t<p class=\"sbi_hover_caption_wrap\"\n\t\t>\n\t\t<span\n\t\t\tclass=\"sbi_caption\">\ud83d\udcda Aquest estiu, redescobreix els cl\u00e0ssics de la literatura catalana.<br><br>Sis lectures per viatjar entre jardins, paisatges rurals, passions, conflictes i desitjos:<br><br>\ud83c\udf3f Jard\u00ed vivent, de Joana Raspall <br>\ud83c\udf3e Terra baixa, d\u2019\u00c0ngel Guimer\u00e0<br>\ud83e\uddf5 L\u2019auca del senyor Esteve, de Santiago Rusi\u00f1ol (@edbarcino)<br>\u2728 La febre d\u2019or, de Narc\u00eds Oller (@labutxaca)<br>\ud83c\udf3c Bruixa de dol, de Maria-Merc\u00e8 Mar\u00e7al (@grup62_)<br>\ud83c\udf0a Jard\u00ed vora el mar, de Merc\u00e8 Rodoreda (@elclubeditor)<br><br>Perqu\u00e8 els cl\u00e0ssics no passen de moda: ens continuen parlant, emocionant i ajudant a mirar el m\u00f3n amb uns altres ulls.<br><br>Quin t\u2019acompanyar\u00e0 aquestes vacances? \u2600\ufe0f\ud83d\udcd6<\/span>\n\t<\/p>\n\n\t\t\t<\/div>\n\n\t\t\t\n\t\t\t<div class=\"sbi_hover_bottom \" >\n\n\t\t\t\t\n\t\t\t\t\t\t\t\t\t<div\n\t\t\t\t\t\tclass=\"sbi_meta\" >\n\n\t\t\t\t\t\t\t<span\n\t\tclass=\"sbi_likes\" style=\"font-size: 13px;\" >\n\t\t<svg  style=\"font-size: 13px;\" class=\"svg-inline--fa fa-heart fa-w-18\" aria-hidden=\"true\" data-fa-processed=\"\" data-prefix=\"fa\" data-icon=\"heart\" role=\"presentation\" xmlns=\"http:\/\/www.w3.org\/2000\/svg\" viewBox=\"0 0 576 512\"><path fill=\"currentColor\" d=\"M414.9 24C361.8 24 312 65.7 288 89.3 264 65.7 214.2 24 161.1 24 70.3 24 16 76.9 16 165.5c0 72.6 66.8 133.3 69.2 135.4l187 180.8c8.8 8.5 22.8 8.5 31.6 0l186.7-180.2c2.7-2.7 69.5-63.5 69.5-136C560 76.9 505.7 24 414.9 24z\"><\/path><\/svg>\t\t110\t<\/span>\n\t<span\n\t\tclass=\"sbi_comments\" style=\"font-size: 13px;\" >\n\t\t<svg  style=\"font-size: 13px;\" class=\"svg-inline--fa fa-comment fa-w-18\" aria-hidden=\"true\" data-fa-processed=\"\" data-prefix=\"fa\" data-icon=\"comment\" role=\"presentation\" xmlns=\"http:\/\/www.w3.org\/2000\/svg\" viewBox=\"0 0 576 512\"><path fill=\"currentColor\" d=\"M576 240c0 115-129 208-288 208-48.3 0-93.9-8.6-133.9-23.8-40.3 31.2-89.8 50.3-142.4 55.7-5.2.6-10.2-2.8-11.5-7.7-1.3-5 2.7-8.1 6.6-11.8 19.3-18.4 42.7-32.8 51.9-94.6C21.9 330.9 0 287.3 0 240 0 125.1 129 32 288 32s288 93.1 288 208z\"><\/path><\/svg>\t\t0\t<\/span>\n\t\t\t\t\t<\/div>\n\t\t\t\t\n\t\t\t<\/div>\n\n\t\t\t<a class=\"sbi_link_area nofancybox\" rel=\"nofollow noopener\" href=\"https:\/\/scontent-mad1-1.cdninstagram.com\/v\/t51.82787-15\/771616723_18083883638671493_1216851068374834251_n.jpg?stp=dst-jpg_e35_tt6&#038;_nc_cat=100&#038;ccb=7-5&#038;_nc_sid=18de74&#038;efg=eyJlZmdfdGFnIjoiQ0FST1VTRUxfSVRFTS5iZXN0X2ltYWdlX3VybGdlbi5DMyJ9&#038;_nc_ohc=QHlk9Kzo3fYQ7kNvwGaZvIE&#038;_nc_oc=AdodRAiOnNync2yQ5kZFrtOoSUVMw06PuPPLFXnId6H4xPItHkzmHbSjh5Xlwme3AZc&#038;_nc_zt=23&#038;_nc_ht=scontent-mad1-1.cdninstagram.com&#038;edm=ANo9K5cEAAAA&#038;_nc_gid=WGPGNTB4sOa6iY8ggNoVPA&#038;_nc_tpa=Q5bMBQJ6O_yCT1z0fbncyZH9HznoJLyMFFTcIBjJwFnwybzL8NLVZO3rT1QzUN9ViWjZY39Nq7RQtYwJrA&#038;oh=00_AQI0JCBP8eHMA3N1X5vkZZUYB6pM7yUIrwHl9lYi1XnPRw&#038;oe=6A9F4B95\"\n\t\t\t   data-lightbox-sbi=\"\"\n\t\t\t   data-title=\"\ud83d\udcda Aquest estiu, redescobreix els cl\u00e0ssics de la literatura catalana.&lt;br&gt;\n&lt;br&gt;\nSis lectures per viatjar entre jardins, paisatges rurals, passions, conflictes i desitjos:&lt;br&gt;\n&lt;br&gt;\n\ud83c\udf3f Jard\u00ed vivent, de Joana Raspall &lt;br&gt;\n\ud83c\udf3e Terra baixa, d\u2019\u00c0ngel Guimer\u00e0&lt;br&gt;\n\ud83e\uddf5 L\u2019auca del senyor Esteve, de Santiago Rusi\u00f1ol (@edbarcino)&lt;br&gt;\n\u2728 La febre d\u2019or, de Narc\u00eds Oller (@labutxaca)&lt;br&gt;\n\ud83c\udf3c Bruixa de dol, de Maria-Merc\u00e8 Mar\u00e7al (@grup62_)&lt;br&gt;\n\ud83c\udf0a Jard\u00ed vora el mar, de Merc\u00e8 Rodoreda (@elclubeditor)&lt;br&gt;\n&lt;br&gt;\nPerqu\u00e8 els cl\u00e0ssics no passen de moda: ens continuen parlant, emocionant i ajudant a mirar el m\u00f3n amb uns altres ulls.&lt;br&gt;\n&lt;br&gt;\nQuin t\u2019acompanyar\u00e0 aquestes vacances? \u2600\ufe0f\ud83d\udcd6\"\n\t\t\t   data-video=\"\"\n\t\t\t   data-carousel=\"{&quot;data&quot;:[{&quot;type&quot;:&quot;image&quot;,&quot;media&quot;:&quot;https:\\\/\\\/scontent-mad1-1.cdninstagram.com\\\/v\\\/t51.82787-15\\\/771616723_18083883638671493_1216851068374834251_n.jpg?stp=dst-jpg_e35_tt6&amp;_nc_cat=100&amp;ccb=7-5&amp;_nc_sid=18de74&amp;efg=eyJlZmdfdGFnIjoiQ0FST1VTRUxfSVRFTS5iZXN0X2ltYWdlX3VybGdlbi5DMyJ9&amp;_nc_ohc=QHlk9Kzo3fYQ7kNvwGaZvIE&amp;_nc_oc=AdodRAiOnNync2yQ5kZFrtOoSUVMw06PuPPLFXnId6H4xPItHkzmHbSjh5Xlwme3AZc&amp;_nc_zt=23&amp;_nc_ht=scontent-mad1-1.cdninstagram.com&amp;edm=ANo9K5cEAAAA&amp;_nc_gid=WGPGNTB4sOa6iY8ggNoVPA&amp;_nc_tpa=Q5bMBQL7zeZSmRki-e0cAW923KloPiv7w3tYOB7wIhXrT0O7RnrQGOv6tnb1MeEPe8DdhbRyoL4CvGqm8g&amp;oh=00_AQIWrRgoZtMUpQpEOcqB9b_4Ou3h98Q9DjVe9mx2A07eCg&amp;oe=6A9F4B95&quot;},{&quot;type&quot;:&quot;image&quot;,&quot;media&quot;:&quot;https:\\\/\\\/scontent-mad2-1.cdninstagram.com\\\/v\\\/t51.82787-15\\\/768247393_18083883653671493_8739241458242666763_n.jpg?stp=dst-jpg_e35_tt6&amp;_nc_cat=109&amp;ccb=7-5&amp;_nc_sid=18de74&amp;efg=eyJlZmdfdGFnIjoiQ0FST1VTRUxfSVRFTS5iZXN0X2ltYWdlX3VybGdlbi5DMyJ9&amp;_nc_ohc=qZda-KtRCf4Q7kNvwEyrc5b&amp;_nc_oc=AdoLO41NbpruutFRTiRHz5kCuYQ6n1EkCasVHZ4dzq5nutGRXroQG_feOHke9ZPiu7E&amp;_nc_zt=23&amp;_nc_ht=scontent-mad2-1.cdninstagram.com&amp;edm=ANo9K5cEAAAA&amp;_nc_gid=WGPGNTB4sOa6iY8ggNoVPA&amp;_nc_tpa=Q5bMBQIZpatyV1ODOZHZeSc_xjurfM3GI2vMvnU7cMUOgAnp9x-j9_9LXXNL2hkK8JQ0jqSfVotW5gtW6g&amp;oh=00_AQLbybcpbPNGyibjrz97x7WitGJIFm0dDAkxrrHw-BYnuw&amp;oe=6A9F1F00&quot;},{&quot;type&quot;:&quot;image&quot;,&quot;media&quot;:&quot;https:\\\/\\\/scontent-mad1-1.cdninstagram.com\\\/v\\\/t51.82787-15\\\/766598675_18083883680671493_7359257710503666396_n.jpg?stp=dst-jpg_e35_tt6&amp;_nc_cat=102&amp;ccb=7-5&amp;_nc_sid=18de74&amp;efg=eyJlZmdfdGFnIjoiQ0FST1VTRUxfSVRFTS5iZXN0X2ltYWdlX3VybGdlbi5DMyJ9&amp;_nc_ohc=LtlMMF0dA0EQ7kNvwF0uSFq&amp;_nc_oc=AdohuQA0nBroMlw0zZjTc8-AoIMo1ieeup-GrRvb3cCpgGLy-8cDHqdIXTmnXKByB3c&amp;_nc_zt=23&amp;_nc_ht=scontent-mad1-1.cdninstagram.com&amp;edm=ANo9K5cEAAAA&amp;_nc_gid=WGPGNTB4sOa6iY8ggNoVPA&amp;_nc_tpa=Q5bMBQIM1BfPOqj47JSN4YFG2gbIeCLG-LOgmoQEYA1CuDaO7e5zwqbxnKY7sxC9tYP3ML8dc-WZ8tyK1g&amp;oh=00_AQLeBGzByoWChVZ3_85FfwUD5onyEiLfuFgNLxGfzVl7dA&amp;oe=6A9F29C7&quot;},{&quot;type&quot;:&quot;image&quot;,&quot;media&quot;:&quot;https:\\\/\\\/scontent-mad1-1.cdninstagram.com\\\/v\\\/t51.82787-15\\\/772726124_18083883698671493_1429096804092438631_n.jpg?stp=dst-jpg_e35_tt6&amp;_nc_cat=100&amp;ccb=7-5&amp;_nc_sid=18de74&amp;efg=eyJlZmdfdGFnIjoiQ0FST1VTRUxfSVRFTS5iZXN0X2ltYWdlX3VybGdlbi5DMyJ9&amp;_nc_ohc=OEXodQV53VgQ7kNvwFftdsf&amp;_nc_oc=Adote5-C91s5Xt3Jz1qOPAJVbDI0raAbrCkKLr3jtIpjoBtXz7e5KfCtJGtqcAe_HDM&amp;_nc_zt=23&amp;_nc_ht=scontent-mad1-1.cdninstagram.com&amp;edm=ANo9K5cEAAAA&amp;_nc_gid=WGPGNTB4sOa6iY8ggNoVPA&amp;_nc_tpa=Q5bMBQJnrZaY4ItXQQ9M3XSYTMzd6BW990hMln3jiJagF4i1LQ52EV6HZ7k30LMLE9EfWvslVJQkuR8zRQ&amp;oh=00_AQKqnUfOCt_rPnSt1Nq8yprOKuliwsNkSWwHOJ2S7awYxg&amp;oe=6A9F3197&quot;}],&quot;vid_first&quot;:false}\"\n\t\t\t   data-id=\"sbi_18034458581671252\" data-user=\"calongepobledellibres\"\n\t\t\t   data-url=\"https:\/\/www.instagram.com\/p\/Db5Kjf5CtIb\/\" data-avatar=\"https:\/\/scontent-mad1-1.cdninstagram.com\/v\/t51.2885-19\/359145968_1734825563698315_2145336362084773935_n.jpg?stp=dst-jpg_s206x206_tt6&amp;_nc_cat=106&amp;ccb=7-5&amp;_nc_sid=bf7eb4&amp;efg=eyJ2ZW5jb2RlX3RhZyI6InByb2ZpbGVfcGljLnd3dy4xMDgwLkMzIn0%3D&amp;_nc_ohc=FslqNb91nvgQ7kNvwHV6FuG&amp;_nc_oc=AdqyXZZg8GoylX8LiIn6KexusVy2y5RMRp6PADA9je4pxDM51tBo4NzJvPIBaUp7bNk&amp;_nc_zt=24&amp;_nc_ht=scontent-mad1-1.cdninstagram.com&amp;edm=AP4hL3IEAAAA&amp;_nc_tpa=Q5bMBQKO0018aCOxNGFXxcxC2eXknSXTXNodaMvV4GjFIHRiCe5aQu_xNb04UrMf59z18Wc___9DfAOM6g&amp;oh=00_AQIc9sfdeL6ZHj9sPSxoUcuQRC3S023RRxOIWBFBhRiFtw&amp;oe=6A9F38BD\"\n\t\t\t   data-account-type=\"business\"\n\t\t\t   data-iframe=''\n\t\t\t   data-media-type=\"feed\"\n\t\t\t   data-posted-on=\"\"\n\t\t\t   data-custom-avatar=\"\">\n\t\t\t\t<span class=\"sbi-screenreader\">\n\t\t\t\t\tOpen post by calongepobledellibres with ID 18034458581671252\t\t\t\t<\/span>\n\t\t\t\t\t\t\t<\/a>\n\t\t<\/div>\n\n\t\t<a class=\"sbi_photo\" target=\"_blank\" rel=\"nofollow noopener\" href=\"https:\/\/www.instagram.com\/p\/Db5Kjf5CtIb\/\"\n\t\t   data-full-res=\"https:\/\/scontent-mad1-1.cdninstagram.com\/v\/t51.82787-15\/771616723_18083883638671493_1216851068374834251_n.jpg?stp=dst-jpg_e35_tt6&#038;_nc_cat=100&#038;ccb=7-5&#038;_nc_sid=18de74&#038;efg=eyJlZmdfdGFnIjoiQ0FST1VTRUxfSVRFTS5iZXN0X2ltYWdlX3VybGdlbi5DMyJ9&#038;_nc_ohc=QHlk9Kzo3fYQ7kNvwGaZvIE&#038;_nc_oc=AdodRAiOnNync2yQ5kZFrtOoSUVMw06PuPPLFXnId6H4xPItHkzmHbSjh5Xlwme3AZc&#038;_nc_zt=23&#038;_nc_ht=scontent-mad1-1.cdninstagram.com&#038;edm=ANo9K5cEAAAA&#038;_nc_gid=WGPGNTB4sOa6iY8ggNoVPA&#038;_nc_tpa=Q5bMBQJ6O_yCT1z0fbncyZH9HznoJLyMFFTcIBjJwFnwybzL8NLVZO3rT1QzUN9ViWjZY39Nq7RQtYwJrA&#038;oh=00_AQI0JCBP8eHMA3N1X5vkZZUYB6pM7yUIrwHl9lYi1XnPRw&#038;oe=6A9F4B95\"\n\t\t   data-img-src-set=\"{&quot;d&quot;:&quot;https:\\\/\\\/scontent-mad1-1.cdninstagram.com\\\/v\\\/t51.82787-15\\\/771616723_18083883638671493_1216851068374834251_n.jpg?stp=dst-jpg_e35_tt6&amp;_nc_cat=100&amp;ccb=7-5&amp;_nc_sid=18de74&amp;efg=eyJlZmdfdGFnIjoiQ0FST1VTRUxfSVRFTS5iZXN0X2ltYWdlX3VybGdlbi5DMyJ9&amp;_nc_ohc=QHlk9Kzo3fYQ7kNvwGaZvIE&amp;_nc_oc=AdodRAiOnNync2yQ5kZFrtOoSUVMw06PuPPLFXnId6H4xPItHkzmHbSjh5Xlwme3AZc&amp;_nc_zt=23&amp;_nc_ht=scontent-mad1-1.cdninstagram.com&amp;edm=ANo9K5cEAAAA&amp;_nc_gid=WGPGNTB4sOa6iY8ggNoVPA&amp;_nc_tpa=Q5bMBQJ6O_yCT1z0fbncyZH9HznoJLyMFFTcIBjJwFnwybzL8NLVZO3rT1QzUN9ViWjZY39Nq7RQtYwJrA&amp;oh=00_AQI0JCBP8eHMA3N1X5vkZZUYB6pM7yUIrwHl9lYi1XnPRw&amp;oe=6A9F4B95&quot;,&quot;150&quot;:&quot;https:\\\/\\\/scontent-mad1-1.cdninstagram.com\\\/v\\\/t51.82787-15\\\/771616723_18083883638671493_1216851068374834251_n.jpg?stp=dst-jpg_e35_tt6&amp;_nc_cat=100&amp;ccb=7-5&amp;_nc_sid=18de74&amp;efg=eyJlZmdfdGFnIjoiQ0FST1VTRUxfSVRFTS5iZXN0X2ltYWdlX3VybGdlbi5DMyJ9&amp;_nc_ohc=QHlk9Kzo3fYQ7kNvwGaZvIE&amp;_nc_oc=AdodRAiOnNync2yQ5kZFrtOoSUVMw06PuPPLFXnId6H4xPItHkzmHbSjh5Xlwme3AZc&amp;_nc_zt=23&amp;_nc_ht=scontent-mad1-1.cdninstagram.com&amp;edm=ANo9K5cEAAAA&amp;_nc_gid=WGPGNTB4sOa6iY8ggNoVPA&amp;_nc_tpa=Q5bMBQJ6O_yCT1z0fbncyZH9HznoJLyMFFTcIBjJwFnwybzL8NLVZO3rT1QzUN9ViWjZY39Nq7RQtYwJrA&amp;oh=00_AQI0JCBP8eHMA3N1X5vkZZUYB6pM7yUIrwHl9lYi1XnPRw&amp;oe=6A9F4B95&quot;,&quot;320&quot;:&quot;https:\\\/\\\/scontent-mad1-1.cdninstagram.com\\\/v\\\/t51.82787-15\\\/771616723_18083883638671493_1216851068374834251_n.jpg?stp=dst-jpg_e35_tt6&amp;_nc_cat=100&amp;ccb=7-5&amp;_nc_sid=18de74&amp;efg=eyJlZmdfdGFnIjoiQ0FST1VTRUxfSVRFTS5iZXN0X2ltYWdlX3VybGdlbi5DMyJ9&amp;_nc_ohc=QHlk9Kzo3fYQ7kNvwGaZvIE&amp;_nc_oc=AdodRAiOnNync2yQ5kZFrtOoSUVMw06PuPPLFXnId6H4xPItHkzmHbSjh5Xlwme3AZc&amp;_nc_zt=23&amp;_nc_ht=scontent-mad1-1.cdninstagram.com&amp;edm=ANo9K5cEAAAA&amp;_nc_gid=WGPGNTB4sOa6iY8ggNoVPA&amp;_nc_tpa=Q5bMBQJ6O_yCT1z0fbncyZH9HznoJLyMFFTcIBjJwFnwybzL8NLVZO3rT1QzUN9ViWjZY39Nq7RQtYwJrA&amp;oh=00_AQI0JCBP8eHMA3N1X5vkZZUYB6pM7yUIrwHl9lYi1XnPRw&amp;oe=6A9F4B95&quot;,&quot;640&quot;:&quot;https:\\\/\\\/scontent-mad1-1.cdninstagram.com\\\/v\\\/t51.82787-15\\\/771616723_18083883638671493_1216851068374834251_n.jpg?stp=dst-jpg_e35_tt6&amp;_nc_cat=100&amp;ccb=7-5&amp;_nc_sid=18de74&amp;efg=eyJlZmdfdGFnIjoiQ0FST1VTRUxfSVRFTS5iZXN0X2ltYWdlX3VybGdlbi5DMyJ9&amp;_nc_ohc=QHlk9Kzo3fYQ7kNvwGaZvIE&amp;_nc_oc=AdodRAiOnNync2yQ5kZFrtOoSUVMw06PuPPLFXnId6H4xPItHkzmHbSjh5Xlwme3AZc&amp;_nc_zt=23&amp;_nc_ht=scontent-mad1-1.cdninstagram.com&amp;edm=ANo9K5cEAAAA&amp;_nc_gid=WGPGNTB4sOa6iY8ggNoVPA&amp;_nc_tpa=Q5bMBQJ6O_yCT1z0fbncyZH9HznoJLyMFFTcIBjJwFnwybzL8NLVZO3rT1QzUN9ViWjZY39Nq7RQtYwJrA&amp;oh=00_AQI0JCBP8eHMA3N1X5vkZZUYB6pM7yUIrwHl9lYi1XnPRw&amp;oe=6A9F4B95&quot;}\"\n\t\t   tabindex=\"-1\">\n\t\t\t<img decoding=\"async\" src=\"https:\/\/pobledellibres.cat\/wp-content\/plugins\/instagram-feed-pro\/img\/placeholder.png\" alt=\"\ud83d\udcda Aquest estiu, redescobreix els cl\u00e0ssics de la literatura catalana.\n\nSis lectures per viatjar entre jardins, paisatges rurals, passions, conflictes i desitjos:\n\n\ud83c\udf3f Jard\u00ed vivent, de Joana Raspall \n\ud83c\udf3e Terra baixa, d\u2019\u00c0ngel Guimer\u00e0\n\ud83e\uddf5 L\u2019auca del senyor Esteve, de Santiago Rusi\u00f1ol (@edbarcino)\n\u2728 La febre d\u2019or, de Narc\u00eds Oller (@labutxaca)\n\ud83c\udf3c Bruixa de dol, de Maria-Merc\u00e8 Mar\u00e7al (@grup62_)\n\ud83c\udf0a Jard\u00ed vora el mar, de Merc\u00e8 Rodoreda (@elclubeditor)\n\nPerqu\u00e8 els cl\u00e0ssics no passen de moda: ens continuen parlant, emocionant i ajudant a mirar el m\u00f3n amb uns altres ulls.\n\nQuin t\u2019acompanyar\u00e0 aquestes vacances? \u2600\ufe0f\ud83d\udcd6\">\n\t\t<\/a>\n\t<\/div>\n\n\n\t\t\n\t\t<div class=\"sbi_info_wrapper\">\n\t\t\t<div class=\"sbi_info \">\n\n\t\t\t\t\n\t\t\t\t<div class=\"sbi_meta_wrap\">\n\t\t\t\t\t\n\t\t\t\t\t\t\t\t\t<\/div>\n\t\t\t<\/div>\n\t\t<\/div>\n\t<\/div>\n\n\t<div class=\"sbi-divider\"><\/div>\n<\/div>\n<div class=\"sbi_item sbi_type_image sbi_new sbi_transition\"\t id=\"sbi_18349199311172584\" data-date=\"1785923973\"\n\t data-numcomments=\"1\" data-template=\"ft_default\">\n\t<div class=\"sbi_inner_wrap\" >\n\n\t\t\n\t\t\t<div class=\"sbi_photo_wrap\"  style=\"border-radius: inherit;\">\n\t\t\t\t\t\t\n\t\t<div  style=\"background: rgba(0,0,0,0.85)\"  class=\"sbi_link \" >\n\t\t\t<div class=\"sbi_hover_top\">\n\n\t\t\t\t\t<p class=\"sbi_hover_caption_wrap\"\n\t\t>\n\t\t<span\n\t\t\tclass=\"sbi_caption\">\u270b\ud83c\udffcEp! Si necessiteu saber quins s\u00f3n els horaris actuals de les llibreries de Calonge, Poble de Llibres, ara els podeu consultar sempre que vulgueu\ud83d\ude09<br><br>Veniu, veniu, estarem encantats de rebre-us\u2764\ufe0f<\/span>\n\t<\/p>\n\n\t\t\t<\/div>\n\n\t\t\t\n\t\t\t<div class=\"sbi_hover_bottom \" >\n\n\t\t\t\t\n\t\t\t\t\t\t\t\t\t<div\n\t\t\t\t\t\tclass=\"sbi_meta\" >\n\n\t\t\t\t\t\t\t<span\n\t\tclass=\"sbi_likes\" style=\"font-size: 13px;\" >\n\t\t<svg  style=\"font-size: 13px;\" class=\"svg-inline--fa fa-heart fa-w-18\" aria-hidden=\"true\" data-fa-processed=\"\" data-prefix=\"fa\" data-icon=\"heart\" role=\"presentation\" xmlns=\"http:\/\/www.w3.org\/2000\/svg\" viewBox=\"0 0 576 512\"><path fill=\"currentColor\" d=\"M414.9 24C361.8 24 312 65.7 288 89.3 264 65.7 214.2 24 161.1 24 70.3 24 16 76.9 16 165.5c0 72.6 66.8 133.3 69.2 135.4l187 180.8c8.8 8.5 22.8 8.5 31.6 0l186.7-180.2c2.7-2.7 69.5-63.5 69.5-136C560 76.9 505.7 24 414.9 24z\"><\/path><\/svg>\t\t29\t<\/span>\n\t<span\n\t\tclass=\"sbi_comments\" style=\"font-size: 13px;\" >\n\t\t<svg  style=\"font-size: 13px;\" class=\"svg-inline--fa fa-comment fa-w-18\" aria-hidden=\"true\" data-fa-processed=\"\" data-prefix=\"fa\" data-icon=\"comment\" role=\"presentation\" xmlns=\"http:\/\/www.w3.org\/2000\/svg\" viewBox=\"0 0 576 512\"><path fill=\"currentColor\" d=\"M576 240c0 115-129 208-288 208-48.3 0-93.9-8.6-133.9-23.8-40.3 31.2-89.8 50.3-142.4 55.7-5.2.6-10.2-2.8-11.5-7.7-1.3-5 2.7-8.1 6.6-11.8 19.3-18.4 42.7-32.8 51.9-94.6C21.9 330.9 0 287.3 0 240 0 125.1 129 32 288 32s288 93.1 288 208z\"><\/path><\/svg>\t\t1\t<\/span>\n\t\t\t\t\t<\/div>\n\t\t\t\t\n\t\t\t<\/div>\n\n\t\t\t<a class=\"sbi_link_area nofancybox\" rel=\"nofollow noopener\" href=\"https:\/\/scontent-mad2-1.cdninstagram.com\/v\/t51.82787-15\/762676985_18083007920671493_4612699496822353233_n.jpg?stp=dst-jpg_e35_tt6&#038;_nc_cat=104&#038;ccb=7-5&#038;_nc_sid=18de74&#038;efg=eyJlZmdfdGFnIjoiRkVFRC5iZXN0X2ltYWdlX3VybGdlbi5DMyJ9&#038;_nc_ohc=3NeZcl6OgUYQ7kNvwE2rcdr&#038;_nc_oc=AdoK_1JZuLOz9wkunawsnVRbgVBKaw-b_Re6AdLRrJCEcYDZIX_jCYMNSDz0K6uop8E&#038;_nc_zt=23&#038;_nc_ht=scontent-mad2-1.cdninstagram.com&#038;edm=ANo9K5cEAAAA&#038;_nc_gid=WGPGNTB4sOa6iY8ggNoVPA&#038;_nc_tpa=Q5bMBQLkBUnc_CgJ2b4W8EURqEYz0asZEyv2mXBbU9kmPv_kPqGSRdKWhXa3uvioECIwSWa_TPmCOZyl9Q&#038;oh=00_AQLrXoRWxU4pXN5LV9FVrtfy5r919_0Jz9_1i_zlvi1k-A&#038;oe=6A9F3C91\"\n\t\t\t   data-lightbox-sbi=\"\"\n\t\t\t   data-title=\"\u270b\ud83c\udffcEp! Si necessiteu saber quins s\u00f3n els horaris actuals de les llibreries de Calonge, Poble de Llibres, ara els podeu consultar sempre que vulgueu\ud83d\ude09&lt;br&gt;\n&lt;br&gt;\nVeniu, veniu, estarem encantats de rebre-us\u2764\ufe0f\"\n\t\t\t   data-video=\"\"\n\t\t\t   data-carousel=\"\"\n\t\t\t   data-id=\"sbi_18349199311172584\" data-user=\"calongepobledellibres\"\n\t\t\t   data-url=\"https:\/\/www.instagram.com\/p\/Dbp33jGIxyP\/\" data-avatar=\"https:\/\/scontent-mad1-1.cdninstagram.com\/v\/t51.2885-19\/359145968_1734825563698315_2145336362084773935_n.jpg?stp=dst-jpg_s206x206_tt6&amp;_nc_cat=106&amp;ccb=7-5&amp;_nc_sid=bf7eb4&amp;efg=eyJ2ZW5jb2RlX3RhZyI6InByb2ZpbGVfcGljLnd3dy4xMDgwLkMzIn0%3D&amp;_nc_ohc=FslqNb91nvgQ7kNvwHV6FuG&amp;_nc_oc=AdqyXZZg8GoylX8LiIn6KexusVy2y5RMRp6PADA9je4pxDM51tBo4NzJvPIBaUp7bNk&amp;_nc_zt=24&amp;_nc_ht=scontent-mad1-1.cdninstagram.com&amp;edm=AP4hL3IEAAAA&amp;_nc_tpa=Q5bMBQKO0018aCOxNGFXxcxC2eXknSXTXNodaMvV4GjFIHRiCe5aQu_xNb04UrMf59z18Wc___9DfAOM6g&amp;oh=00_AQIc9sfdeL6ZHj9sPSxoUcuQRC3S023RRxOIWBFBhRiFtw&amp;oe=6A9F38BD\"\n\t\t\t   data-account-type=\"business\"\n\t\t\t   data-iframe=''\n\t\t\t   data-media-type=\"feed\"\n\t\t\t   data-posted-on=\"\"\n\t\t\t   data-custom-avatar=\"\">\n\t\t\t\t<span class=\"sbi-screenreader\">\n\t\t\t\t\tOpen post by calongepobledellibres with ID 18349199311172584\t\t\t\t<\/span>\n\t\t\t\t\t\t\t<\/a>\n\t\t<\/div>\n\n\t\t<a class=\"sbi_photo\" target=\"_blank\" rel=\"nofollow noopener\" href=\"https:\/\/www.instagram.com\/p\/Dbp33jGIxyP\/\"\n\t\t   data-full-res=\"https:\/\/scontent-mad2-1.cdninstagram.com\/v\/t51.82787-15\/762676985_18083007920671493_4612699496822353233_n.jpg?stp=dst-jpg_e35_tt6&#038;_nc_cat=104&#038;ccb=7-5&#038;_nc_sid=18de74&#038;efg=eyJlZmdfdGFnIjoiRkVFRC5iZXN0X2ltYWdlX3VybGdlbi5DMyJ9&#038;_nc_ohc=3NeZcl6OgUYQ7kNvwE2rcdr&#038;_nc_oc=AdoK_1JZuLOz9wkunawsnVRbgVBKaw-b_Re6AdLRrJCEcYDZIX_jCYMNSDz0K6uop8E&#038;_nc_zt=23&#038;_nc_ht=scontent-mad2-1.cdninstagram.com&#038;edm=ANo9K5cEAAAA&#038;_nc_gid=WGPGNTB4sOa6iY8ggNoVPA&#038;_nc_tpa=Q5bMBQLkBUnc_CgJ2b4W8EURqEYz0asZEyv2mXBbU9kmPv_kPqGSRdKWhXa3uvioECIwSWa_TPmCOZyl9Q&#038;oh=00_AQLrXoRWxU4pXN5LV9FVrtfy5r919_0Jz9_1i_zlvi1k-A&#038;oe=6A9F3C91\"\n\t\t   data-img-src-set=\"{&quot;d&quot;:&quot;https:\\\/\\\/scontent-mad2-1.cdninstagram.com\\\/v\\\/t51.82787-15\\\/762676985_18083007920671493_4612699496822353233_n.jpg?stp=dst-jpg_e35_tt6&amp;_nc_cat=104&amp;ccb=7-5&amp;_nc_sid=18de74&amp;efg=eyJlZmdfdGFnIjoiRkVFRC5iZXN0X2ltYWdlX3VybGdlbi5DMyJ9&amp;_nc_ohc=3NeZcl6OgUYQ7kNvwE2rcdr&amp;_nc_oc=AdoK_1JZuLOz9wkunawsnVRbgVBKaw-b_Re6AdLRrJCEcYDZIX_jCYMNSDz0K6uop8E&amp;_nc_zt=23&amp;_nc_ht=scontent-mad2-1.cdninstagram.com&amp;edm=ANo9K5cEAAAA&amp;_nc_gid=WGPGNTB4sOa6iY8ggNoVPA&amp;_nc_tpa=Q5bMBQLkBUnc_CgJ2b4W8EURqEYz0asZEyv2mXBbU9kmPv_kPqGSRdKWhXa3uvioECIwSWa_TPmCOZyl9Q&amp;oh=00_AQLrXoRWxU4pXN5LV9FVrtfy5r919_0Jz9_1i_zlvi1k-A&amp;oe=6A9F3C91&quot;,&quot;150&quot;:&quot;https:\\\/\\\/scontent-mad2-1.cdninstagram.com\\\/v\\\/t51.82787-15\\\/762676985_18083007920671493_4612699496822353233_n.jpg?stp=dst-jpg_e35_tt6&amp;_nc_cat=104&amp;ccb=7-5&amp;_nc_sid=18de74&amp;efg=eyJlZmdfdGFnIjoiRkVFRC5iZXN0X2ltYWdlX3VybGdlbi5DMyJ9&amp;_nc_ohc=3NeZcl6OgUYQ7kNvwE2rcdr&amp;_nc_oc=AdoK_1JZuLOz9wkunawsnVRbgVBKaw-b_Re6AdLRrJCEcYDZIX_jCYMNSDz0K6uop8E&amp;_nc_zt=23&amp;_nc_ht=scontent-mad2-1.cdninstagram.com&amp;edm=ANo9K5cEAAAA&amp;_nc_gid=WGPGNTB4sOa6iY8ggNoVPA&amp;_nc_tpa=Q5bMBQLkBUnc_CgJ2b4W8EURqEYz0asZEyv2mXBbU9kmPv_kPqGSRdKWhXa3uvioECIwSWa_TPmCOZyl9Q&amp;oh=00_AQLrXoRWxU4pXN5LV9FVrtfy5r919_0Jz9_1i_zlvi1k-A&amp;oe=6A9F3C91&quot;,&quot;320&quot;:&quot;https:\\\/\\\/scontent-mad2-1.cdninstagram.com\\\/v\\\/t51.82787-15\\\/762676985_18083007920671493_4612699496822353233_n.jpg?stp=dst-jpg_e35_tt6&amp;_nc_cat=104&amp;ccb=7-5&amp;_nc_sid=18de74&amp;efg=eyJlZmdfdGFnIjoiRkVFRC5iZXN0X2ltYWdlX3VybGdlbi5DMyJ9&amp;_nc_ohc=3NeZcl6OgUYQ7kNvwE2rcdr&amp;_nc_oc=AdoK_1JZuLOz9wkunawsnVRbgVBKaw-b_Re6AdLRrJCEcYDZIX_jCYMNSDz0K6uop8E&amp;_nc_zt=23&amp;_nc_ht=scontent-mad2-1.cdninstagram.com&amp;edm=ANo9K5cEAAAA&amp;_nc_gid=WGPGNTB4sOa6iY8ggNoVPA&amp;_nc_tpa=Q5bMBQLkBUnc_CgJ2b4W8EURqEYz0asZEyv2mXBbU9kmPv_kPqGSRdKWhXa3uvioECIwSWa_TPmCOZyl9Q&amp;oh=00_AQLrXoRWxU4pXN5LV9FVrtfy5r919_0Jz9_1i_zlvi1k-A&amp;oe=6A9F3C91&quot;,&quot;640&quot;:&quot;https:\\\/\\\/scontent-mad2-1.cdninstagram.com\\\/v\\\/t51.82787-15\\\/762676985_18083007920671493_4612699496822353233_n.jpg?stp=dst-jpg_e35_tt6&amp;_nc_cat=104&amp;ccb=7-5&amp;_nc_sid=18de74&amp;efg=eyJlZmdfdGFnIjoiRkVFRC5iZXN0X2ltYWdlX3VybGdlbi5DMyJ9&amp;_nc_ohc=3NeZcl6OgUYQ7kNvwE2rcdr&amp;_nc_oc=AdoK_1JZuLOz9wkunawsnVRbgVBKaw-b_Re6AdLRrJCEcYDZIX_jCYMNSDz0K6uop8E&amp;_nc_zt=23&amp;_nc_ht=scontent-mad2-1.cdninstagram.com&amp;edm=ANo9K5cEAAAA&amp;_nc_gid=WGPGNTB4sOa6iY8ggNoVPA&amp;_nc_tpa=Q5bMBQLkBUnc_CgJ2b4W8EURqEYz0asZEyv2mXBbU9kmPv_kPqGSRdKWhXa3uvioECIwSWa_TPmCOZyl9Q&amp;oh=00_AQLrXoRWxU4pXN5LV9FVrtfy5r919_0Jz9_1i_zlvi1k-A&amp;oe=6A9F3C91&quot;}\"\n\t\t   tabindex=\"-1\">\n\t\t\t<img decoding=\"async\" src=\"https:\/\/pobledellibres.cat\/wp-content\/plugins\/instagram-feed-pro\/img\/placeholder.png\" alt=\"\u270b\ud83c\udffcEp! Si necessiteu saber quins s\u00f3n els horaris actuals de les llibreries de Calonge, Poble de Llibres, ara els podeu consultar sempre que vulgueu\ud83d\ude09\n\nVeniu, veniu, estarem encantats de rebre-us\u2764\ufe0f\">\n\t\t<\/a>\n\t<\/div>\n\n\n\t\t\n\t\t<div class=\"sbi_info_wrapper\">\n\t\t\t<div class=\"sbi_info \">\n\n\t\t\t\t\n\t\t\t\t<div class=\"sbi_meta_wrap\">\n\t\t\t\t\t\n\t\t\t\t\t\t\t\t\t<\/div>\n\t\t\t<\/div>\n\t\t<\/div>\n\t<\/div>\n\n\t<div class=\"sbi-divider\"><\/div>\n<\/div>\n<div class=\"sbi_item sbi_type_carousel sbi_new sbi_transition\"\t id=\"sbi_18106827347033828\" data-date=\"1785747241\"\n\t data-numcomments=\"5\" data-template=\"ft_default\">\n\t<div class=\"sbi_inner_wrap\" >\n\n\t\t\n\t\t\t<div class=\"sbi_photo_wrap\"  style=\"border-radius: inherit;\">\n\t\t\t\t<svg class=\"svg-inline--fa fa-clone fa-w-16 sbi_lightbox_carousel_icon\" aria-hidden=\"true\" aria-label=\"Clone\" data-fa-pro\u0192cessed=\"\" data-prefix=\"far\" data-icon=\"clone\" role=\"img\" xmlns=\"http:\/\/www.w3.org\/2000\/svg\" viewBox=\"0 0 512 512\">\n                    <path fill=\"currentColor\" d=\"M464 0H144c-26.51 0-48 21.49-48 48v48H48c-26.51 0-48 21.49-48 48v320c0 26.51 21.49 48 48 48h320c26.51 0 48-21.49 48-48v-48h48c26.51 0 48-21.49 48-48V48c0-26.51-21.49-48-48-48zM362 464H54a6 6 0 0 1-6-6V150a6 6 0 0 1 6-6h42v224c0 26.51 21.49 48 48 48h224v42a6 6 0 0 1-6 6zm96-96H150a6 6 0 0 1-6-6V54a6 6 0 0 1 6-6h308a6 6 0 0 1 6 6v308a6 6 0 0 1-6 6z\"><\/path>\n                <\/svg>\t\t\n\t\t<div  style=\"background: rgba(0,0,0,0.85)\"  class=\"sbi_link \" >\n\t\t\t<div class=\"sbi_hover_top\">\n\n\t\t\t\t\t<p class=\"sbi_hover_caption_wrap\"\n\t\t>\n\t\t<span\n\t\t\tclass=\"sbi_caption\">\ud83d\ude4c\ud83c\udffb Quina experi\u00e8ncia m\u00e9s fant\u00e0stica el Birra en Vers!<br><br>Vam viure un gran maridatge entre cervesa i poesia.<br><br>Moltes gr\u00e0cies a tothom qui va venir\u2764\ufe0f<br><br>Ens veiem a la propera!\ud83d\udc4f\ud83c\udffb\ud83d\udc4f\ud83c\udffb\ud83d\udc4f\ud83c\udffb<\/span>\n\t<\/p>\n\n\t\t\t<\/div>\n\n\t\t\t\n\t\t\t<div class=\"sbi_hover_bottom \" >\n\n\t\t\t\t\n\t\t\t\t\t\t\t\t\t<div\n\t\t\t\t\t\tclass=\"sbi_meta\" >\n\n\t\t\t\t\t\t\t<span\n\t\tclass=\"sbi_likes\" style=\"font-size: 13px;\" >\n\t\t<svg  style=\"font-size: 13px;\" class=\"svg-inline--fa fa-heart fa-w-18\" aria-hidden=\"true\" data-fa-processed=\"\" data-prefix=\"fa\" data-icon=\"heart\" role=\"presentation\" xmlns=\"http:\/\/www.w3.org\/2000\/svg\" viewBox=\"0 0 576 512\"><path fill=\"currentColor\" d=\"M414.9 24C361.8 24 312 65.7 288 89.3 264 65.7 214.2 24 161.1 24 70.3 24 16 76.9 16 165.5c0 72.6 66.8 133.3 69.2 135.4l187 180.8c8.8 8.5 22.8 8.5 31.6 0l186.7-180.2c2.7-2.7 69.5-63.5 69.5-136C560 76.9 505.7 24 414.9 24z\"><\/path><\/svg>\t\t206\t<\/span>\n\t<span\n\t\tclass=\"sbi_comments\" style=\"font-size: 13px;\" >\n\t\t<svg  style=\"font-size: 13px;\" class=\"svg-inline--fa fa-comment fa-w-18\" aria-hidden=\"true\" data-fa-processed=\"\" data-prefix=\"fa\" data-icon=\"comment\" role=\"presentation\" xmlns=\"http:\/\/www.w3.org\/2000\/svg\" viewBox=\"0 0 576 512\"><path fill=\"currentColor\" d=\"M576 240c0 115-129 208-288 208-48.3 0-93.9-8.6-133.9-23.8-40.3 31.2-89.8 50.3-142.4 55.7-5.2.6-10.2-2.8-11.5-7.7-1.3-5 2.7-8.1 6.6-11.8 19.3-18.4 42.7-32.8 51.9-94.6C21.9 330.9 0 287.3 0 240 0 125.1 129 32 288 32s288 93.1 288 208z\"><\/path><\/svg>\t\t5\t<\/span>\n\t\t\t\t\t<\/div>\n\t\t\t\t\n\t\t\t<\/div>\n\n\t\t\t<a class=\"sbi_link_area nofancybox\" rel=\"nofollow noopener\" href=\"https:\/\/scontent-mad1-1.cdninstagram.com\/v\/t51.82787-15\/762156657_18082693802671493_876270824465713962_n.jpg?stp=dst-jpg_e35_tt6&#038;_nc_cat=105&#038;ccb=7-5&#038;_nc_sid=18de74&#038;efg=eyJlZmdfdGFnIjoiQ0FST1VTRUxfSVRFTS5iZXN0X2ltYWdlX3VybGdlbi5DMyJ9&#038;_nc_ohc=fh1nXMDn1esQ7kNvwFzCbLC&#038;_nc_oc=AdpeanElK4bL0SK4UbE5Y6_39vc976WTJBV5ZRiKwuGcWZwPu25VR1tdEHna_yfbYUw&#038;_nc_zt=23&#038;_nc_ht=scontent-mad1-1.cdninstagram.com&#038;edm=ANo9K5cEAAAA&#038;_nc_gid=WGPGNTB4sOa6iY8ggNoVPA&#038;_nc_tpa=Q5bMBQJ9eHY1OGoeum0D_k2r46wUDqktLDduB5hPrW3JNVjTZU9Wh9Nugs9ANI_XYItWP3OZ_r3O44SeTg&#038;oh=00_AQIqFc6IlFyePW8PO0HKqm4xCxEgIHvmAN35bDXXg7WU_A&#038;oe=6A9F4294\"\n\t\t\t   data-lightbox-sbi=\"\"\n\t\t\t   data-title=\"\ud83d\ude4c\ud83c\udffb Quina experi\u00e8ncia m\u00e9s fant\u00e0stica el Birra en Vers!&lt;br&gt;\n&lt;br&gt;\nVam viure un gran maridatge entre cervesa i poesia.&lt;br&gt;\n&lt;br&gt;\nMoltes gr\u00e0cies a tothom qui va venir\u2764\ufe0f&lt;br&gt;\n&lt;br&gt;\nEns veiem a la propera!\ud83d\udc4f\ud83c\udffb\ud83d\udc4f\ud83c\udffb\ud83d\udc4f\ud83c\udffb\"\n\t\t\t   data-video=\"\"\n\t\t\t   data-carousel=\"{&quot;data&quot;:[{&quot;type&quot;:&quot;image&quot;,&quot;media&quot;:&quot;https:\\\/\\\/scontent-mad1-1.cdninstagram.com\\\/v\\\/t51.82787-15\\\/762156657_18082693802671493_876270824465713962_n.jpg?stp=dst-jpg_e35_tt6&amp;_nc_cat=105&amp;ccb=7-5&amp;_nc_sid=18de74&amp;efg=eyJlZmdfdGFnIjoiQ0FST1VTRUxfSVRFTS5iZXN0X2ltYWdlX3VybGdlbi5DMyJ9&amp;_nc_ohc=fh1nXMDn1esQ7kNvwFzCbLC&amp;_nc_oc=AdpeanElK4bL0SK4UbE5Y6_39vc976WTJBV5ZRiKwuGcWZwPu25VR1tdEHna_yfbYUw&amp;_nc_zt=23&amp;_nc_ht=scontent-mad1-1.cdninstagram.com&amp;edm=ANo9K5cEAAAA&amp;_nc_gid=WGPGNTB4sOa6iY8ggNoVPA&amp;_nc_tpa=Q5bMBQKWmmLY_oXLIwQCP6R8-6ISxceRikheY6NftB78sjfZ7LFClTQU4TfDMpr3mngnfXed3zm8gQQiwg&amp;oh=00_AQIn2OXgYg2mjdzYNzrIoAMMYOaA-FVDZ49UKfYP1WRIPQ&amp;oe=6A9F4294&quot;},{&quot;type&quot;:&quot;image&quot;,&quot;media&quot;:&quot;https:\\\/\\\/scontent-mad2-1.cdninstagram.com\\\/v\\\/t51.82787-15\\\/764422833_18082693811671493_6092547632836582056_n.jpg?stp=dst-jpg_e35_tt6&amp;_nc_cat=104&amp;ccb=7-5&amp;_nc_sid=18de74&amp;efg=eyJlZmdfdGFnIjoiQ0FST1VTRUxfSVRFTS5iZXN0X2ltYWdlX3VybGdlbi5DMyJ9&amp;_nc_ohc=wZahEnSJWZMQ7kNvwE1Z_JL&amp;_nc_oc=AdpLEtlacKhx1cSG4yAJq_2Ysj6xIYjflRrHiNcCjrHhWb5-o0BWK8W3mtk7vooC1LM&amp;_nc_zt=23&amp;_nc_ht=scontent-mad2-1.cdninstagram.com&amp;edm=ANo9K5cEAAAA&amp;_nc_gid=WGPGNTB4sOa6iY8ggNoVPA&amp;_nc_tpa=Q5bMBQJtO-Ub6RJAttWg1bCLxm1MjCzk2vLYL4KoVrN2dKLF4_zC3Dbs_TQ7DBVrik44Kwwt21yHexZmHg&amp;oh=00_AQLGnuR1JwgqAZQVQOGn7hbGmXFBbZT1_NassmcRtjdbGA&amp;oe=6A9F38D8&quot;},{&quot;type&quot;:&quot;image&quot;,&quot;media&quot;:&quot;https:\\\/\\\/scontent-mad1-1.cdninstagram.com\\\/v\\\/t51.82787-15\\\/762655234_18082693832671493_2105800534850370093_n.jpg?stp=dst-jpg_e35_tt6&amp;_nc_cat=106&amp;ccb=7-5&amp;_nc_sid=18de74&amp;efg=eyJlZmdfdGFnIjoiQ0FST1VTRUxfSVRFTS5iZXN0X2ltYWdlX3VybGdlbi5DMyJ9&amp;_nc_ohc=10RASfSfgMMQ7kNvwGZw-gq&amp;_nc_oc=Adr_sw0-DueQgMnzR_nmlQXVBAihnPyrwayH33N-2fzIFz4qnwsQcuKk21QDYCDqAcg&amp;_nc_zt=23&amp;_nc_ht=scontent-mad1-1.cdninstagram.com&amp;edm=ANo9K5cEAAAA&amp;_nc_gid=WGPGNTB4sOa6iY8ggNoVPA&amp;_nc_tpa=Q5bMBQI7cDpshDL6o_hxjjQqlbUXF9npPFN4gm-toxZeMi_r8oBfjjOPaPfCXst34EkipXNhxk0A1uzLlw&amp;oh=00_AQLuuCStLUaw7DlMIxSdqFPOAx03NWktP5Le7larGHQJTA&amp;oe=6A9F187D&quot;},{&quot;type&quot;:&quot;image&quot;,&quot;media&quot;:&quot;https:\\\/\\\/scontent-mad1-1.cdninstagram.com\\\/v\\\/t51.82787-15\\\/762943922_18082693820671493_3734171471556992742_n.jpg?stp=dst-jpg_e35_tt6&amp;_nc_cat=107&amp;ccb=7-5&amp;_nc_sid=18de74&amp;efg=eyJlZmdfdGFnIjoiQ0FST1VTRUxfSVRFTS5iZXN0X2ltYWdlX3VybGdlbi5DMyJ9&amp;_nc_ohc=UxM4NFj5n2AQ7kNvwEICTnI&amp;_nc_oc=AdrP5nH1MLdEKB3ozlW50mQAjLUCRfAWx7GTr8sfRlZnlwnynFTkav_SvcjWhcj03M4&amp;_nc_zt=23&amp;_nc_ht=scontent-mad1-1.cdninstagram.com&amp;edm=ANo9K5cEAAAA&amp;_nc_gid=WGPGNTB4sOa6iY8ggNoVPA&amp;_nc_tpa=Q5bMBQLa1eEwE-SLylc6x3wrmgOyMbKQvhr9itT0g8bscWZQ7eu2_EfI9C7nOq0KK5r1zlFpzVdk1msypQ&amp;oh=00_AQLFcOfrg0F6qwhFmDuqhgXQ9jHmtsKMPjGMBmxOTWnCng&amp;oe=6A9F4310&quot;}],&quot;vid_first&quot;:false}\"\n\t\t\t   data-id=\"sbi_18106827347033828\" data-user=\"calongepobledellibres\"\n\t\t\t   data-url=\"https:\/\/www.instagram.com\/p\/DbkmzDpCKcT\/\" data-avatar=\"https:\/\/scontent-mad1-1.cdninstagram.com\/v\/t51.2885-19\/359145968_1734825563698315_2145336362084773935_n.jpg?stp=dst-jpg_s206x206_tt6&amp;_nc_cat=106&amp;ccb=7-5&amp;_nc_sid=bf7eb4&amp;efg=eyJ2ZW5jb2RlX3RhZyI6InByb2ZpbGVfcGljLnd3dy4xMDgwLkMzIn0%3D&amp;_nc_ohc=FslqNb91nvgQ7kNvwHV6FuG&amp;_nc_oc=AdqyXZZg8GoylX8LiIn6KexusVy2y5RMRp6PADA9je4pxDM51tBo4NzJvPIBaUp7bNk&amp;_nc_zt=24&amp;_nc_ht=scontent-mad1-1.cdninstagram.com&amp;edm=AP4hL3IEAAAA&amp;_nc_tpa=Q5bMBQKO0018aCOxNGFXxcxC2eXknSXTXNodaMvV4GjFIHRiCe5aQu_xNb04UrMf59z18Wc___9DfAOM6g&amp;oh=00_AQIc9sfdeL6ZHj9sPSxoUcuQRC3S023RRxOIWBFBhRiFtw&amp;oe=6A9F38BD\"\n\t\t\t   data-account-type=\"business\"\n\t\t\t   data-iframe=''\n\t\t\t   data-media-type=\"feed\"\n\t\t\t   data-posted-on=\"\"\n\t\t\t   data-custom-avatar=\"\">\n\t\t\t\t<span class=\"sbi-screenreader\">\n\t\t\t\t\tOpen post by calongepobledellibres with ID 18106827347033828\t\t\t\t<\/span>\n\t\t\t\t\t\t\t<\/a>\n\t\t<\/div>\n\n\t\t<a class=\"sbi_photo\" target=\"_blank\" rel=\"nofollow noopener\" href=\"https:\/\/www.instagram.com\/p\/DbkmzDpCKcT\/\"\n\t\t   data-full-res=\"https:\/\/scontent-mad1-1.cdninstagram.com\/v\/t51.82787-15\/762156657_18082693802671493_876270824465713962_n.jpg?stp=dst-jpg_e35_tt6&#038;_nc_cat=105&#038;ccb=7-5&#038;_nc_sid=18de74&#038;efg=eyJlZmdfdGFnIjoiQ0FST1VTRUxfSVRFTS5iZXN0X2ltYWdlX3VybGdlbi5DMyJ9&#038;_nc_ohc=fh1nXMDn1esQ7kNvwFzCbLC&#038;_nc_oc=AdpeanElK4bL0SK4UbE5Y6_39vc976WTJBV5ZRiKwuGcWZwPu25VR1tdEHna_yfbYUw&#038;_nc_zt=23&#038;_nc_ht=scontent-mad1-1.cdninstagram.com&#038;edm=ANo9K5cEAAAA&#038;_nc_gid=WGPGNTB4sOa6iY8ggNoVPA&#038;_nc_tpa=Q5bMBQJ9eHY1OGoeum0D_k2r46wUDqktLDduB5hPrW3JNVjTZU9Wh9Nugs9ANI_XYItWP3OZ_r3O44SeTg&#038;oh=00_AQIqFc6IlFyePW8PO0HKqm4xCxEgIHvmAN35bDXXg7WU_A&#038;oe=6A9F4294\"\n\t\t   data-img-src-set=\"{&quot;d&quot;:&quot;https:\\\/\\\/scontent-mad1-1.cdninstagram.com\\\/v\\\/t51.82787-15\\\/762156657_18082693802671493_876270824465713962_n.jpg?stp=dst-jpg_e35_tt6&amp;_nc_cat=105&amp;ccb=7-5&amp;_nc_sid=18de74&amp;efg=eyJlZmdfdGFnIjoiQ0FST1VTRUxfSVRFTS5iZXN0X2ltYWdlX3VybGdlbi5DMyJ9&amp;_nc_ohc=fh1nXMDn1esQ7kNvwFzCbLC&amp;_nc_oc=AdpeanElK4bL0SK4UbE5Y6_39vc976WTJBV5ZRiKwuGcWZwPu25VR1tdEHna_yfbYUw&amp;_nc_zt=23&amp;_nc_ht=scontent-mad1-1.cdninstagram.com&amp;edm=ANo9K5cEAAAA&amp;_nc_gid=WGPGNTB4sOa6iY8ggNoVPA&amp;_nc_tpa=Q5bMBQJ9eHY1OGoeum0D_k2r46wUDqktLDduB5hPrW3JNVjTZU9Wh9Nugs9ANI_XYItWP3OZ_r3O44SeTg&amp;oh=00_AQIqFc6IlFyePW8PO0HKqm4xCxEgIHvmAN35bDXXg7WU_A&amp;oe=6A9F4294&quot;,&quot;150&quot;:&quot;https:\\\/\\\/scontent-mad1-1.cdninstagram.com\\\/v\\\/t51.82787-15\\\/762156657_18082693802671493_876270824465713962_n.jpg?stp=dst-jpg_e35_tt6&amp;_nc_cat=105&amp;ccb=7-5&amp;_nc_sid=18de74&amp;efg=eyJlZmdfdGFnIjoiQ0FST1VTRUxfSVRFTS5iZXN0X2ltYWdlX3VybGdlbi5DMyJ9&amp;_nc_ohc=fh1nXMDn1esQ7kNvwFzCbLC&amp;_nc_oc=AdpeanElK4bL0SK4UbE5Y6_39vc976WTJBV5ZRiKwuGcWZwPu25VR1tdEHna_yfbYUw&amp;_nc_zt=23&amp;_nc_ht=scontent-mad1-1.cdninstagram.com&amp;edm=ANo9K5cEAAAA&amp;_nc_gid=WGPGNTB4sOa6iY8ggNoVPA&amp;_nc_tpa=Q5bMBQJ9eHY1OGoeum0D_k2r46wUDqktLDduB5hPrW3JNVjTZU9Wh9Nugs9ANI_XYItWP3OZ_r3O44SeTg&amp;oh=00_AQIqFc6IlFyePW8PO0HKqm4xCxEgIHvmAN35bDXXg7WU_A&amp;oe=6A9F4294&quot;,&quot;320&quot;:&quot;https:\\\/\\\/scontent-mad1-1.cdninstagram.com\\\/v\\\/t51.82787-15\\\/762156657_18082693802671493_876270824465713962_n.jpg?stp=dst-jpg_e35_tt6&amp;_nc_cat=105&amp;ccb=7-5&amp;_nc_sid=18de74&amp;efg=eyJlZmdfdGFnIjoiQ0FST1VTRUxfSVRFTS5iZXN0X2ltYWdlX3VybGdlbi5DMyJ9&amp;_nc_ohc=fh1nXMDn1esQ7kNvwFzCbLC&amp;_nc_oc=AdpeanElK4bL0SK4UbE5Y6_39vc976WTJBV5ZRiKwuGcWZwPu25VR1tdEHna_yfbYUw&amp;_nc_zt=23&amp;_nc_ht=scontent-mad1-1.cdninstagram.com&amp;edm=ANo9K5cEAAAA&amp;_nc_gid=WGPGNTB4sOa6iY8ggNoVPA&amp;_nc_tpa=Q5bMBQJ9eHY1OGoeum0D_k2r46wUDqktLDduB5hPrW3JNVjTZU9Wh9Nugs9ANI_XYItWP3OZ_r3O44SeTg&amp;oh=00_AQIqFc6IlFyePW8PO0HKqm4xCxEgIHvmAN35bDXXg7WU_A&amp;oe=6A9F4294&quot;,&quot;640&quot;:&quot;https:\\\/\\\/scontent-mad1-1.cdninstagram.com\\\/v\\\/t51.82787-15\\\/762156657_18082693802671493_876270824465713962_n.jpg?stp=dst-jpg_e35_tt6&amp;_nc_cat=105&amp;ccb=7-5&amp;_nc_sid=18de74&amp;efg=eyJlZmdfdGFnIjoiQ0FST1VTRUxfSVRFTS5iZXN0X2ltYWdlX3VybGdlbi5DMyJ9&amp;_nc_ohc=fh1nXMDn1esQ7kNvwFzCbLC&amp;_nc_oc=AdpeanElK4bL0SK4UbE5Y6_39vc976WTJBV5ZRiKwuGcWZwPu25VR1tdEHna_yfbYUw&amp;_nc_zt=23&amp;_nc_ht=scontent-mad1-1.cdninstagram.com&amp;edm=ANo9K5cEAAAA&amp;_nc_gid=WGPGNTB4sOa6iY8ggNoVPA&amp;_nc_tpa=Q5bMBQJ9eHY1OGoeum0D_k2r46wUDqktLDduB5hPrW3JNVjTZU9Wh9Nugs9ANI_XYItWP3OZ_r3O44SeTg&amp;oh=00_AQIqFc6IlFyePW8PO0HKqm4xCxEgIHvmAN35bDXXg7WU_A&amp;oe=6A9F4294&quot;}\"\n\t\t   tabindex=\"-1\">\n\t\t\t<img decoding=\"async\" src=\"https:\/\/pobledellibres.cat\/wp-content\/plugins\/instagram-feed-pro\/img\/placeholder.png\" alt=\"\ud83d\ude4c\ud83c\udffb Quina experi\u00e8ncia m\u00e9s fant\u00e0stica el Birra en Vers!\n\nVam viure un gran maridatge entre cervesa i poesia.\n\nMoltes gr\u00e0cies a tothom qui va venir\u2764\ufe0f\n\nEns veiem a la propera!\ud83d\udc4f\ud83c\udffb\ud83d\udc4f\ud83c\udffb\ud83d\udc4f\ud83c\udffb\">\n\t\t<\/a>\n\t<\/div>\n\n\n\t\t\n\t\t<div class=\"sbi_info_wrapper\">\n\t\t\t<div class=\"sbi_info \">\n\n\t\t\t\t\n\t\t\t\t<div class=\"sbi_meta_wrap\">\n\t\t\t\t\t\n\t\t\t\t\t\t\t\t\t<\/div>\n\t\t\t<\/div>\n\t\t<\/div>\n\t<\/div>\n\n\t<div class=\"sbi-divider\"><\/div>\n<\/div>\n<div class=\"sbi_item sbi_type_carousel sbi_new sbi_transition\"\t id=\"sbi_17993984150813473\" data-date=\"1785341153\"\n\t data-numcomments=\"40\" data-template=\"ft_default\">\n\t<div class=\"sbi_inner_wrap\" >\n\n\t\t\n\t\t\t<div class=\"sbi_photo_wrap\"  style=\"border-radius: inherit;\">\n\t\t\t\t<svg class=\"svg-inline--fa fa-clone fa-w-16 sbi_lightbox_carousel_icon\" aria-hidden=\"true\" aria-label=\"Clone\" data-fa-pro\u0192cessed=\"\" data-prefix=\"far\" data-icon=\"clone\" role=\"img\" xmlns=\"http:\/\/www.w3.org\/2000\/svg\" viewBox=\"0 0 512 512\">\n                    <path fill=\"currentColor\" d=\"M464 0H144c-26.51 0-48 21.49-48 48v48H48c-26.51 0-48 21.49-48 48v320c0 26.51 21.49 48 48 48h320c26.51 0 48-21.49 48-48v-48h48c26.51 0 48-21.49 48-48V48c0-26.51-21.49-48-48-48zM362 464H54a6 6 0 0 1-6-6V150a6 6 0 0 1 6-6h42v224c0 26.51 21.49 48 48 48h224v42a6 6 0 0 1-6 6zm96-96H150a6 6 0 0 1-6-6V54a6 6 0 0 1 6-6h308a6 6 0 0 1 6 6v308a6 6 0 0 1-6 6z\"><\/path>\n                <\/svg>\t\t\n\t\t<div  style=\"background: rgba(0,0,0,0.85)\"  class=\"sbi_link \" >\n\t\t\t<div class=\"sbi_hover_top\">\n\n\t\t\t\t\t<p class=\"sbi_hover_caption_wrap\"\n\t\t>\n\t\t<span\n\t\t\tclass=\"sbi_caption\">\u26f1\ufe0f Aquest estiu a Calonge, Poble de Llibres volem posar-te a prova:<br><br>Quina novel\u00b7la s\u2019amaga darrere aquestes pistes? Participa!<br><br>1\ufe0f\u20e3 Segueix els comptes de @festiucalonge i @calongepobledellibres.<br><br>2\ufe0f\u20e3 Fes m`agrada a la publicaci\u00f3.<br>3\ufe0f\u20e3 Comenta la teva resposta a la publicaci\u00f3.<br><br>4\ufe0f\u20e3 Etiqueta la persona amb qui compartiries el premi.<br><br>\u2728 Entre totes les persones que encertin la resposta sortejarem el pack de dues entrades per al concert de Sant Andreu Jazz Band del 22 d\u2019agost. <br><br>\ud83d\udcc5 Pots participar fins al 3 d`agost. <br>\ud83c\udf89 Anunciarem la persona guanyadora a Stories el 3 d`agost.<br><br>\ud83d\ude09 Ah i pots aconseguir el llibre a @labotigadelsfils una gran lectura per aquest estiu!<br><br>Esperem la teva resposta!<\/span>\n\t<\/p>\n\n\t\t\t<\/div>\n\n\t\t\t\n\t\t\t<div class=\"sbi_hover_bottom \" >\n\n\t\t\t\t\n\t\t\t\t\t\t\t\t\t<div\n\t\t\t\t\t\tclass=\"sbi_meta\" >\n\n\t\t\t\t\t\t\t<span\n\t\tclass=\"sbi_likes\" style=\"font-size: 13px;\" >\n\t\t<svg  style=\"font-size: 13px;\" class=\"svg-inline--fa fa-heart fa-w-18\" aria-hidden=\"true\" data-fa-processed=\"\" data-prefix=\"fa\" data-icon=\"heart\" role=\"presentation\" xmlns=\"http:\/\/www.w3.org\/2000\/svg\" viewBox=\"0 0 576 512\"><path fill=\"currentColor\" d=\"M414.9 24C361.8 24 312 65.7 288 89.3 264 65.7 214.2 24 161.1 24 70.3 24 16 76.9 16 165.5c0 72.6 66.8 133.3 69.2 135.4l187 180.8c8.8 8.5 22.8 8.5 31.6 0l186.7-180.2c2.7-2.7 69.5-63.5 69.5-136C560 76.9 505.7 24 414.9 24z\"><\/path><\/svg>\t\t46\t<\/span>\n\t<span\n\t\tclass=\"sbi_comments\" style=\"font-size: 13px;\" >\n\t\t<svg  style=\"font-size: 13px;\" class=\"svg-inline--fa fa-comment fa-w-18\" aria-hidden=\"true\" data-fa-processed=\"\" data-prefix=\"fa\" data-icon=\"comment\" role=\"presentation\" xmlns=\"http:\/\/www.w3.org\/2000\/svg\" viewBox=\"0 0 576 512\"><path fill=\"currentColor\" d=\"M576 240c0 115-129 208-288 208-48.3 0-93.9-8.6-133.9-23.8-40.3 31.2-89.8 50.3-142.4 55.7-5.2.6-10.2-2.8-11.5-7.7-1.3-5 2.7-8.1 6.6-11.8 19.3-18.4 42.7-32.8 51.9-94.6C21.9 330.9 0 287.3 0 240 0 125.1 129 32 288 32s288 93.1 288 208z\"><\/path><\/svg>\t\t40\t<\/span>\n\t\t\t\t\t<\/div>\n\t\t\t\t\n\t\t\t<\/div>\n\n\t\t\t<a class=\"sbi_link_area nofancybox\" rel=\"nofollow noopener\" href=\"https:\/\/scontent-mad1-1.cdninstagram.com\/v\/t51.82787-15\/758409315_18081961088671493_5265336030736828712_n.jpg?stp=dst-jpg_e35_tt6&#038;_nc_cat=107&#038;ccb=7-5&#038;_nc_sid=18de74&#038;efg=eyJlZmdfdGFnIjoiQ0FST1VTRUxfSVRFTS5iZXN0X2ltYWdlX3VybGdlbi5DMyJ9&#038;_nc_ohc=Yl8wHeHwTtUQ7kNvwHV4UsZ&#038;_nc_oc=AdpWCjk5CBgmfoyaFkzEi7vIg_EFAuEHYvsyOyxxJ1q1UM5U-bvaj4wyByK5ZOFiPYM&#038;_nc_zt=23&#038;_nc_ht=scontent-mad1-1.cdninstagram.com&#038;edm=ANo9K5cEAAAA&#038;_nc_gid=WGPGNTB4sOa6iY8ggNoVPA&#038;_nc_tpa=Q5bMBQKyUIQXjifMCUeiL838twtjE8m90s8o38yG0e0A1pHGOgyWzIvE4slTk3wHhdPM5KzdDe4q7TUCow&#038;oh=00_AQIXEKc4cfm1AJjtLDjcCvaMmSFLz0kOzGNMo61BLnci5w&#038;oe=6A9F19BB\"\n\t\t\t   data-lightbox-sbi=\"\"\n\t\t\t   data-title=\"\u26f1\ufe0f Aquest estiu a Calonge, Poble de Llibres volem posar-te a prova:&lt;br&gt;\n&lt;br&gt;\nQuina novel\u00b7la s\u2019amaga darrere aquestes pistes? Participa!&lt;br&gt;\n&lt;br&gt;\n1\ufe0f\u20e3 Segueix els comptes de @festiucalonge i @calongepobledellibres.&lt;br&gt;\n&lt;br&gt;\n2\ufe0f\u20e3 Fes m&#039;agrada a la publicaci\u00f3.&lt;br&gt;\n3\ufe0f\u20e3 Comenta la teva resposta a la publicaci\u00f3.&lt;br&gt;\n&lt;br&gt;\n4\ufe0f\u20e3 Etiqueta la persona amb qui compartiries el premi.&lt;br&gt;\n&lt;br&gt;\n\u2728 Entre totes les persones que encertin la resposta sortejarem el pack de dues entrades per al concert de Sant Andreu Jazz Band del 22 d\u2019agost. &lt;br&gt;\n&lt;br&gt;\n\ud83d\udcc5 Pots participar fins al 3 d&#039;agost. &lt;br&gt;\n\ud83c\udf89 Anunciarem la persona guanyadora a Stories el 3 d&#039;agost.&lt;br&gt;\n&lt;br&gt;\n;) Ah i pots aconseguir el llibre a @labotigadelsfils una gran lectura per aquest estiu!&lt;br&gt;\n&lt;br&gt;\nEsperem la teva resposta!\"\n\t\t\t   data-video=\"\"\n\t\t\t   data-carousel=\"{&quot;data&quot;:[{&quot;type&quot;:&quot;image&quot;,&quot;media&quot;:&quot;https:\\\/\\\/scontent-mad1-1.cdninstagram.com\\\/v\\\/t51.82787-15\\\/758409315_18081961088671493_5265336030736828712_n.jpg?stp=dst-jpg_e35_tt6&amp;_nc_cat=107&amp;ccb=7-5&amp;_nc_sid=18de74&amp;efg=eyJlZmdfdGFnIjoiQ0FST1VTRUxfSVRFTS5iZXN0X2ltYWdlX3VybGdlbi5DMyJ9&amp;_nc_ohc=Yl8wHeHwTtUQ7kNvwHV4UsZ&amp;_nc_oc=AdpWCjk5CBgmfoyaFkzEi7vIg_EFAuEHYvsyOyxxJ1q1UM5U-bvaj4wyByK5ZOFiPYM&amp;_nc_zt=23&amp;_nc_ht=scontent-mad1-1.cdninstagram.com&amp;edm=ANo9K5cEAAAA&amp;_nc_gid=WGPGNTB4sOa6iY8ggNoVPA&amp;_nc_tpa=Q5bMBQKii6ZAAanzALlhA94oMgpoAb8BSumiikFBqvWRhjd_nI_jNdOubVWHaVa8AxZA0NMSuq_3yW5KuA&amp;oh=00_AQIA57iLbEnpf5UHI7-9aqpLQXyOlqLmwxF2XYbMG9vvbQ&amp;oe=6A9F19BB&quot;},{&quot;type&quot;:&quot;image&quot;,&quot;media&quot;:&quot;https:\\\/\\\/scontent-mad2-1.cdninstagram.com\\\/v\\\/t51.82787-15\\\/758409313_18081961184671493_7313535095116816494_n.jpg?stp=dst-jpg_e35_tt6&amp;_nc_cat=104&amp;ccb=7-5&amp;_nc_sid=18de74&amp;efg=eyJlZmdfdGFnIjoiQ0FST1VTRUxfSVRFTS5iZXN0X2ltYWdlX3VybGdlbi5DMyJ9&amp;_nc_ohc=qniL4x4gHH0Q7kNvwHMGr4J&amp;_nc_oc=Adol9AwJ4Z0OMLzZIsxHzTxYDyIeS0rjyAY6g_FCW_AlnyUgqW5w-4og7yYrLhIT9w4&amp;_nc_zt=23&amp;_nc_ht=scontent-mad2-1.cdninstagram.com&amp;edm=ANo9K5cEAAAA&amp;_nc_gid=WGPGNTB4sOa6iY8ggNoVPA&amp;_nc_tpa=Q5bMBQImM0dUymui3szl3xZQ9abjNojLw5agKIHDKBAm3-2Re41yzXcNAGZTrUpuhFAGTax_1U5O0n07dw&amp;oh=00_AQIjaQzDlr32S227NjupR09LJeBL3_3-Nro1IcCzYYZ-3w&amp;oe=6A9F389F&quot;},{&quot;type&quot;:&quot;image&quot;,&quot;media&quot;:&quot;https:\\\/\\\/scontent-mad1-1.cdninstagram.com\\\/v\\\/t51.82787-15\\\/756671213_18081961214671493_1663690726309284140_n.jpg?stp=dst-jpg_e35_tt6&amp;_nc_cat=107&amp;ccb=7-5&amp;_nc_sid=18de74&amp;efg=eyJlZmdfdGFnIjoiQ0FST1VTRUxfSVRFTS5iZXN0X2ltYWdlX3VybGdlbi5DMyJ9&amp;_nc_ohc=O3eO2wSlHYUQ7kNvwFsKooQ&amp;_nc_oc=AdogOlM6SBIh5L70JR_KJNjpPjVzAYpiiXtvV2vtohRRLECbjkRMecEq6CiCniwIVoA&amp;_nc_zt=23&amp;_nc_ht=scontent-mad1-1.cdninstagram.com&amp;edm=ANo9K5cEAAAA&amp;_nc_gid=WGPGNTB4sOa6iY8ggNoVPA&amp;_nc_tpa=Q5bMBQLXzUnFJekbsAZCMtEl6o9cFWOCjdNvMz35zNBEbKFvW-n02ueiQ02Cv_FledYb2fMI66Wayfpn5Q&amp;oh=00_AQJ-5aL2dT4Z3piqtHJdQ5Sy2M7-0wLLpme9OJtglax7oQ&amp;oe=6A9F2E36&quot;}],&quot;vid_first&quot;:false}\"\n\t\t\t   data-id=\"sbi_17993984150813473\" data-user=\"calongepobledellibres\"\n\t\t\t   data-url=\"https:\/\/www.instagram.com\/p\/DbYgKnCiiLE\/\" data-avatar=\"https:\/\/scontent-mad1-1.cdninstagram.com\/v\/t51.2885-19\/359145968_1734825563698315_2145336362084773935_n.jpg?stp=dst-jpg_s206x206_tt6&amp;_nc_cat=106&amp;ccb=7-5&amp;_nc_sid=bf7eb4&amp;efg=eyJ2ZW5jb2RlX3RhZyI6InByb2ZpbGVfcGljLnd3dy4xMDgwLkMzIn0%3D&amp;_nc_ohc=FslqNb91nvgQ7kNvwHV6FuG&amp;_nc_oc=AdqyXZZg8GoylX8LiIn6KexusVy2y5RMRp6PADA9je4pxDM51tBo4NzJvPIBaUp7bNk&amp;_nc_zt=24&amp;_nc_ht=scontent-mad1-1.cdninstagram.com&amp;edm=AP4hL3IEAAAA&amp;_nc_tpa=Q5bMBQKO0018aCOxNGFXxcxC2eXknSXTXNodaMvV4GjFIHRiCe5aQu_xNb04UrMf59z18Wc___9DfAOM6g&amp;oh=00_AQIc9sfdeL6ZHj9sPSxoUcuQRC3S023RRxOIWBFBhRiFtw&amp;oe=6A9F38BD\"\n\t\t\t   data-account-type=\"business\"\n\t\t\t   data-iframe=''\n\t\t\t   data-media-type=\"feed\"\n\t\t\t   data-posted-on=\"\"\n\t\t\t   data-custom-avatar=\"\">\n\t\t\t\t<span class=\"sbi-screenreader\">\n\t\t\t\t\tOpen post by calongepobledellibres with ID 17993984150813473\t\t\t\t<\/span>\n\t\t\t\t\t\t\t<\/a>\n\t\t<\/div>\n\n\t\t<a class=\"sbi_photo\" target=\"_blank\" rel=\"nofollow noopener\" href=\"https:\/\/www.instagram.com\/p\/DbYgKnCiiLE\/\"\n\t\t   data-full-res=\"https:\/\/scontent-mad1-1.cdninstagram.com\/v\/t51.82787-15\/758409315_18081961088671493_5265336030736828712_n.jpg?stp=dst-jpg_e35_tt6&#038;_nc_cat=107&#038;ccb=7-5&#038;_nc_sid=18de74&#038;efg=eyJlZmdfdGFnIjoiQ0FST1VTRUxfSVRFTS5iZXN0X2ltYWdlX3VybGdlbi5DMyJ9&#038;_nc_ohc=Yl8wHeHwTtUQ7kNvwHV4UsZ&#038;_nc_oc=AdpWCjk5CBgmfoyaFkzEi7vIg_EFAuEHYvsyOyxxJ1q1UM5U-bvaj4wyByK5ZOFiPYM&#038;_nc_zt=23&#038;_nc_ht=scontent-mad1-1.cdninstagram.com&#038;edm=ANo9K5cEAAAA&#038;_nc_gid=WGPGNTB4sOa6iY8ggNoVPA&#038;_nc_tpa=Q5bMBQKyUIQXjifMCUeiL838twtjE8m90s8o38yG0e0A1pHGOgyWzIvE4slTk3wHhdPM5KzdDe4q7TUCow&#038;oh=00_AQIXEKc4cfm1AJjtLDjcCvaMmSFLz0kOzGNMo61BLnci5w&#038;oe=6A9F19BB\"\n\t\t   data-img-src-set=\"{&quot;d&quot;:&quot;https:\\\/\\\/scontent-mad1-1.cdninstagram.com\\\/v\\\/t51.82787-15\\\/758409315_18081961088671493_5265336030736828712_n.jpg?stp=dst-jpg_e35_tt6&amp;_nc_cat=107&amp;ccb=7-5&amp;_nc_sid=18de74&amp;efg=eyJlZmdfdGFnIjoiQ0FST1VTRUxfSVRFTS5iZXN0X2ltYWdlX3VybGdlbi5DMyJ9&amp;_nc_ohc=Yl8wHeHwTtUQ7kNvwHV4UsZ&amp;_nc_oc=AdpWCjk5CBgmfoyaFkzEi7vIg_EFAuEHYvsyOyxxJ1q1UM5U-bvaj4wyByK5ZOFiPYM&amp;_nc_zt=23&amp;_nc_ht=scontent-mad1-1.cdninstagram.com&amp;edm=ANo9K5cEAAAA&amp;_nc_gid=WGPGNTB4sOa6iY8ggNoVPA&amp;_nc_tpa=Q5bMBQKyUIQXjifMCUeiL838twtjE8m90s8o38yG0e0A1pHGOgyWzIvE4slTk3wHhdPM5KzdDe4q7TUCow&amp;oh=00_AQIXEKc4cfm1AJjtLDjcCvaMmSFLz0kOzGNMo61BLnci5w&amp;oe=6A9F19BB&quot;,&quot;150&quot;:&quot;https:\\\/\\\/scontent-mad1-1.cdninstagram.com\\\/v\\\/t51.82787-15\\\/758409315_18081961088671493_5265336030736828712_n.jpg?stp=dst-jpg_e35_tt6&amp;_nc_cat=107&amp;ccb=7-5&amp;_nc_sid=18de74&amp;efg=eyJlZmdfdGFnIjoiQ0FST1VTRUxfSVRFTS5iZXN0X2ltYWdlX3VybGdlbi5DMyJ9&amp;_nc_ohc=Yl8wHeHwTtUQ7kNvwHV4UsZ&amp;_nc_oc=AdpWCjk5CBgmfoyaFkzEi7vIg_EFAuEHYvsyOyxxJ1q1UM5U-bvaj4wyByK5ZOFiPYM&amp;_nc_zt=23&amp;_nc_ht=scontent-mad1-1.cdninstagram.com&amp;edm=ANo9K5cEAAAA&amp;_nc_gid=WGPGNTB4sOa6iY8ggNoVPA&amp;_nc_tpa=Q5bMBQKyUIQXjifMCUeiL838twtjE8m90s8o38yG0e0A1pHGOgyWzIvE4slTk3wHhdPM5KzdDe4q7TUCow&amp;oh=00_AQIXEKc4cfm1AJjtLDjcCvaMmSFLz0kOzGNMo61BLnci5w&amp;oe=6A9F19BB&quot;,&quot;320&quot;:&quot;https:\\\/\\\/scontent-mad1-1.cdninstagram.com\\\/v\\\/t51.82787-15\\\/758409315_18081961088671493_5265336030736828712_n.jpg?stp=dst-jpg_e35_tt6&amp;_nc_cat=107&amp;ccb=7-5&amp;_nc_sid=18de74&amp;efg=eyJlZmdfdGFnIjoiQ0FST1VTRUxfSVRFTS5iZXN0X2ltYWdlX3VybGdlbi5DMyJ9&amp;_nc_ohc=Yl8wHeHwTtUQ7kNvwHV4UsZ&amp;_nc_oc=AdpWCjk5CBgmfoyaFkzEi7vIg_EFAuEHYvsyOyxxJ1q1UM5U-bvaj4wyByK5ZOFiPYM&amp;_nc_zt=23&amp;_nc_ht=scontent-mad1-1.cdninstagram.com&amp;edm=ANo9K5cEAAAA&amp;_nc_gid=WGPGNTB4sOa6iY8ggNoVPA&amp;_nc_tpa=Q5bMBQKyUIQXjifMCUeiL838twtjE8m90s8o38yG0e0A1pHGOgyWzIvE4slTk3wHhdPM5KzdDe4q7TUCow&amp;oh=00_AQIXEKc4cfm1AJjtLDjcCvaMmSFLz0kOzGNMo61BLnci5w&amp;oe=6A9F19BB&quot;,&quot;640&quot;:&quot;https:\\\/\\\/scontent-mad1-1.cdninstagram.com\\\/v\\\/t51.82787-15\\\/758409315_18081961088671493_5265336030736828712_n.jpg?stp=dst-jpg_e35_tt6&amp;_nc_cat=107&amp;ccb=7-5&amp;_nc_sid=18de74&amp;efg=eyJlZmdfdGFnIjoiQ0FST1VTRUxfSVRFTS5iZXN0X2ltYWdlX3VybGdlbi5DMyJ9&amp;_nc_ohc=Yl8wHeHwTtUQ7kNvwHV4UsZ&amp;_nc_oc=AdpWCjk5CBgmfoyaFkzEi7vIg_EFAuEHYvsyOyxxJ1q1UM5U-bvaj4wyByK5ZOFiPYM&amp;_nc_zt=23&amp;_nc_ht=scontent-mad1-1.cdninstagram.com&amp;edm=ANo9K5cEAAAA&amp;_nc_gid=WGPGNTB4sOa6iY8ggNoVPA&amp;_nc_tpa=Q5bMBQKyUIQXjifMCUeiL838twtjE8m90s8o38yG0e0A1pHGOgyWzIvE4slTk3wHhdPM5KzdDe4q7TUCow&amp;oh=00_AQIXEKc4cfm1AJjtLDjcCvaMmSFLz0kOzGNMo61BLnci5w&amp;oe=6A9F19BB&quot;}\"\n\t\t   tabindex=\"-1\">\n\t\t\t<img decoding=\"async\" src=\"https:\/\/pobledellibres.cat\/wp-content\/plugins\/instagram-feed-pro\/img\/placeholder.png\" alt=\"\u26f1\ufe0f Aquest estiu a Calonge, Poble de Llibres volem posar-te a prova:\n\nQuina novel\u00b7la s\u2019amaga darrere aquestes pistes? Participa!\n\n1\ufe0f\u20e3 Segueix els comptes de @festiucalonge i @calongepobledellibres.\n\n2\ufe0f\u20e3 Fes m&#039;agrada a la publicaci\u00f3.\n3\ufe0f\u20e3 Comenta la teva resposta a la publicaci\u00f3.\n\n4\ufe0f\u20e3 Etiqueta la persona amb qui compartiries el premi.\n\n\u2728 Entre totes les persones que encertin la resposta sortejarem el pack de dues entrades per al concert de Sant Andreu Jazz Band del 22 d\u2019agost. \n\n\ud83d\udcc5 Pots participar fins al 3 d&#039;agost. \n\ud83c\udf89 Anunciarem la persona guanyadora a Stories el 3 d&#039;agost.\n\n;) Ah i pots aconseguir el llibre a @labotigadelsfils una gran lectura per aquest estiu!\n\nEsperem la teva resposta!\">\n\t\t<\/a>\n\t<\/div>\n\n\n\t\t\n\t\t<div class=\"sbi_info_wrapper\">\n\t\t\t<div class=\"sbi_info \">\n\n\t\t\t\t\n\t\t\t\t<div class=\"sbi_meta_wrap\">\n\t\t\t\t\t\n\t\t\t\t\t\t\t\t\t<\/div>\n\t\t\t<\/div>\n\t\t<\/div>\n\t<\/div>\n\n\t<div class=\"sbi-divider\"><\/div>\n<\/div>\n<div class=\"sbi_item sbi_type_carousel sbi_new sbi_transition\"\t id=\"sbi_18413353339148426\" data-date=\"1784822410\"\n\t data-numcomments=\"0\" data-template=\"ft_default\">\n\t<div class=\"sbi_inner_wrap\" >\n\n\t\t\n\t\t\t<div class=\"sbi_photo_wrap\"  style=\"border-radius: inherit;\">\n\t\t\t\t<svg class=\"svg-inline--fa fa-clone fa-w-16 sbi_lightbox_carousel_icon\" aria-hidden=\"true\" aria-label=\"Clone\" data-fa-pro\u0192cessed=\"\" data-prefix=\"far\" data-icon=\"clone\" role=\"img\" xmlns=\"http:\/\/www.w3.org\/2000\/svg\" viewBox=\"0 0 512 512\">\n                    <path fill=\"currentColor\" d=\"M464 0H144c-26.51 0-48 21.49-48 48v48H48c-26.51 0-48 21.49-48 48v320c0 26.51 21.49 48 48 48h320c26.51 0 48-21.49 48-48v-48h48c26.51 0 48-21.49 48-48V48c0-26.51-21.49-48-48-48zM362 464H54a6 6 0 0 1-6-6V150a6 6 0 0 1 6-6h42v224c0 26.51 21.49 48 48 48h224v42a6 6 0 0 1-6 6zm96-96H150a6 6 0 0 1-6-6V54a6 6 0 0 1 6-6h308a6 6 0 0 1 6 6v308a6 6 0 0 1-6 6z\"><\/path>\n                <\/svg>\t\t\n\t\t<div  style=\"background: rgba(0,0,0,0.85)\"  class=\"sbi_link \" >\n\t\t\t<div class=\"sbi_hover_top\">\n\n\t\t\t\t\t<p class=\"sbi_hover_caption_wrap\"\n\t\t>\n\t\t<span\n\t\t\tclass=\"sbi_caption\">\ud83d\ude0eAquest estiu, cultura a la fresca! Torna el Llibrestiu a Calonge, Poble de Llibres!<br><br>Us convidem a celebrar plegats l`estiu amb les llibreries obertes fins a la mitjanit i un concert de versions a c\u00e0rrec de Litus al Cub!<br><br>\ud83d\udc49 Dissabte 1 d`agost a partir de les 21 h.<br>\ud83d\udccdPla\u00e7a Major<br><br>\u2757I recordeu que una estona abans podeu gaudir d`un maridatge entre cervesa i poesia al Birra en Vers. Podeu aconseguir les entrades al link de la bio.<br><br>Us hi esperem!<\/span>\n\t<\/p>\n\n\t\t\t<\/div>\n\n\t\t\t\n\t\t\t<div class=\"sbi_hover_bottom \" >\n\n\t\t\t\t\n\t\t\t\t\t\t\t\t\t<div\n\t\t\t\t\t\tclass=\"sbi_meta\" >\n\n\t\t\t\t\t\t\t<span\n\t\tclass=\"sbi_likes\" style=\"font-size: 13px;\" >\n\t\t<svg  style=\"font-size: 13px;\" class=\"svg-inline--fa fa-heart fa-w-18\" aria-hidden=\"true\" data-fa-processed=\"\" data-prefix=\"fa\" data-icon=\"heart\" role=\"presentation\" xmlns=\"http:\/\/www.w3.org\/2000\/svg\" viewBox=\"0 0 576 512\"><path fill=\"currentColor\" d=\"M414.9 24C361.8 24 312 65.7 288 89.3 264 65.7 214.2 24 161.1 24 70.3 24 16 76.9 16 165.5c0 72.6 66.8 133.3 69.2 135.4l187 180.8c8.8 8.5 22.8 8.5 31.6 0l186.7-180.2c2.7-2.7 69.5-63.5 69.5-136C560 76.9 505.7 24 414.9 24z\"><\/path><\/svg>\t\t178\t<\/span>\n\t<span\n\t\tclass=\"sbi_comments\" style=\"font-size: 13px;\" >\n\t\t<svg  style=\"font-size: 13px;\" class=\"svg-inline--fa fa-comment fa-w-18\" aria-hidden=\"true\" data-fa-processed=\"\" data-prefix=\"fa\" data-icon=\"comment\" role=\"presentation\" xmlns=\"http:\/\/www.w3.org\/2000\/svg\" viewBox=\"0 0 576 512\"><path fill=\"currentColor\" d=\"M576 240c0 115-129 208-288 208-48.3 0-93.9-8.6-133.9-23.8-40.3 31.2-89.8 50.3-142.4 55.7-5.2.6-10.2-2.8-11.5-7.7-1.3-5 2.7-8.1 6.6-11.8 19.3-18.4 42.7-32.8 51.9-94.6C21.9 330.9 0 287.3 0 240 0 125.1 129 32 288 32s288 93.1 288 208z\"><\/path><\/svg>\t\t0\t<\/span>\n\t\t\t\t\t<\/div>\n\t\t\t\t\n\t\t\t<\/div>\n\n\t\t\t<a class=\"sbi_link_area nofancybox\" rel=\"nofollow noopener\" href=\"https:\/\/scontent-mad1-1.cdninstagram.com\/v\/t51.82787-15\/755870514_18081043184671493_5818687482967711029_n.jpg?stp=dst-jpg_e35_tt6&#038;_nc_cat=103&#038;ccb=7-5&#038;_nc_sid=18de74&#038;efg=eyJlZmdfdGFnIjoiQ0FST1VTRUxfSVRFTS5iZXN0X2ltYWdlX3VybGdlbi5DMyJ9&#038;_nc_ohc=H5CVXqKrvPoQ7kNvwHeLwpH&#038;_nc_oc=Adp9d24-LGv0LQAVuAUSsrsRbpKB4Lvs0sFnbtP5iuESvK1Dc4ev9Q4vgbCDovlq2mY&#038;_nc_zt=23&#038;_nc_ht=scontent-mad1-1.cdninstagram.com&#038;edm=ANo9K5cEAAAA&#038;_nc_gid=WGPGNTB4sOa6iY8ggNoVPA&#038;_nc_tpa=Q5bMBQI9mjOmZO6wh0hweTVzPXKH9lDWyGYLUmEumVT5sjsOrKQXDaEjXfYpDzr7BsdrMvVhVByfMKlqlQ&#038;oh=00_AQKqU3mzhZthGBRoTXGyp6pxonVufVBaa_91vsL1teVZeg&#038;oe=6A9F184A\"\n\t\t\t   data-lightbox-sbi=\"\"\n\t\t\t   data-title=\"\ud83d\ude0eAquest estiu, cultura a la fresca! Torna el Llibrestiu a Calonge, Poble de Llibres!&lt;br&gt;\n&lt;br&gt;\nUs convidem a celebrar plegats l&#039;estiu amb les llibreries obertes fins a la mitjanit i un concert de versions a c\u00e0rrec de Litus al Cub!&lt;br&gt;\n&lt;br&gt;\n\ud83d\udc49 Dissabte 1 d&#039;agost a partir de les 21 h.&lt;br&gt;\n\ud83d\udccdPla\u00e7a Major&lt;br&gt;\n&lt;br&gt;\n\u2757I recordeu que una estona abans podeu gaudir d&#039;un maridatge entre cervesa i poesia al Birra en Vers. Podeu aconseguir les entrades al link de la bio.&lt;br&gt;\n&lt;br&gt;\nUs hi esperem!\"\n\t\t\t   data-video=\"\"\n\t\t\t   data-carousel=\"{&quot;data&quot;:[{&quot;type&quot;:&quot;image&quot;,&quot;media&quot;:&quot;https:\\\/\\\/scontent-mad1-1.cdninstagram.com\\\/v\\\/t51.82787-15\\\/755870514_18081043184671493_5818687482967711029_n.jpg?stp=dst-jpg_e35_tt6&amp;_nc_cat=103&amp;ccb=7-5&amp;_nc_sid=18de74&amp;efg=eyJlZmdfdGFnIjoiQ0FST1VTRUxfSVRFTS5iZXN0X2ltYWdlX3VybGdlbi5DMyJ9&amp;_nc_ohc=H5CVXqKrvPoQ7kNvwHeLwpH&amp;_nc_oc=Adp9d24-LGv0LQAVuAUSsrsRbpKB4Lvs0sFnbtP5iuESvK1Dc4ev9Q4vgbCDovlq2mY&amp;_nc_zt=23&amp;_nc_ht=scontent-mad1-1.cdninstagram.com&amp;edm=ANo9K5cEAAAA&amp;_nc_gid=WGPGNTB4sOa6iY8ggNoVPA&amp;_nc_tpa=Q5bMBQJ6a1IFq9RO2yllws13oO_mm0uflwCkYm9VoDmdmSzxd4AQVrF9C46Ge3UsS8LBytQMJOiTvqXqmg&amp;oh=00_AQLTbp_238LfjOHKffWPwiakt7llVNyb9a6fxdJPlbHHYQ&amp;oe=6A9F184A&quot;},{&quot;type&quot;:&quot;video&quot;,&quot;media&quot;:&quot;https:\\\/\\\/scontent-mad2-1.cdninstagram.com\\\/o1\\\/v\\\/t16\\\/f2\\\/m84\\\/AQPNSd2Vugrx1Fo4qGO7lnfx8BPa44TruYfe9eb2IpE6g2Oxa50h1jC26dSOyv00b5u-Vn81tJfjhY_9nrZvBlaZIBjweC5A9e-Lfmo.mp4?_nc_cat=111&amp;_nc_sid=5e9851&amp;_nc_ht=scontent-mad2-1.cdninstagram.com&amp;_nc_ohc=Xc_PS0tBj9kQ7kNvwEGwDbo&amp;efg=eyJ2ZW5jb2RlX3RhZyI6Inhwdl9wcm9ncmVzc2l2ZS5JTlNUQUdSQU0uQ0FST1VTRUxfSVRFTS5DMy43MjAuZGFzaF9iYXNlbGluZV8xX3YxIiwieHB2X2Fzc2V0X2lkIjoxODA4MTA0MzIxNDY3MTQ5MywiYXNzZXRfYWdlX2RheXMiOjQxLCJ2aV91c2VjYXNlX2lkIjoxMDE0NiwiZHVyYXRpb25fcyI6MTEsInVybGdlbl9zb3VyY2UiOiJ3d3cifQ%3D%3D&amp;ccb=17-1&amp;vs=5f64eff8ba6e800&amp;_nc_vs=HBksFQIYTGlnX2JhY2tmaWxsX3RpbWVsaW5lX3ZvZC8wNjREQzQwMEVFMzZDNTdBOTFFRjU5QUFBNEYyOTM4Q192aWRlb19kYXNoaW5pdC5tcDQVAALIARIAFQIYUWlnX3hwdl9wbGFjZW1lbnRfcGVybWFuZW50X3YyLzEyNDBENEFGRTAzRTVERDY1QTJGNzU2OEYyRTQ0Q0FGX2F1ZGlvX2Rhc2hpbml0Lm1wNBUCAsgBEgAoABgAGwKIB3VzZV9vaWwBMRJwcm9ncmVzc2l2ZV9yZWNpcGUBMRUAACaK-tTfnaeeQBUCKAJDMywXQCZmZmZmZmYYEmRhc2hfYmFzZWxpbmVfMV92MREAde4HZcSeAQA&amp;_nc_gid=WGPGNTB4sOa6iY8ggNoVPA&amp;edm=ANo9K5cEAAAA&amp;_nc_zt=28&amp;_nc_tpa=Q5bMBQJdbMozn4a8TY5l1CJz6Mjhn5g0ZVW5zs2MzUWk_pi2EP_EsZ-atS8mQtidE-d0wRdxIvuOsLZKFg&amp;oh=00_AQJZn_qPWFa9nXk4BHrKr0PEvKStK5C50U_gC83xkP_zAA&amp;oe=6A9B39E1&quot;}],&quot;vid_first&quot;:false}\"\n\t\t\t   data-id=\"sbi_18413353339148426\" data-user=\"calongepobledellibres\"\n\t\t\t   data-url=\"https:\/\/www.instagram.com\/p\/DbJCxBCjFXe\/\" data-avatar=\"https:\/\/scontent-mad1-1.cdninstagram.com\/v\/t51.2885-19\/359145968_1734825563698315_2145336362084773935_n.jpg?stp=dst-jpg_s206x206_tt6&amp;_nc_cat=106&amp;ccb=7-5&amp;_nc_sid=bf7eb4&amp;efg=eyJ2ZW5jb2RlX3RhZyI6InByb2ZpbGVfcGljLnd3dy4xMDgwLkMzIn0%3D&amp;_nc_ohc=FslqNb91nvgQ7kNvwHV6FuG&amp;_nc_oc=AdqyXZZg8GoylX8LiIn6KexusVy2y5RMRp6PADA9je4pxDM51tBo4NzJvPIBaUp7bNk&amp;_nc_zt=24&amp;_nc_ht=scontent-mad1-1.cdninstagram.com&amp;edm=AP4hL3IEAAAA&amp;_nc_tpa=Q5bMBQKO0018aCOxNGFXxcxC2eXknSXTXNodaMvV4GjFIHRiCe5aQu_xNb04UrMf59z18Wc___9DfAOM6g&amp;oh=00_AQIc9sfdeL6ZHj9sPSxoUcuQRC3S023RRxOIWBFBhRiFtw&amp;oe=6A9F38BD\"\n\t\t\t   data-account-type=\"business\"\n\t\t\t   data-iframe=''\n\t\t\t   data-media-type=\"feed\"\n\t\t\t   data-posted-on=\"\"\n\t\t\t   data-custom-avatar=\"\">\n\t\t\t\t<span class=\"sbi-screenreader\">\n\t\t\t\t\tOpen post by calongepobledellibres with ID 18413353339148426\t\t\t\t<\/span>\n\t\t\t\t\t\t\t<\/a>\n\t\t<\/div>\n\n\t\t<a class=\"sbi_photo\" target=\"_blank\" rel=\"nofollow noopener\" href=\"https:\/\/www.instagram.com\/p\/DbJCxBCjFXe\/\"\n\t\t   data-full-res=\"https:\/\/scontent-mad1-1.cdninstagram.com\/v\/t51.82787-15\/755870514_18081043184671493_5818687482967711029_n.jpg?stp=dst-jpg_e35_tt6&#038;_nc_cat=103&#038;ccb=7-5&#038;_nc_sid=18de74&#038;efg=eyJlZmdfdGFnIjoiQ0FST1VTRUxfSVRFTS5iZXN0X2ltYWdlX3VybGdlbi5DMyJ9&#038;_nc_ohc=H5CVXqKrvPoQ7kNvwHeLwpH&#038;_nc_oc=Adp9d24-LGv0LQAVuAUSsrsRbpKB4Lvs0sFnbtP5iuESvK1Dc4ev9Q4vgbCDovlq2mY&#038;_nc_zt=23&#038;_nc_ht=scontent-mad1-1.cdninstagram.com&#038;edm=ANo9K5cEAAAA&#038;_nc_gid=WGPGNTB4sOa6iY8ggNoVPA&#038;_nc_tpa=Q5bMBQI9mjOmZO6wh0hweTVzPXKH9lDWyGYLUmEumVT5sjsOrKQXDaEjXfYpDzr7BsdrMvVhVByfMKlqlQ&#038;oh=00_AQKqU3mzhZthGBRoTXGyp6pxonVufVBaa_91vsL1teVZeg&#038;oe=6A9F184A\"\n\t\t   data-img-src-set=\"{&quot;d&quot;:&quot;https:\\\/\\\/scontent-mad1-1.cdninstagram.com\\\/v\\\/t51.82787-15\\\/755870514_18081043184671493_5818687482967711029_n.jpg?stp=dst-jpg_e35_tt6&amp;_nc_cat=103&amp;ccb=7-5&amp;_nc_sid=18de74&amp;efg=eyJlZmdfdGFnIjoiQ0FST1VTRUxfSVRFTS5iZXN0X2ltYWdlX3VybGdlbi5DMyJ9&amp;_nc_ohc=H5CVXqKrvPoQ7kNvwHeLwpH&amp;_nc_oc=Adp9d24-LGv0LQAVuAUSsrsRbpKB4Lvs0sFnbtP5iuESvK1Dc4ev9Q4vgbCDovlq2mY&amp;_nc_zt=23&amp;_nc_ht=scontent-mad1-1.cdninstagram.com&amp;edm=ANo9K5cEAAAA&amp;_nc_gid=WGPGNTB4sOa6iY8ggNoVPA&amp;_nc_tpa=Q5bMBQI9mjOmZO6wh0hweTVzPXKH9lDWyGYLUmEumVT5sjsOrKQXDaEjXfYpDzr7BsdrMvVhVByfMKlqlQ&amp;oh=00_AQKqU3mzhZthGBRoTXGyp6pxonVufVBaa_91vsL1teVZeg&amp;oe=6A9F184A&quot;,&quot;150&quot;:&quot;https:\\\/\\\/scontent-mad1-1.cdninstagram.com\\\/v\\\/t51.82787-15\\\/755870514_18081043184671493_5818687482967711029_n.jpg?stp=dst-jpg_e35_tt6&amp;_nc_cat=103&amp;ccb=7-5&amp;_nc_sid=18de74&amp;efg=eyJlZmdfdGFnIjoiQ0FST1VTRUxfSVRFTS5iZXN0X2ltYWdlX3VybGdlbi5DMyJ9&amp;_nc_ohc=H5CVXqKrvPoQ7kNvwHeLwpH&amp;_nc_oc=Adp9d24-LGv0LQAVuAUSsrsRbpKB4Lvs0sFnbtP5iuESvK1Dc4ev9Q4vgbCDovlq2mY&amp;_nc_zt=23&amp;_nc_ht=scontent-mad1-1.cdninstagram.com&amp;edm=ANo9K5cEAAAA&amp;_nc_gid=WGPGNTB4sOa6iY8ggNoVPA&amp;_nc_tpa=Q5bMBQI9mjOmZO6wh0hweTVzPXKH9lDWyGYLUmEumVT5sjsOrKQXDaEjXfYpDzr7BsdrMvVhVByfMKlqlQ&amp;oh=00_AQKqU3mzhZthGBRoTXGyp6pxonVufVBaa_91vsL1teVZeg&amp;oe=6A9F184A&quot;,&quot;320&quot;:&quot;https:\\\/\\\/scontent-mad1-1.cdninstagram.com\\\/v\\\/t51.82787-15\\\/755870514_18081043184671493_5818687482967711029_n.jpg?stp=dst-jpg_e35_tt6&amp;_nc_cat=103&amp;ccb=7-5&amp;_nc_sid=18de74&amp;efg=eyJlZmdfdGFnIjoiQ0FST1VTRUxfSVRFTS5iZXN0X2ltYWdlX3VybGdlbi5DMyJ9&amp;_nc_ohc=H5CVXqKrvPoQ7kNvwHeLwpH&amp;_nc_oc=Adp9d24-LGv0LQAVuAUSsrsRbpKB4Lvs0sFnbtP5iuESvK1Dc4ev9Q4vgbCDovlq2mY&amp;_nc_zt=23&amp;_nc_ht=scontent-mad1-1.cdninstagram.com&amp;edm=ANo9K5cEAAAA&amp;_nc_gid=WGPGNTB4sOa6iY8ggNoVPA&amp;_nc_tpa=Q5bMBQI9mjOmZO6wh0hweTVzPXKH9lDWyGYLUmEumVT5sjsOrKQXDaEjXfYpDzr7BsdrMvVhVByfMKlqlQ&amp;oh=00_AQKqU3mzhZthGBRoTXGyp6pxonVufVBaa_91vsL1teVZeg&amp;oe=6A9F184A&quot;,&quot;640&quot;:&quot;https:\\\/\\\/scontent-mad1-1.cdninstagram.com\\\/v\\\/t51.82787-15\\\/755870514_18081043184671493_5818687482967711029_n.jpg?stp=dst-jpg_e35_tt6&amp;_nc_cat=103&amp;ccb=7-5&amp;_nc_sid=18de74&amp;efg=eyJlZmdfdGFnIjoiQ0FST1VTRUxfSVRFTS5iZXN0X2ltYWdlX3VybGdlbi5DMyJ9&amp;_nc_ohc=H5CVXqKrvPoQ7kNvwHeLwpH&amp;_nc_oc=Adp9d24-LGv0LQAVuAUSsrsRbpKB4Lvs0sFnbtP5iuESvK1Dc4ev9Q4vgbCDovlq2mY&amp;_nc_zt=23&amp;_nc_ht=scontent-mad1-1.cdninstagram.com&amp;edm=ANo9K5cEAAAA&amp;_nc_gid=WGPGNTB4sOa6iY8ggNoVPA&amp;_nc_tpa=Q5bMBQI9mjOmZO6wh0hweTVzPXKH9lDWyGYLUmEumVT5sjsOrKQXDaEjXfYpDzr7BsdrMvVhVByfMKlqlQ&amp;oh=00_AQKqU3mzhZthGBRoTXGyp6pxonVufVBaa_91vsL1teVZeg&amp;oe=6A9F184A&quot;}\"\n\t\t   tabindex=\"-1\">\n\t\t\t<img decoding=\"async\" src=\"https:\/\/pobledellibres.cat\/wp-content\/plugins\/instagram-feed-pro\/img\/placeholder.png\" alt=\"\ud83d\ude0eAquest estiu, cultura a la fresca! Torna el Llibrestiu a Calonge, Poble de Llibres!\n\nUs convidem a celebrar plegats l&#039;estiu amb les llibreries obertes fins a la mitjanit i un concert de versions a c\u00e0rrec de Litus al Cub!\n\n\ud83d\udc49 Dissabte 1 d&#039;agost a partir de les 21 h.\n\ud83d\udccdPla\u00e7a Major\n\n\u2757I recordeu que una estona abans podeu gaudir d&#039;un maridatge entre cervesa i poesia al Birra en Vers. Podeu aconseguir les entrades al link de la bio.\n\nUs hi esperem!\">\n\t\t<\/a>\n\t<\/div>\n\n\n\t\t\n\t\t<div class=\"sbi_info_wrapper\">\n\t\t\t<div class=\"sbi_info \">\n\n\t\t\t\t\n\t\t\t\t<div class=\"sbi_meta_wrap\">\n\t\t\t\t\t\n\t\t\t\t\t\t\t\t\t<\/div>\n\t\t\t<\/div>\n\t\t<\/div>\n\t<\/div>\n\n\t<div class=\"sbi-divider\"><\/div>\n<\/div>\n\t<\/div>\n\n\t<div id=\"sbi_load\" >\n\n\t<div class=\"sbi-screenreader\" aria-live=\"polite\" aria-atomic=\"true\" data-sbi-feed-status><\/div>\n\n\t\t\t<button class=\"sbi_load_btn\"\n\t\t\t\ttype=\"button\"  style=\"background: rgb(243,244,245);color: rgb(44,50,76);\" data-button-hover=\"#E8E8EB\">\n\t\t\t\t\t\t<span\n\t\t\t\tclass=\"sbi_btn_text\" >Load More<\/span>\n\t\t\t<span class=\"sbi_loader sbi_hidden\" style=\"background-color: rgb(255, 255, 255);\" aria-hidden=\"true\"><\/span>\n\t\t<\/button>\n\t\n\t\n<\/div>\n\n\t\t<span class=\"sbi_resized_image_data\" data-feed-id=\"*2\"\n\t\t  data-resized=\"{&quot;18413353339148426&quot;:{&quot;id&quot;:&quot;755870514_18081043184671493_5818687482967711029_n&quot;,&quot;ratio&quot;:&quot;0.80&quot;,&quot;sizes&quot;:{&quot;full&quot;:640,&quot;low&quot;:320,&quot;thumb&quot;:150},&quot;extension&quot;:&quot;.jpg&quot;},&quot;17993984150813473&quot;:{&quot;id&quot;:&quot;758409315_18081961088671493_5265336030736828712_n&quot;,&quot;ratio&quot;:&quot;0.80&quot;,&quot;sizes&quot;:{&quot;full&quot;:640,&quot;low&quot;:320,&quot;thumb&quot;:150},&quot;extension&quot;:&quot;.jpg&quot;},&quot;18106827347033828&quot;:{&quot;id&quot;:&quot;762156657_18082693802671493_876270824465713962_n&quot;,&quot;ratio&quot;:&quot;0.75&quot;,&quot;sizes&quot;:{&quot;full&quot;:640,&quot;low&quot;:320,&quot;thumb&quot;:150},&quot;extension&quot;:&quot;.jpg&quot;},&quot;18349199311172584&quot;:{&quot;id&quot;:&quot;762676985_18083007920671493_4612699496822353233_n&quot;,&quot;ratio&quot;:&quot;0.81&quot;,&quot;sizes&quot;:{&quot;full&quot;:640,&quot;low&quot;:320,&quot;thumb&quot;:150},&quot;extension&quot;:&quot;.jpg&quot;},&quot;18034458581671252&quot;:{&quot;id&quot;:&quot;771616723_18083883638671493_1216851068374834251_n&quot;,&quot;ratio&quot;:&quot;0.80&quot;,&quot;sizes&quot;:{&quot;full&quot;:640,&quot;low&quot;:320,&quot;thumb&quot;:150},&quot;extension&quot;:&quot;.jpg&quot;},&quot;18378657604230117&quot;:{&quot;id&quot;:&quot;775567309_18085036826671493_666190785758511415_n&quot;,&quot;ratio&quot;:&quot;0.80&quot;,&quot;sizes&quot;:{&quot;full&quot;:640,&quot;low&quot;:320,&quot;thumb&quot;:150},&quot;extension&quot;:&quot;.jpg&quot;},&quot;18203691049369161&quot;:{&quot;id&quot;:&quot;786313689_18086117663671493_3888540345060344814_n&quot;,&quot;ratio&quot;:&quot;0.80&quot;,&quot;sizes&quot;:{&quot;full&quot;:640,&quot;low&quot;:320,&quot;thumb&quot;:150},&quot;extension&quot;:&quot;.jpg&quot;},&quot;18004343876972196&quot;:{&quot;id&quot;:&quot;791653651_18087008207671493_3882098513223573143_n&quot;,&quot;ratio&quot;:&quot;0.80&quot;,&quot;sizes&quot;:{&quot;full&quot;:640,&quot;low&quot;:320,&quot;thumb&quot;:150},&quot;extension&quot;:&quot;.jpg&quot;},&quot;17904421191537224&quot;:{&quot;id&quot;:&quot;790993301_18087006725671493_7438609660351467289_n&quot;,&quot;ratio&quot;:&quot;0.80&quot;,&quot;sizes&quot;:{&quot;full&quot;:640,&quot;low&quot;:320,&quot;thumb&quot;:150},&quot;extension&quot;:&quot;.jpg&quot;},&quot;18109319956842678&quot;:{&quot;id&quot;:&quot;792324033_18087339902671493_8079349927119411987_n&quot;,&quot;ratio&quot;:&quot;0.80&quot;,&quot;sizes&quot;:{&quot;full&quot;:640,&quot;low&quot;:320,&quot;thumb&quot;:150},&quot;extension&quot;:&quot;.jpg&quot;}}\">\n\t<\/span>\n\t\n<\/div>\n\n\t<style type=\"text\/css\">\n\t\t\t\t#sb_instagram #sbi_load .sbi_load_btn:focus,\n\t\t#sb_instagram #sbi_load .sbi_load_btn:hover {\n\t\t\toutline: none;\n\t\t\tbox-shadow: inset 0 0 20px 20px#E8E8EB;\n\t\t}\n\n\t\t\t\t\t\t#sb_instagram .sbi_follow_btn a:hover,\n\t\t#sb_instagram .sbi_follow_btn a:focus {\n\t\t\toutline: none;\n\t\t\tbox-shadow: inset 0 0 10px 20px#005B8C;\n\t\t}\n\n\t\t\t<\/style>\n\t<\/div>\n\t\t\t\t\t\t<\/div>\n\t\t\t\t<\/div>\n\t\t\t\t<div class=\"elementor-element elementor-element-3d0394e elementor-align-center elementor-widget elementor-widget-button\" data-id=\"3d0394e\" data-element_type=\"widget\" data-e-type=\"widget\" data-widget_type=\"button.default\">\n\t\t\t\t\t\t\t\t\t\t<a class=\"elementor-button elementor-button-link elementor-size-sm\" href=\"https:\/\/www.instagram.com\/calongepobledellibres\/\" target=\"_blank\">\n\t\t\t\t\t\t<span class=\"elementor-button-content-wrapper\">\n\t\t\t\t\t\t\t\t\t<span class=\"elementor-button-text\">\u00a1\u00danete!<\/span>\n\t\t\t\t\t<\/span>\n\t\t\t\t\t<\/a>\n\t\t\t\t\t\t\t\t<\/div>\n\t\t\t\t\t<\/div>\n\t\t\t\t<\/div>\n\t\t\t\t<\/div>\n\t\t","protected":false},"excerpt":{"rendered":"<p>Vive Calonge,Poble de Llibres Poble de Llibres Calonge, Poble de Llibres es la primera booktown estable de Catalu\u00f1a. Un proyecto que nace en 2021 con el objetivo de revitalizar la vida cultural, social y econ\u00f3mica del municipio y que cuenta con seis librer\u00edas de caracter\u00edsticas diferenciadas. Hay dos generalistas: Rals Llibres y Espai Libelista, y [&hellip;]<\/p>\n","protected":false},"author":1,"featured_media":0,"parent":0,"menu_order":0,"comment_status":"closed","ping_status":"closed","template":"","meta":{"_acf_changed":false,"footnotes":""},"class_list":["post-1286","page","type-page","status-publish","hentry"],"acf":[],"_links":{"self":[{"href":"https:\/\/pobledellibres.cat\/es\/wp-json\/wp\/v2\/pages\/1286","targetHints":{"allow":["GET"]}}],"collection":[{"href":"https:\/\/pobledellibres.cat\/es\/wp-json\/wp\/v2\/pages"}],"about":[{"href":"https:\/\/pobledellibres.cat\/es\/wp-json\/wp\/v2\/types\/page"}],"author":[{"embeddable":true,"href":"https:\/\/pobledellibres.cat\/es\/wp-json\/wp\/v2\/users\/1"}],"replies":[{"embeddable":true,"href":"https:\/\/pobledellibres.cat\/es\/wp-json\/wp\/v2\/comments?post=1286"}],"version-history":[{"count":34,"href":"https:\/\/pobledellibres.cat\/es\/wp-json\/wp\/v2\/pages\/1286\/revisions"}],"predecessor-version":[{"id":1761,"href":"https:\/\/pobledellibres.cat\/es\/wp-json\/wp\/v2\/pages\/1286\/revisions\/1761"}],"wp:attachment":[{"href":"https:\/\/pobledellibres.cat\/es\/wp-json\/wp\/v2\/media?parent=1286"}],"curies":[{"name":"wp","href":"https:\/\/api.w.org\/{rel}","templated":true}]}}